


{"id":4002,"date":"2021-08-11T11:34:29","date_gmt":"2021-08-11T11:34:29","guid":{"rendered":"https:\/\/laorquideadedarwin.com\/?page_id=4002"},"modified":"2021-08-16T06:53:46","modified_gmt":"2021-08-16T06:53:46","slug":"il%c2%b7lustra-el-teu-col%c2%b7le","status":"publish","type":"page","link":"https:\/\/laorquideadedarwin.com\/va\/il%c2%b7lustra-el-teu-col%c2%b7le\/","title":{"rendered":"Il\u00b7lustra el teu col\u00b7le"},"content":{"rendered":"<div class=\"wpb-content-wrapper\"><p>[vc_row][vc_column][vc_icon type=&#8221;typicons&#8221; icon_typicons=&#8221;typcn typcn-edit&#8221; color=&#8221;mulled_wine&#8221; size=&#8221;lg&#8221; align=&#8221;center&#8221; css=&#8221;.vc_custom_1628684317453{margin-bottom: 0px !important;}&#8221;][vc_custom_heading text=&#8221;IL\u00b7LUSTRA EL TEU COL\u00b7LE&#8221; font_container=&#8221;tag:h1|font_size:30px|text_align:center&#8221; google_fonts=&#8221;font_family:Montserrat%3Aregular%2C700|font_style:400%20regular%3A400%3Anormal&#8221;][vc_separator border_width=&#8221;2&#8243;][\/vc_column][\/vc_row][vc_row][vc_column][vc_column_text]Un <strong>projecte d&#8217;educaci\u00f3 ambiental l&#8217;eina de la qual \u00e9s l&#8217;art i la creativitat<\/strong>. Est\u00e0 dirigit a infantil, prim\u00e0ria i secund\u00e0ria. A l&#8217;aula treballem amb els grups les <strong>tem\u00e0tiques ambientals i els continguts triats pel centre<\/strong> (canvi clim\u00e0tic, ecosistemes locals, patrimoni hist\u00f2ric, residus, solidaritat, igualtat). Treballem tots els Objectius de Desenvolupament Sostenible (ODS). A partir d&#8217;aquestes din\u00e0miques <strong>desenvolupem un pla d&#8217;il\u00b7lustraci\u00f3 per a realitzar amb l&#8217;alumnat<\/strong>.<\/p>\n<p>El projecte es pot complementar amb el condicionament ambiental i educatiu: disseny d&#8217;espais verds, horts educatius, jocs infantils\u2026[\/vc_column_text][\/vc_column][\/vc_row][vc_row][vc_column][vc_row_inner css=&#8221;.vc_custom_1618316410895{padding-bottom: 20px !important;}&#8221;][vc_column_inner width=&#8221;1\/2&#8243;][vc_single_image image=&#8221;3993&#8243; img_size=&#8221;full&#8221; style=&#8221;vc_box_outline&#8221;][\/vc_column_inner][vc_column_inner width=&#8221;1\/2&#8243;][vc_single_image image=&#8221;3995&#8243; img_size=&#8221;full&#8221; style=&#8221;vc_box_outline&#8221;][\/vc_column_inner][\/vc_row_inner][\/vc_column][\/vc_row][vc_row content_placement=&#8221;middle&#8221;][vc_column][vc_column_text css=&#8221;.vc_custom_1629096816144{padding-left: 3% !important;}&#8221;]<\/p>\n<div style=\"width: 1080px;\" class=\"wp-video\"><!--[if lt IE 9]><script>document.createElement('video');<\/script><![endif]-->\n<video class=\"wp-video-shortcode\" id=\"video-4002-1\" width=\"1080\" height=\"1080\" poster=\"https:\/\/laorquideadedarwin.com\/wp-content\/uploads\/2021\/04\/poster_mural.jpg\" preload=\"metadata\" controls=\"controls\"><source type=\"video\/mp4\" src=\"https:\/\/laorquideadedarwin.com\/wp-content\/uploads\/2021\/04\/mural_ilustra_cole.mp4?_=1\" \/><a href=\"https:\/\/laorquideadedarwin.com\/wp-content\/uploads\/2021\/04\/mural_ilustra_cole.mp4\">https:\/\/laorquideadedarwin.com\/wp-content\/uploads\/2021\/04\/mural_ilustra_cole.mp4<\/a><\/video><\/div>\n<p>[\/vc_column_text][\/vc_column][\/vc_row]<\/p>\n<\/div>","protected":false},"excerpt":{"rendered":"<p>[vc_row][vc_column][vc_icon type=&#8221;typicons&#8221; icon_typicons=&#8221;typcn typcn-edit&#8221; color=&#8221;mulled_wine&#8221; size=&#8221;lg&#8221; align=&#8221;center&#8221; css=&#8221;.vc_custom_1628684317453{margin-bottom: 0px !important;}&#8221;][vc_custom_heading text=&#8221;IL\u00b7LUSTRA EL TEU COL\u00b7LE&#8221; font_container=&#8221;tag:h1|font_size:30px|text_align:center&#8221; google_fonts=&#8221;font_family:Montserrat%3Aregular%2C700|font_style:400%20regular%3A400%3Anormal&#8221;][vc_separator border_width=&#8221;2&#8243;][\/vc_column][\/vc_row][vc_row][vc_column][vc_column_text]Un projecte d&#8217;educaci\u00f3 ambiental [&hellip;]<\/p>\n","protected":false},"author":1,"featured_media":0,"parent":0,"menu_order":0,"comment_status":"closed","ping_status":"closed","template":"","meta":{"_acf_changed":false,"footnotes":""},"class_list":["post-4002","page","type-page","status-publish","hentry"],"acf":[],"yoast_head":"<!-- This site is optimized with the Yoast SEO plugin v26.7 - https:\/\/yoast.com\/wordpress\/plugins\/seo\/ -->\n<title>Il\u00b7lustra el teu col\u00b7le - La Orqu\u00eddea de Darwin<\/title>\n<meta name=\"robots\" content=\"index, follow, max-snippet:-1, max-image-preview:large, max-video-preview:-1\" \/>\n<link rel=\"canonical\" href=\"https:\/\/laorquideadedarwin.com\/va\/il\u00b7lustra-el-teu-col\u00b7le\/\" \/>\n<meta property=\"og:locale\" content=\"en_US\" \/>\n<meta property=\"og:type\" content=\"article\" \/>\n<meta property=\"og:title\" content=\"Il\u00b7lustra el teu col\u00b7le - La Orqu\u00eddea de Darwin\" \/>\n<meta property=\"og:description\" content=\"[vc_row][vc_column][vc_icon type=&#8221;typicons&#8221; icon_typicons=&#8221;typcn typcn-edit&#8221; color=&#8221;mulled_wine&#8221; size=&#8221;lg&#8221; align=&#8221;center&#8221; css=&#8221;.vc_custom_1628684317453{margin-bottom: 0px !important;}&#8221;][vc_custom_heading text=&#8221;IL\u00b7LUSTRA EL TEU COL\u00b7LE&#8221; font_container=&#8221;tag:h1|font_size:30px|text_align:center&#8221; google_fonts=&#8221;font_family:Montserrat%3Aregular%2C700|font_style:400%20regular%3A400%3Anormal&#8221;][vc_separator border_width=&#8221;2&#8243;][\/vc_column][\/vc_row][vc_row][vc_column][vc_column_text]Un projecte d&#8217;educaci\u00f3 ambiental [&hellip;]\" \/>\n<meta property=\"og:url\" content=\"https:\/\/laorquideadedarwin.com\/va\/il\u00b7lustra-el-teu-col\u00b7le\/\" \/>\n<meta property=\"og:site_name\" content=\"La Orqu\u00eddea de Darwin\" \/>\n<meta property=\"article:modified_time\" content=\"2021-08-16T06:53:46+00:00\" \/>\n<meta name=\"twitter:card\" content=\"summary_large_image\" \/>\n<meta name=\"twitter:label1\" content=\"Est. reading time\" \/>\n\t<meta name=\"twitter:data1\" content=\"1 minute\" \/>\n<script type=\"application\/ld+json\" class=\"yoast-schema-graph\">{\"@context\":\"https:\/\/schema.org\",\"@graph\":[{\"@type\":\"WebPage\",\"@id\":\"https:\/\/laorquideadedarwin.com\/va\/il%c2%b7lustra-el-teu-col%c2%b7le\/\",\"url\":\"https:\/\/laorquideadedarwin.com\/va\/il%c2%b7lustra-el-teu-col%c2%b7le\/\",\"name\":\"Il\u00b7lustra el teu col\u00b7le - La Orqu\u00eddea de Darwin\",\"isPartOf\":{\"@id\":\"https:\/\/laorquideadedarwin.com\/#website\"},\"datePublished\":\"2021-08-11T11:34:29+00:00\",\"dateModified\":\"2021-08-16T06:53:46+00:00\",\"breadcrumb\":{\"@id\":\"https:\/\/laorquideadedarwin.com\/va\/il%c2%b7lustra-el-teu-col%c2%b7le\/#breadcrumb\"},\"inLanguage\":\"ca\",\"potentialAction\":[{\"@type\":\"ReadAction\",\"target\":[\"https:\/\/laorquideadedarwin.com\/va\/il%c2%b7lustra-el-teu-col%c2%b7le\/\"]}]},{\"@type\":\"BreadcrumbList\",\"@id\":\"https:\/\/laorquideadedarwin.com\/va\/il%c2%b7lustra-el-teu-col%c2%b7le\/#breadcrumb\",\"itemListElement\":[{\"@type\":\"ListItem\",\"position\":1,\"name\":\"Portada\",\"item\":\"https:\/\/laorquideadedarwin.com\/va\/\"},{\"@type\":\"ListItem\",\"position\":2,\"name\":\"Il\u00b7lustra el teu col\u00b7le\"}]},{\"@type\":\"WebSite\",\"@id\":\"https:\/\/laorquideadedarwin.com\/#website\",\"url\":\"https:\/\/laorquideadedarwin.com\/\",\"name\":\"La Orqu\u00eddea de Darwin\",\"description\":\"Colecci\u00f3n de cuentos sobre temas ambientales\",\"potentialAction\":[{\"@type\":\"SearchAction\",\"target\":{\"@type\":\"EntryPoint\",\"urlTemplate\":\"https:\/\/laorquideadedarwin.com\/?s={search_term_string}\"},\"query-input\":{\"@type\":\"PropertyValueSpecification\",\"valueRequired\":true,\"valueName\":\"search_term_string\"}}],\"inLanguage\":\"ca\"}]}<\/script>\n<!-- \/ Yoast SEO plugin. -->","yoast_head_json":{"title":"Il\u00b7lustra el teu col\u00b7le - La Orqu\u00eddea de Darwin","robots":{"index":"index","follow":"follow","max-snippet":"max-snippet:-1","max-image-preview":"max-image-preview:large","max-video-preview":"max-video-preview:-1"},"canonical":"https:\/\/laorquideadedarwin.com\/va\/il\u00b7lustra-el-teu-col\u00b7le\/","og_locale":"en_US","og_type":"article","og_title":"Il\u00b7lustra el teu col\u00b7le - La Orqu\u00eddea de Darwin","og_description":"[vc_row][vc_column][vc_icon type=&#8221;typicons&#8221; icon_typicons=&#8221;typcn typcn-edit&#8221; color=&#8221;mulled_wine&#8221; size=&#8221;lg&#8221; align=&#8221;center&#8221; css=&#8221;.vc_custom_1628684317453{margin-bottom: 0px !important;}&#8221;][vc_custom_heading text=&#8221;IL\u00b7LUSTRA EL TEU COL\u00b7LE&#8221; font_container=&#8221;tag:h1|font_size:30px|text_align:center&#8221; google_fonts=&#8221;font_family:Montserrat%3Aregular%2C700|font_style:400%20regular%3A400%3Anormal&#8221;][vc_separator border_width=&#8221;2&#8243;][\/vc_column][\/vc_row][vc_row][vc_column][vc_column_text]Un projecte d&#8217;educaci\u00f3 ambiental [&hellip;]","og_url":"https:\/\/laorquideadedarwin.com\/va\/il\u00b7lustra-el-teu-col\u00b7le\/","og_site_name":"La Orqu\u00eddea de Darwin","article_modified_time":"2021-08-16T06:53:46+00:00","twitter_card":"summary_large_image","twitter_misc":{"Est. reading time":"1 minute"},"schema":{"@context":"https:\/\/schema.org","@graph":[{"@type":"WebPage","@id":"https:\/\/laorquideadedarwin.com\/va\/il%c2%b7lustra-el-teu-col%c2%b7le\/","url":"https:\/\/laorquideadedarwin.com\/va\/il%c2%b7lustra-el-teu-col%c2%b7le\/","name":"Il\u00b7lustra el teu col\u00b7le - La Orqu\u00eddea de Darwin","isPartOf":{"@id":"https:\/\/laorquideadedarwin.com\/#website"},"datePublished":"2021-08-11T11:34:29+00:00","dateModified":"2021-08-16T06:53:46+00:00","breadcrumb":{"@id":"https:\/\/laorquideadedarwin.com\/va\/il%c2%b7lustra-el-teu-col%c2%b7le\/#breadcrumb"},"inLanguage":"ca","potentialAction":[{"@type":"ReadAction","target":["https:\/\/laorquideadedarwin.com\/va\/il%c2%b7lustra-el-teu-col%c2%b7le\/"]}]},{"@type":"BreadcrumbList","@id":"https:\/\/laorquideadedarwin.com\/va\/il%c2%b7lustra-el-teu-col%c2%b7le\/#breadcrumb","itemListElement":[{"@type":"ListItem","position":1,"name":"Portada","item":"https:\/\/laorquideadedarwin.com\/va\/"},{"@type":"ListItem","position":2,"name":"Il\u00b7lustra el teu col\u00b7le"}]},{"@type":"WebSite","@id":"https:\/\/laorquideadedarwin.com\/#website","url":"https:\/\/laorquideadedarwin.com\/","name":"La Orqu\u00eddea de Darwin","description":"Colecci\u00f3n de cuentos sobre temas ambientales","potentialAction":[{"@type":"SearchAction","target":{"@type":"EntryPoint","urlTemplate":"https:\/\/laorquideadedarwin.com\/?s={search_term_string}"},"query-input":{"@type":"PropertyValueSpecification","valueRequired":true,"valueName":"search_term_string"}}],"inLanguage":"ca"}]}},"_links":{"self":[{"href":"https:\/\/laorquideadedarwin.com\/va\/wp-json\/wp\/v2\/pages\/4002","targetHints":{"allow":["GET"]}}],"collection":[{"href":"https:\/\/laorquideadedarwin.com\/va\/wp-json\/wp\/v2\/pages"}],"about":[{"href":"https:\/\/laorquideadedarwin.com\/va\/wp-json\/wp\/v2\/types\/page"}],"author":[{"embeddable":true,"href":"https:\/\/laorquideadedarwin.com\/va\/wp-json\/wp\/v2\/users\/1"}],"replies":[{"embeddable":true,"href":"https:\/\/laorquideadedarwin.com\/va\/wp-json\/wp\/v2\/comments?post=4002"}],"version-history":[{"count":3,"href":"https:\/\/laorquideadedarwin.com\/va\/wp-json\/wp\/v2\/pages\/4002\/revisions"}],"predecessor-version":[{"id":4028,"href":"https:\/\/laorquideadedarwin.com\/va\/wp-json\/wp\/v2\/pages\/4002\/revisions\/4028"}],"wp:attachment":[{"href":"https:\/\/laorquideadedarwin.com\/va\/wp-json\/wp\/v2\/media?parent=4002"}],"curies":[{"name":"wp","href":"https:\/\/api.w.org\/{rel}","templated":true}]}}