


{"id":1012,"date":"2018-03-01T14:10:04","date_gmt":"2018-03-01T14:10:04","guid":{"rendered":"http:\/\/laorquideadedarwin.com\/?page_id=1012"},"modified":"2024-11-29T09:28:55","modified_gmt":"2024-11-29T09:28:55","slug":"inicio-tienda","status":"publish","type":"page","link":"https:\/\/laorquideadedarwin.com\/va\/","title":{"rendered":"Inici"},"content":{"rendered":"<div class=\"wpb-content-wrapper\"><p>[vc_row full_width=&#8221;stretch_row_content_no_spaces&#8221; content_placement=&#8221;middle&#8221; el_class=&#8221;carousel-width-full&#8221;][vc_column][vc_single_image image=&#8221;5548&#8243; img_size=&#8221;full&#8221; alignment=&#8221;center&#8221; onclick=&#8221;custom_link&#8221; css=&#8221;&#8221; link=&#8221;https:\/\/laorquideadedarwin.com\/va\/noticia\/els-llibres-no-moren-historia-i-actualitat-de-la-recuperacio-de-leditorial\/&#8221;][\/vc_column][\/vc_row][vc_row][vc_column][vc_single_image image=&#8221;1564&#8243; img_size=&#8221;large&#8221; alignment=&#8221;center&#8221; css=&#8221;.vc_custom_1523351365761{margin-top: 49px !important;margin-bottom: 68px !important;}&#8221;][vc_column_text css=&#8221;.vc_custom_1624445814077{margin-right: 3% !important;margin-left: 3% !important;}&#8221;]<\/p>\n<p style=\"text-align: center;\">L&#8217;Orqu\u00eddia de Darwin t&#8217;ofereix contes i \u00e0lbums il\u00b7lustrats per a l&#8217;educaci\u00f3 ambiental i el desenvolupament sostenible, per a ajudar-te al fet que les teues filles i fills,\u00a0 o el teu alumnat, aprenguen a gaudir de la naturalesa i de la cultura i a respectar-les. Estem conven\u00e7uts que la lectura ofereix un espai d&#8217;oci divertit, formatiu i enriquidor.<\/p>\n<p style=\"text-align: center;\">Les hist\u00f2ries que ac\u00ed es conten despertaran la seua curiositat i estan repletes de valors humans, per\u00f2 tamb\u00e9 d&#8217;aventures emocionants.<\/p>\n<p>[\/vc_column_text][\/vc_column][\/vc_row][vc_row css=&#8221;.vc_custom_1524144885847{padding-top: 30px !important;padding-bottom: 30px !important;}&#8221;][vc_column]<div class='bks-heading '><h3 class='bks-title'><span style='font-size:18px;color:#8c2d2d;line-height:21px'>NOVETATS<\/span><\/h3><div class='bks_descrition'>Contes divertits per a la sostenibilitat<\/div><\/div><div class='woocommerce bks-product-slider '><div class='carousel-controls'>\n               <div class='owl-prev'>\n                    <a class='prev'><i class='fa fa-angle-left'><\/i><\/a>\n               <\/div>\n               <div class='owl-next'>\n                    <a class='next'><i class='fa fa-angle-right'><\/i><\/a>\n               <\/div>\n              <\/div>\n              <div id='carousel_SeE3s' class='owl-carousel'><div class=\"item post-5789 product type-product status-publish has-post-thumbnail rangos-de-3-a-6-anys product_cat-cambio-climatico-va product_cat-patrimoni-historic product_cat-valors product_tag-amistat product_tag-cambio-climatico-va product_tag-cultura-va product_tag-edicio-castella product_tag-llectura product_tag-problematica-ambiental-va product_tag-solidaridad-va  instock taxable shipping-taxable purchasable product-type-simple\">\n    <div class=\"product-wrap\">\n                        <div class=\"product-image\">\n                             <div class=\"catalog-image\">\n                   <a href=\"https:\/\/laorquideadedarwin.com\/va\/libro\/cuenta-conmigo-ed-valencia\/\">\n                        <img loading=\"lazy\" decoding=\"async\" width=\"216\" height=\"305\" src=\"https:\/\/laorquideadedarwin.com\/wp-content\/uploads\/2025\/12\/Cuenta-conmigo-portada-216x305.jpg\" class=\"attachment-bookstore_product_thumb size-bookstore_product_thumb wp-post-image\" alt=\"\" \/>                        <div class=\"button yith-wcqv-button\" data-product_id=\"5789\">\n                             <i class=\"fa fa-search\"><\/i>\n                        <\/div>\n                   <\/a>\n               <\/div>\n                              <div class=\"product-buttons\">\n                      <div class=\"add-to-cart-btn\"><a href=\"\/va\/wp-json\/wp\/v2\/pages\/1012?add-to-cart=5789\" rel=\"nofollow\" data-product_id=\"5789\" data-product_sku=\"\" data-quantity=\"1\" class=\"button add_to_cart_button ajax_add_to_cart product_type_simple\">Afegir a la cistella<\/a><\/div>                       <div class=\"yith_compare_btn\">\n                                                   <\/div>\n                        \n                 \n                   <\/div>\n               <\/div><!-- end product-image -->\n           <div class=\"product-content\">\n               <h4 class=\"product_title\"><a class=\"bks_product_title_link\" href=\"https:\/\/laorquideadedarwin.com\/va\/libro\/cuenta-conmigo-ed-valencia\/\">Cuenta conmigo. Ed. Valenci\u00e0<\/a><\/h4>\n               \n\t<span class=\"price\"><span class=\"woocs_price_code\" data-currency=\"\" data-redraw-id=\"69f20a6f36dfc\" data-product-id=\"5789\"><span class=\"woocommerce-Price-amount amount\"><span class=\"woocommerce-Price-currencySymbol\">&euro;<\/span>&nbsp;10.00<\/span><\/span><\/span>\n           <\/div><!-- end product-content -->\n\n    <\/div>\n<\/div>\n<div class=\"item post-5534 product type-product status-publish has-post-thumbnail rangos-de-3-a-6-anys rangos-de-6-a-9-anys rangos-de-9-a-12-anys rangos-mes-de-12-anys product_cat-ecologia-va product_cat-historia-va product_cat-sostenibilitat product_tag-edicio-valencia product_tag-historia-va product_tag-mujer-va product_tag-problematica-ambiental-va product_tag-sostenibilidad-va autor-j-albano-lopez last instock taxable shipping-taxable purchasable product-type-simple\">\n    <div class=\"product-wrap\">\n                        <div class=\"product-image\">\n                             <div class=\"catalog-image\">\n                   <a href=\"https:\/\/laorquideadedarwin.com\/va\/libro\/historia-del-medi-ambient-una-historia-de-dones-ed-valencia\/\">\n                        <img loading=\"lazy\" decoding=\"async\" width=\"216\" height=\"305\" src=\"https:\/\/laorquideadedarwin.com\/wp-content\/uploads\/2024\/11\/Historia_Medi_Ambient_Dones_Orquidea_de_Darwin-216x305.jpg\" class=\"attachment-bookstore_product_thumb size-bookstore_product_thumb wp-post-image\" alt=\"Cubierta con Dones protagonista del \u00e1lbum ilustrado Hist\u00f2ria del Medi Ambient\" \/>                        <div class=\"button yith-wcqv-button\" data-product_id=\"5534\">\n                             <i class=\"fa fa-search\"><\/i>\n                        <\/div>\n                   <\/a>\n               <\/div>\n                              <div class=\"product-buttons\">\n                      <div class=\"add-to-cart-btn\"><a href=\"\/va\/wp-json\/wp\/v2\/pages\/1012?add-to-cart=5534\" rel=\"nofollow\" data-product_id=\"5534\" data-product_sku=\"\" data-quantity=\"1\" class=\"button add_to_cart_button ajax_add_to_cart product_type_simple\">Afegir a la cistella<\/a><\/div>                       <div class=\"yith_compare_btn\">\n                                                   <\/div>\n                        \n                 \n                   <\/div>\n               <\/div><!-- end product-image -->\n           <div class=\"product-content\">\n               <h4 class=\"product_title\"><a class=\"bks_product_title_link\" href=\"https:\/\/laorquideadedarwin.com\/va\/libro\/historia-del-medi-ambient-una-historia-de-dones-ed-valencia\/\">Hist\u00f2ria del medi ambient: una hist\u00f2ria de dones. Ed. Valenci\u00e0<\/a><\/h4>\n               \n\t<span class=\"price\"><span class=\"woocs_price_code\" data-currency=\"\" data-redraw-id=\"69f20a6f39626\" data-product-id=\"5534\"><span class=\"woocommerce-Price-amount amount\"><span class=\"woocommerce-Price-currencySymbol\">&euro;<\/span>&nbsp;17.80<\/span><\/span><\/span>\n           <\/div><!-- end product-content -->\n\n    <\/div>\n<\/div>\n<div class=\"item post-5529 product type-product status-publish has-post-thumbnail rangos-de-3-a-6-anys rangos-de-6-a-9-anys rangos-de-9-a-12-anys rangos-mes-de-12-anys product_cat-ecologia-va product_cat-historia-va product_cat-sostenibilitat product_tag-edicio-castella product_tag-historia-va product_tag-mujer-va product_tag-problematica-ambiental-va product_tag-sostenibilidad-va autor-j-albano-lopez  instock taxable shipping-taxable purchasable product-type-simple\">\n    <div class=\"product-wrap\">\n                        <div class=\"product-image\">\n                             <div class=\"catalog-image\">\n                   <a href=\"https:\/\/laorquideadedarwin.com\/va\/libro\/historia-del-medio-ambiente-una-historia-de-mujere-ed-castella\/\">\n                        <img loading=\"lazy\" decoding=\"async\" width=\"216\" height=\"305\" src=\"https:\/\/laorquideadedarwin.com\/wp-content\/uploads\/2024\/11\/Historia_Medio_Ambiente_Mujeres_Orquidea_de_Darwin-216x305.jpg\" class=\"attachment-bookstore_product_thumb size-bookstore_product_thumb wp-post-image\" alt=\"\" \/>                        <div class=\"button yith-wcqv-button\" data-product_id=\"5529\">\n                             <i class=\"fa fa-search\"><\/i>\n                        <\/div>\n                   <\/a>\n               <\/div>\n                              <div class=\"product-buttons\">\n                      <div class=\"add-to-cart-btn\"><a href=\"\/va\/wp-json\/wp\/v2\/pages\/1012?add-to-cart=5529\" rel=\"nofollow\" data-product_id=\"5529\" data-product_sku=\"\" data-quantity=\"1\" class=\"button add_to_cart_button ajax_add_to_cart product_type_simple\">Afegir a la cistella<\/a><\/div>                       <div class=\"yith_compare_btn\">\n                                                   <\/div>\n                        \n                 \n                   <\/div>\n               <\/div><!-- end product-image -->\n           <div class=\"product-content\">\n               <h4 class=\"product_title\"><a class=\"bks_product_title_link\" href=\"https:\/\/laorquideadedarwin.com\/va\/libro\/historia-del-medio-ambiente-una-historia-de-mujere-ed-castella\/\">Hist\u00f2ria del medi ambient: una hist\u00f2ria de dones. Ed. Castell\u00e0<\/a><\/h4>\n               \n\t<span class=\"price\"><span class=\"woocs_price_code\" data-currency=\"\" data-redraw-id=\"69f20a6f3b982\" data-product-id=\"5529\"><span class=\"woocommerce-Price-amount amount\"><span class=\"woocommerce-Price-currencySymbol\">&euro;<\/span>&nbsp;17.80<\/span><\/span><\/span>\n           <\/div><!-- end product-content -->\n\n    <\/div>\n<\/div>\n<div class=\"item post-5522 product type-product status-publish has-post-thumbnail rangos-de-3-a-6-anys rangos-de-6-a-9-anys rangos-de-9-a-12-anys rangos-mes-de-12-anys product_cat-aigua product_cat-biodiversidad-va product_cat-cambio-climatico-va product_cat-consum product_cat-ecologia-va product_cat-residus product_cat-sostenibilitat product_cat-valors product_tag-agricultura-va product_tag-aigua product_tag-alimentacio product_tag-bosc product_tag-cambio-climatico-va product_tag-edicio-valencia product_tag-fauna-va product_tag-plagues product_tag-problematica-ambiental-va product_tag-reutilizacio product_tag-solidaridad-va product_tag-sostenibilidad-va autor-j-albano-lopez last instock taxable shipping-taxable purchasable product-type-simple\">\n    <div class=\"product-wrap\">\n                        <div class=\"product-image\">\n                             <div class=\"catalog-image\">\n                   <a href=\"https:\/\/laorquideadedarwin.com\/va\/libro\/la-vidriola-de-mariola-i-el-canvi-climatic-ed-valencia\/\">\n                        <img loading=\"lazy\" decoding=\"async\" width=\"216\" height=\"305\" src=\"https:\/\/laorquideadedarwin.com\/wp-content\/uploads\/2024\/11\/La_vidriola_-de_-Mariola_i_el_canvi_climatic-216x305.jpg\" class=\"attachment-bookstore_product_thumb size-bookstore_product_thumb wp-post-image\" alt=\"\" \/>                        <div class=\"button yith-wcqv-button\" data-product_id=\"5522\">\n                             <i class=\"fa fa-search\"><\/i>\n                        <\/div>\n                   <\/a>\n               <\/div>\n                              <div class=\"product-buttons\">\n                      <div class=\"add-to-cart-btn\"><a href=\"\/va\/wp-json\/wp\/v2\/pages\/1012?add-to-cart=5522\" rel=\"nofollow\" data-product_id=\"5522\" data-product_sku=\"\" data-quantity=\"1\" class=\"button add_to_cart_button ajax_add_to_cart product_type_simple\">Afegir a la cistella<\/a><\/div>                       <div class=\"yith_compare_btn\">\n                                                   <\/div>\n                        \n                 \n                   <\/div>\n               <\/div><!-- end product-image -->\n           <div class=\"product-content\">\n               <h4 class=\"product_title\"><a class=\"bks_product_title_link\" href=\"https:\/\/laorquideadedarwin.com\/va\/libro\/la-vidriola-de-mariola-i-el-canvi-climatic-ed-valencia\/\">La vidriola de Mariola i el canvi clim\u00e0tic Ed. Valenci\u00e0<\/a><\/h4>\n               \n\t<span class=\"price\"><span class=\"woocs_price_code\" data-currency=\"\" data-redraw-id=\"69f20a6f40706\" data-product-id=\"5522\"><span class=\"woocommerce-Price-amount amount\"><span class=\"woocommerce-Price-currencySymbol\">&euro;<\/span>&nbsp;17.80<\/span><\/span><\/span>\n           <\/div><!-- end product-content -->\n\n    <\/div>\n<\/div>\n<div class=\"item post-5517 product type-product status-publish has-post-thumbnail rangos-de-3-a-6-anys rangos-de-6-a-9-anys rangos-de-9-a-12-anys rangos-mes-de-12-anys product_cat-aigua product_cat-biodiversidad-va product_cat-cambio-climatico-va product_cat-consum product_cat-ecologia-va product_cat-residus product_cat-sostenibilitat product_cat-valors product_tag-agricultura-va product_tag-aigua product_tag-alimentacio product_tag-bosc product_tag-cambio-climatico-va product_tag-edicio-castella product_tag-fauna-va product_tag-plagues product_tag-problematica-ambiental-va product_tag-reutilizacio product_tag-solidaridad-va product_tag-sostenibilidad-va autor-j-albano-lopez  instock taxable shipping-taxable purchasable product-type-simple\">\n    <div class=\"product-wrap\">\n                        <div class=\"product-image\">\n                             <div class=\"catalog-image\">\n                   <a href=\"https:\/\/laorquideadedarwin.com\/va\/libro\/la-vidriola-de-mariola-i-el-canvi-climatic-castella\/\">\n                        <img loading=\"lazy\" decoding=\"async\" width=\"216\" height=\"305\" src=\"https:\/\/laorquideadedarwin.com\/wp-content\/uploads\/2024\/11\/La_hucha_de_Mariola_y_el_cambio_climatico-216x305.jpg\" class=\"attachment-bookstore_product_thumb size-bookstore_product_thumb wp-post-image\" alt=\"\" \/>                        <div class=\"button yith-wcqv-button\" data-product_id=\"5517\">\n                             <i class=\"fa fa-search\"><\/i>\n                        <\/div>\n                   <\/a>\n               <\/div>\n                              <div class=\"product-buttons\">\n                      <div class=\"add-to-cart-btn\"><a href=\"\/va\/wp-json\/wp\/v2\/pages\/1012?add-to-cart=5517\" rel=\"nofollow\" data-product_id=\"5517\" data-product_sku=\"\" data-quantity=\"1\" class=\"button add_to_cart_button ajax_add_to_cart product_type_simple\">Afegir a la cistella<\/a><\/div>                       <div class=\"yith_compare_btn\">\n                                                   <\/div>\n                        \n                 \n                   <\/div>\n               <\/div><!-- end product-image -->\n           <div class=\"product-content\">\n               <h4 class=\"product_title\"><a class=\"bks_product_title_link\" href=\"https:\/\/laorquideadedarwin.com\/va\/libro\/la-vidriola-de-mariola-i-el-canvi-climatic-castella\/\">La vidriola de Mariola i el canvi clim\u00e0tic Ed. Castell\u00e0<\/a><\/h4>\n               \n\t<span class=\"price\"><span class=\"woocs_price_code\" data-currency=\"\" data-redraw-id=\"69f20a6f43234\" data-product-id=\"5517\"><span class=\"woocommerce-Price-amount amount\"><span class=\"woocommerce-Price-currencySymbol\">&euro;<\/span>&nbsp;17.80<\/span><\/span><\/span>\n           <\/div><!-- end product-content -->\n\n    <\/div>\n<\/div>\n<div class=\"item post-5425 product type-product status-publish has-post-thumbnail Personajes-doctora-residu-va product_cat-ecologia-va product_cat-residus product_cat-sostenibilitat product_tag-edicio-valencia product_tag-problematica-ambiental-va product_tag-reciclatge product_tag-residus product_tag-reutilizacio autor-victor-benlloch last instock taxable shipping-taxable purchasable product-type-simple\">\n    <div class=\"product-wrap\">\n                        <div class=\"product-image\">\n                             <div class=\"catalog-image\">\n                   <a href=\"https:\/\/laorquideadedarwin.com\/va\/libro\/la-doctora-residu-el-monstre-del-clavegueram\/\">\n                        <img loading=\"lazy\" decoding=\"async\" width=\"216\" height=\"305\" src=\"https:\/\/laorquideadedarwin.com\/wp-content\/uploads\/2024\/10\/Dra_Residu_Monstre_clavegueram-216x305.jpg\" class=\"attachment-bookstore_product_thumb size-bookstore_product_thumb wp-post-image\" alt=\"\" srcset=\"https:\/\/laorquideadedarwin.com\/wp-content\/uploads\/2024\/10\/Dra_Residu_Monstre_clavegueram-216x305.jpg 216w, https:\/\/laorquideadedarwin.com\/wp-content\/uploads\/2024\/10\/Dra_Residu_Monstre_clavegueram-212x300.jpg 212w, https:\/\/laorquideadedarwin.com\/wp-content\/uploads\/2024\/10\/Dra_Residu_Monstre_clavegueram-294x416.jpg 294w, https:\/\/laorquideadedarwin.com\/wp-content\/uploads\/2024\/10\/Dra_Residu_Monstre_clavegueram-380x538.jpg 380w, https:\/\/laorquideadedarwin.com\/wp-content\/uploads\/2024\/10\/Dra_Residu_Monstre_clavegueram.jpg 673w\" sizes=\"auto, (max-width: 216px) 100vw, 216px\" \/>                        <div class=\"button yith-wcqv-button\" data-product_id=\"5425\">\n                             <i class=\"fa fa-search\"><\/i>\n                        <\/div>\n                   <\/a>\n               <\/div>\n                              <div class=\"product-buttons\">\n                      <div class=\"add-to-cart-btn\"><a href=\"\/va\/wp-json\/wp\/v2\/pages\/1012?add-to-cart=5425\" rel=\"nofollow\" data-product_id=\"5425\" data-product_sku=\"\" data-quantity=\"1\" class=\"button add_to_cart_button ajax_add_to_cart product_type_simple\">Afegir a la cistella<\/a><\/div>                       <div class=\"yith_compare_btn\">\n                                                   <\/div>\n                        \n                 \n                   <\/div>\n               <\/div><!-- end product-image -->\n           <div class=\"product-content\">\n               <h4 class=\"product_title\"><a class=\"bks_product_title_link\" href=\"https:\/\/laorquideadedarwin.com\/va\/libro\/la-doctora-residu-el-monstre-del-clavegueram\/\">La Doctora Residu. El monstre del clavegueram<\/a><\/h4>\n               \n\t<span class=\"price\"><span class=\"woocs_price_code\" data-currency=\"\" data-redraw-id=\"69f20a6f46400\" data-product-id=\"5425\"><span class=\"woocommerce-Price-amount amount\"><span class=\"woocommerce-Price-currencySymbol\">&euro;<\/span>&nbsp;11.75<\/span><\/span><\/span>\n           <\/div><!-- end product-content -->\n\n    <\/div>\n<\/div>\n<div class=\"item post-5415 product type-product status-publish has-post-thumbnail Colecciones-les-aventures-de-belen rangos-de-6-a-9-anys rangos-de-9-a-12-anys product_cat-aigua product_cat-historia-va product_cat-patrimoni-historic product_tag-aigua product_tag-alimentacio product_tag-amistat product_tag-cultura-va product_tag-edicio-valencia product_tag-historia-va autor-j-albano-lopez  instock taxable shipping-taxable purchasable product-type-simple\">\n    <div class=\"product-wrap\">\n                        <div class=\"product-image\">\n                             <div class=\"catalog-image\">\n                   <a href=\"https:\/\/laorquideadedarwin.com\/va\/libro\/betlem-petrie-i-el-misteri-de-la-torre-2ed\/\">\n                        <img loading=\"lazy\" decoding=\"async\" width=\"216\" height=\"305\" src=\"https:\/\/laorquideadedarwin.com\/wp-content\/uploads\/2024\/10\/Betlem_Petrie_misteri_torre_educacio_ambiental-216x305.jpg\" class=\"attachment-bookstore_product_thumb size-bookstore_product_thumb wp-post-image\" alt=\"\" srcset=\"https:\/\/laorquideadedarwin.com\/wp-content\/uploads\/2024\/10\/Betlem_Petrie_misteri_torre_educacio_ambiental-216x305.jpg 216w, https:\/\/laorquideadedarwin.com\/wp-content\/uploads\/2024\/10\/Betlem_Petrie_misteri_torre_educacio_ambiental-212x300.jpg 212w, https:\/\/laorquideadedarwin.com\/wp-content\/uploads\/2024\/10\/Betlem_Petrie_misteri_torre_educacio_ambiental-294x416.jpg 294w, https:\/\/laorquideadedarwin.com\/wp-content\/uploads\/2024\/10\/Betlem_Petrie_misteri_torre_educacio_ambiental-380x538.jpg 380w, https:\/\/laorquideadedarwin.com\/wp-content\/uploads\/2024\/10\/Betlem_Petrie_misteri_torre_educacio_ambiental.jpg 632w\" sizes=\"auto, (max-width: 216px) 100vw, 216px\" \/>                        <div class=\"button yith-wcqv-button\" data-product_id=\"5415\">\n                             <i class=\"fa fa-search\"><\/i>\n                        <\/div>\n                   <\/a>\n               <\/div>\n                              <div class=\"product-buttons\">\n                      <div class=\"add-to-cart-btn\"><a href=\"\/va\/wp-json\/wp\/v2\/pages\/1012?add-to-cart=5415\" rel=\"nofollow\" data-product_id=\"5415\" data-product_sku=\"\" data-quantity=\"1\" class=\"button add_to_cart_button ajax_add_to_cart product_type_simple\">Afegir a la cistella<\/a><\/div>                       <div class=\"yith_compare_btn\">\n                                                   <\/div>\n                        \n                 \n                   <\/div>\n               <\/div><!-- end product-image -->\n           <div class=\"product-content\">\n               <h4 class=\"product_title\"><a class=\"bks_product_title_link\" href=\"https:\/\/laorquideadedarwin.com\/va\/libro\/betlem-petrie-i-el-misteri-de-la-torre-2ed\/\">Betlem Petrie i el misteri de la torre (2\u00aaed)<\/a><\/h4>\n               \n\t<span class=\"price\"><span class=\"woocs_price_code\" data-currency=\"\" data-redraw-id=\"69f20a6f48f09\" data-product-id=\"5415\"><span class=\"woocommerce-Price-amount amount\"><span class=\"woocommerce-Price-currencySymbol\">&euro;<\/span>&nbsp;10.45<\/span><\/span><\/span>\n           <\/div><!-- end product-content -->\n\n    <\/div>\n<\/div>\n<div class=\"item post-4567 product type-product status-publish has-post-thumbnail rangos-de-6-a-9-anys rangos-de-9-a-12-anys product_cat-aigua product_cat-historia-va product_cat-patrimoni-historic product_tag-aigua product_tag-alimentacio product_tag-amistat product_tag-cultura-va product_tag-edicio-valencia product_tag-historia-va autor-j-albano-lopez last outofstock taxable shipping-taxable purchasable product-type-simple\">\n    <div class=\"product-wrap\">\n                        <div class=\"product-image\">\n                             <div class=\"catalog-image\">\n                   <a href=\"https:\/\/laorquideadedarwin.com\/va\/libro\/betlem-petrie-i-el-misteri-de-la-torre\/\">\n                        <img loading=\"lazy\" decoding=\"async\" width=\"216\" height=\"305\" src=\"https:\/\/laorquideadedarwin.com\/wp-content\/uploads\/2024\/10\/Betlem_Petrie_el_misteri_de_la_torre-216x305.jpg\" class=\"attachment-bookstore_product_thumb size-bookstore_product_thumb wp-post-image\" alt=\"\" \/>                        <div class=\"button yith-wcqv-button\" data-product_id=\"4567\">\n                             <i class=\"fa fa-search\"><\/i>\n                        <\/div>\n                   <\/a>\n               <\/div>\n                              <div class=\"product-buttons\">\n                      <div class=\"add-to-cart-btn\"><a href=\"https:\/\/laorquideadedarwin.com\/va\/libro\/betlem-petrie-i-el-misteri-de-la-torre\/\" rel=\"nofollow\" data-product_id=\"4567\" data-product_sku=\"\" data-quantity=\"1\" class=\"button  ajax_add_to_cart product_type_simple\">Llegir m\u00e9s<\/a><\/div>                       <div class=\"yith_compare_btn\">\n                                                   <\/div>\n                        \n                 <div class=\"out-of-stock-label\">Fora d&#039;estoc<\/div>\n                   <\/div>\n               <\/div><!-- end product-image -->\n           <div class=\"product-content\">\n               <h4 class=\"product_title\"><a class=\"bks_product_title_link\" href=\"https:\/\/laorquideadedarwin.com\/va\/libro\/betlem-petrie-i-el-misteri-de-la-torre\/\">Betlem Petrie i el misteri de la torre<\/a><\/h4>\n               \n\t<span class=\"price\"><span class=\"woocs_price_code\" data-currency=\"\" data-redraw-id=\"69f20a6f4b404\" data-product-id=\"4567\"><span class=\"woocommerce-Price-amount amount\"><span class=\"woocommerce-Price-currencySymbol\">&euro;<\/span>&nbsp;10.45<\/span><\/span><\/span>\n           <\/div><!-- end product-content -->\n\n    <\/div>\n<\/div>\n<\/div><\/div>[\/vc_column][\/vc_row][vc_row full_width=&#8221;stretch_row_content_no_spaces&#8221; css=&#8221;.vc_custom_1542879746136{margin-top: 0px !important;margin-right: 0px !important;margin-bottom: 0px !important;margin-left: 0px !important;padding-top: 45px !important;padding-bottom: 45px !important;background-color: #ededed !important;}&#8221;][vc_column]<div class='bks-heading '><h3 class='bks-title'><span style='font-size:18px;color:#333333;line-height:21px'>\u00daLTIMES NOT\u00cdCIES<\/span><\/h3><\/div>[vc_empty_space]<div class=\" noticias-blog-orquidea-shortcode\"><div><div><div class=\"post-grid\"><div class=\"post-thumb\"><a class=\"post-image\" href='https:\/\/laorquideadedarwin.com\/va\/noticia\/historia-del-medi-ambient-una-historia-de-dones\/' tabindex=\"0\"><img loading=\"lazy\" decoding=\"async\" width=\"350\" height=\"140\" src=\"https:\/\/laorquideadedarwin.com\/wp-content\/uploads\/2026\/03\/Mujer_Dona_medio_ambiente_orquidea_de_Darwin.jpg\" class=\"attachment-bookstore_post_slider_thumb size-bookstore_post_slider_thumb wp-post-image\" alt=\"\">        <\/a><\/div><div class=\"post-content\"><div class=\"post-date\">7 mar\u00e7, 2026<\/div><div class=\"post-title\"><a href='https:\/\/laorquideadedarwin.com\/va\/noticia\/historia-del-medi-ambient-una-historia-de-dones\/' tabindex=\"0\">Dotze dones que van canviar la nostra manera d\u2019entendre i defensar la natura.<\/a><\/div><div>Un \u00e1lbum ilustrado recorre tres siglos de historia ambiental, desde las primeras exploraciones cient\u00edficas de la naturaleza hasta el activismo clim\u00e1tico actual. En el que las protagonistas son las mujeres.<\/div><a class=\"read-more btn-link\" href='https:\/\/laorquideadedarwin.com\/va\/noticia\/historia-del-medi-ambient-una-historia-de-dones\/' tabindex=\"0\">Llegeix m\u00e9s <em class=\"fa fa-long-arrow-right\"><\/em><\/a><\/div><\/div><div class=\"post-grid\"><div class=\"post-thumb\"><a class=\"post-image\" href='https:\/\/laorquideadedarwin.com\/va\/noticia\/la-plaza-del-libro-de-alicante-da-vida-a-los-libros-con-cuenta-conmigo\/' tabindex=\"0\"><img loading=\"lazy\" decoding=\"async\" width=\"350\" height=\"140\" src=\"https:\/\/laorquideadedarwin.com\/wp-content\/uploads\/2026\/02\/DANA_Cuenta_comigo_compta_amb_mi_Orquidea_de_darwin-1.jpg\" class=\"attachment-bookstore_post_slider_thumb size-bookstore_post_slider_thumb wp-post-image\" alt=\"\">        <\/a><\/div><div class=\"post-content\"><div class=\"post-date\">18 febrer, 2026<\/div><div class=\"post-title\"><a href='https:\/\/laorquideadedarwin.com\/va\/noticia\/la-plaza-del-libro-de-alicante-da-vida-a-los-libros-con-cuenta-conmigo\/' tabindex=\"0\">La Pla\u00e7a del Llibre d\u2019Alacant dona vida als llibres amb Compta amb mi.<\/a><\/div><div>El pr\u00f2xim diumenge estarem presents en la Pla\u00e7a del Llibre d\u2019Alacant, una de les trobades m\u00e9s significatives en defensa del [&hellip;]<\/div><a class=\"read-more btn-link\" href='https:\/\/laorquideadedarwin.com\/va\/noticia\/la-plaza-del-libro-de-alicante-da-vida-a-los-libros-con-cuenta-conmigo\/' tabindex=\"0\">Llegeix m\u00e9s <em class=\"fa fa-long-arrow-right\"><\/em><\/a><\/div><\/div><div class=\"post-grid\"><div class=\"post-thumb\"><a class=\"post-image\" href='https:\/\/laorquideadedarwin.com\/va\/noticia\/el-libro-se-presento-el-18-de-diciembre-en-el-centro-juan-gil-albert-de-alicante\/' tabindex=\"0\"><img loading=\"lazy\" decoding=\"async\" width=\"350\" height=\"140\" src=\"https:\/\/laorquideadedarwin.com\/wp-content\/uploads\/2025\/12\/Cuenta_comigo_DANA-Orquidea_Darwin.jpg\" class=\"attachment-bookstore_post_slider_thumb size-bookstore_post_slider_thumb wp-post-image\" alt=\"\">        <\/a><\/div><div class=\"post-content\"><div class=\"post-date\">19 desembre, 2025<\/div><div class=\"post-title\"><a href='https:\/\/laorquideadedarwin.com\/va\/noticia\/el-libro-se-presento-el-18-de-diciembre-en-el-centro-juan-gil-albert-de-alicante\/' tabindex=\"0\">La solidaritat arriba a les biblioteques, despr\u00e9s de la DANA, amb un llibre-joc d&#8217;\u00c1ngela Garc\u00eda.<\/a><\/div><div>L&#8217;Institut Alacant\u00ed de Cultura Juan Gil-Albert, ha acollit la presentaci\u00f3 del llibre Cuenta conmigo. Un acte que va comptar amb [&hellip;]<\/div><a class=\"read-more btn-link\" href='https:\/\/laorquideadedarwin.com\/va\/noticia\/el-libro-se-presento-el-18-de-diciembre-en-el-centro-juan-gil-albert-de-alicante\/' tabindex=\"0\">Llegeix m\u00e9s <em class=\"fa fa-long-arrow-right\"><\/em><\/a><\/div><\/div><div style=\"clear:both\"><\/div><\/div><\/div><\/div>[\/vc_column][\/vc_row][vc_row el_id=&#8221;bks-products-slider&#8221; css=&#8221;.vc_custom_1524144931910{padding-top: 40px !important;padding-bottom: 40px !important;}&#8221;][vc_column][vc_tta_tabs active_section=&#8221;1&#8243;][vc_tta_section title=&#8221;Aigua&#8221; tab_id=&#8221;1454667686571-2f652472-e206&#8243;]<div class='woocommerce bks-product-slider '><div class='carousel-controls'>\n               <div class='owl-prev'>\n                    <a class='prev'><i class='fa fa-angle-left'><\/i><\/a>\n               <\/div>\n               <div class='owl-next'>\n                    <a class='next'><i class='fa fa-angle-right'><\/i><\/a>\n               <\/div>\n              <\/div>\n              <div id='carousel_u3vXm' class='owl-carousel'><div class=\"item post-5522 product type-product status-publish has-post-thumbnail rangos-de-3-a-6-anys rangos-de-6-a-9-anys rangos-de-9-a-12-anys rangos-mes-de-12-anys product_cat-aigua product_cat-biodiversidad-va product_cat-cambio-climatico-va product_cat-consum product_cat-ecologia-va product_cat-residus product_cat-sostenibilitat product_cat-valors product_tag-agricultura-va product_tag-aigua product_tag-alimentacio product_tag-bosc product_tag-cambio-climatico-va product_tag-edicio-valencia product_tag-fauna-va product_tag-plagues product_tag-problematica-ambiental-va product_tag-reutilizacio product_tag-solidaridad-va product_tag-sostenibilidad-va autor-j-albano-lopez  instock taxable shipping-taxable purchasable product-type-simple\">\n    <div class=\"product-wrap\">\n                        <div class=\"product-image\">\n                             <div class=\"catalog-image\">\n                   <a href=\"https:\/\/laorquideadedarwin.com\/va\/libro\/la-vidriola-de-mariola-i-el-canvi-climatic-ed-valencia\/\">\n                        <img loading=\"lazy\" decoding=\"async\" width=\"216\" height=\"305\" src=\"https:\/\/laorquideadedarwin.com\/wp-content\/uploads\/2024\/11\/La_vidriola_-de_-Mariola_i_el_canvi_climatic-216x305.jpg\" class=\"attachment-bookstore_product_thumb size-bookstore_product_thumb wp-post-image\" alt=\"\" \/>                        <div class=\"button yith-wcqv-button\" data-product_id=\"5522\">\n                             <i class=\"fa fa-search\"><\/i>\n                        <\/div>\n                   <\/a>\n               <\/div>\n                              <div class=\"product-buttons\">\n                      <div class=\"add-to-cart-btn\"><a href=\"\/va\/wp-json\/wp\/v2\/pages\/1012?add-to-cart=5522\" rel=\"nofollow\" data-product_id=\"5522\" data-product_sku=\"\" data-quantity=\"1\" class=\"button add_to_cart_button ajax_add_to_cart product_type_simple\">Afegir a la cistella<\/a><\/div>                       <div class=\"yith_compare_btn\">\n                                                   <\/div>\n                        \n                 \n                   <\/div>\n               <\/div><!-- end product-image -->\n           <div class=\"product-content\">\n               <h4 class=\"product_title\"><a class=\"bks_product_title_link\" href=\"https:\/\/laorquideadedarwin.com\/va\/libro\/la-vidriola-de-mariola-i-el-canvi-climatic-ed-valencia\/\">La vidriola de Mariola i el canvi clim\u00e0tic Ed. Valenci\u00e0<\/a><\/h4>\n               \n\t<span class=\"price\"><span class=\"woocs_price_code\" data-currency=\"\" data-redraw-id=\"69f20a6f58eb3\" data-product-id=\"5522\"><span class=\"woocommerce-Price-amount amount\"><span class=\"woocommerce-Price-currencySymbol\">&euro;<\/span>&nbsp;17.80<\/span><\/span><\/span>\n           <\/div><!-- end product-content -->\n\n    <\/div>\n<\/div>\n<div class=\"item post-5517 product type-product status-publish has-post-thumbnail rangos-de-3-a-6-anys rangos-de-6-a-9-anys rangos-de-9-a-12-anys rangos-mes-de-12-anys product_cat-aigua product_cat-biodiversidad-va product_cat-cambio-climatico-va product_cat-consum product_cat-ecologia-va product_cat-residus product_cat-sostenibilitat product_cat-valors product_tag-agricultura-va product_tag-aigua product_tag-alimentacio product_tag-bosc product_tag-cambio-climatico-va product_tag-edicio-castella product_tag-fauna-va product_tag-plagues product_tag-problematica-ambiental-va product_tag-reutilizacio product_tag-solidaridad-va product_tag-sostenibilidad-va autor-j-albano-lopez last instock taxable shipping-taxable purchasable product-type-simple\">\n    <div class=\"product-wrap\">\n                        <div class=\"product-image\">\n                             <div class=\"catalog-image\">\n                   <a href=\"https:\/\/laorquideadedarwin.com\/va\/libro\/la-vidriola-de-mariola-i-el-canvi-climatic-castella\/\">\n                        <img loading=\"lazy\" decoding=\"async\" width=\"216\" height=\"305\" src=\"https:\/\/laorquideadedarwin.com\/wp-content\/uploads\/2024\/11\/La_hucha_de_Mariola_y_el_cambio_climatico-216x305.jpg\" class=\"attachment-bookstore_product_thumb size-bookstore_product_thumb wp-post-image\" alt=\"\" \/>                        <div class=\"button yith-wcqv-button\" data-product_id=\"5517\">\n                             <i class=\"fa fa-search\"><\/i>\n                        <\/div>\n                   <\/a>\n               <\/div>\n                              <div class=\"product-buttons\">\n                      <div class=\"add-to-cart-btn\"><a href=\"\/va\/wp-json\/wp\/v2\/pages\/1012?add-to-cart=5517\" rel=\"nofollow\" data-product_id=\"5517\" data-product_sku=\"\" data-quantity=\"1\" class=\"button add_to_cart_button ajax_add_to_cart product_type_simple\">Afegir a la cistella<\/a><\/div>                       <div class=\"yith_compare_btn\">\n                                                   <\/div>\n                        \n                 \n                   <\/div>\n               <\/div><!-- end product-image -->\n           <div class=\"product-content\">\n               <h4 class=\"product_title\"><a class=\"bks_product_title_link\" href=\"https:\/\/laorquideadedarwin.com\/va\/libro\/la-vidriola-de-mariola-i-el-canvi-climatic-castella\/\">La vidriola de Mariola i el canvi clim\u00e0tic Ed. Castell\u00e0<\/a><\/h4>\n               \n\t<span class=\"price\"><span class=\"woocs_price_code\" data-currency=\"\" data-redraw-id=\"69f20a6f5a5ce\" data-product-id=\"5517\"><span class=\"woocommerce-Price-amount amount\"><span class=\"woocommerce-Price-currencySymbol\">&euro;<\/span>&nbsp;17.80<\/span><\/span><\/span>\n           <\/div><!-- end product-content -->\n\n    <\/div>\n<\/div>\n<div class=\"item post-5415 product type-product status-publish has-post-thumbnail Colecciones-les-aventures-de-belen rangos-de-6-a-9-anys rangos-de-9-a-12-anys product_cat-aigua product_cat-historia-va product_cat-patrimoni-historic product_tag-aigua product_tag-alimentacio product_tag-amistat product_tag-cultura-va product_tag-edicio-valencia product_tag-historia-va autor-j-albano-lopez  instock taxable shipping-taxable purchasable product-type-simple\">\n    <div class=\"product-wrap\">\n                        <div class=\"product-image\">\n                             <div class=\"catalog-image\">\n                   <a href=\"https:\/\/laorquideadedarwin.com\/va\/libro\/betlem-petrie-i-el-misteri-de-la-torre-2ed\/\">\n                        <img loading=\"lazy\" decoding=\"async\" width=\"216\" height=\"305\" src=\"https:\/\/laorquideadedarwin.com\/wp-content\/uploads\/2024\/10\/Betlem_Petrie_misteri_torre_educacio_ambiental-216x305.jpg\" class=\"attachment-bookstore_product_thumb size-bookstore_product_thumb wp-post-image\" alt=\"\" srcset=\"https:\/\/laorquideadedarwin.com\/wp-content\/uploads\/2024\/10\/Betlem_Petrie_misteri_torre_educacio_ambiental-216x305.jpg 216w, https:\/\/laorquideadedarwin.com\/wp-content\/uploads\/2024\/10\/Betlem_Petrie_misteri_torre_educacio_ambiental-212x300.jpg 212w, https:\/\/laorquideadedarwin.com\/wp-content\/uploads\/2024\/10\/Betlem_Petrie_misteri_torre_educacio_ambiental-294x416.jpg 294w, https:\/\/laorquideadedarwin.com\/wp-content\/uploads\/2024\/10\/Betlem_Petrie_misteri_torre_educacio_ambiental-380x538.jpg 380w, https:\/\/laorquideadedarwin.com\/wp-content\/uploads\/2024\/10\/Betlem_Petrie_misteri_torre_educacio_ambiental.jpg 632w\" sizes=\"auto, (max-width: 216px) 100vw, 216px\" \/>                        <div class=\"button yith-wcqv-button\" data-product_id=\"5415\">\n                             <i class=\"fa fa-search\"><\/i>\n                        <\/div>\n                   <\/a>\n               <\/div>\n                              <div class=\"product-buttons\">\n                      <div class=\"add-to-cart-btn\"><a href=\"\/va\/wp-json\/wp\/v2\/pages\/1012?add-to-cart=5415\" rel=\"nofollow\" data-product_id=\"5415\" data-product_sku=\"\" data-quantity=\"1\" class=\"button add_to_cart_button ajax_add_to_cart product_type_simple\">Afegir a la cistella<\/a><\/div>                       <div class=\"yith_compare_btn\">\n                                                   <\/div>\n                        \n                 \n                   <\/div>\n               <\/div><!-- end product-image -->\n           <div class=\"product-content\">\n               <h4 class=\"product_title\"><a class=\"bks_product_title_link\" href=\"https:\/\/laorquideadedarwin.com\/va\/libro\/betlem-petrie-i-el-misteri-de-la-torre-2ed\/\">Betlem Petrie i el misteri de la torre (2\u00aaed)<\/a><\/h4>\n               \n\t<span class=\"price\"><span class=\"woocs_price_code\" data-currency=\"\" data-redraw-id=\"69f20a6f5bc73\" data-product-id=\"5415\"><span class=\"woocommerce-Price-amount amount\"><span class=\"woocommerce-Price-currencySymbol\">&euro;<\/span>&nbsp;10.45<\/span><\/span><\/span>\n           <\/div><!-- end product-content -->\n\n    <\/div>\n<\/div>\n<div class=\"item post-4567 product type-product status-publish has-post-thumbnail rangos-de-6-a-9-anys rangos-de-9-a-12-anys product_cat-aigua product_cat-historia-va product_cat-patrimoni-historic product_tag-aigua product_tag-alimentacio product_tag-amistat product_tag-cultura-va product_tag-edicio-valencia product_tag-historia-va autor-j-albano-lopez last outofstock taxable shipping-taxable purchasable product-type-simple\">\n    <div class=\"product-wrap\">\n                        <div class=\"product-image\">\n                             <div class=\"catalog-image\">\n                   <a href=\"https:\/\/laorquideadedarwin.com\/va\/libro\/betlem-petrie-i-el-misteri-de-la-torre\/\">\n                        <img loading=\"lazy\" decoding=\"async\" width=\"216\" height=\"305\" src=\"https:\/\/laorquideadedarwin.com\/wp-content\/uploads\/2024\/10\/Betlem_Petrie_el_misteri_de_la_torre-216x305.jpg\" class=\"attachment-bookstore_product_thumb size-bookstore_product_thumb wp-post-image\" alt=\"\" \/>                        <div class=\"button yith-wcqv-button\" data-product_id=\"4567\">\n                             <i class=\"fa fa-search\"><\/i>\n                        <\/div>\n                   <\/a>\n               <\/div>\n                              <div class=\"product-buttons\">\n                      <div class=\"add-to-cart-btn\"><a href=\"https:\/\/laorquideadedarwin.com\/va\/libro\/betlem-petrie-i-el-misteri-de-la-torre\/\" rel=\"nofollow\" data-product_id=\"4567\" data-product_sku=\"\" data-quantity=\"1\" class=\"button  ajax_add_to_cart product_type_simple\">Llegir m\u00e9s<\/a><\/div>                       <div class=\"yith_compare_btn\">\n                                                   <\/div>\n                        \n                 <div class=\"out-of-stock-label\">Fora d&#039;estoc<\/div>\n                   <\/div>\n               <\/div><!-- end product-image -->\n           <div class=\"product-content\">\n               <h4 class=\"product_title\"><a class=\"bks_product_title_link\" href=\"https:\/\/laorquideadedarwin.com\/va\/libro\/betlem-petrie-i-el-misteri-de-la-torre\/\">Betlem Petrie i el misteri de la torre<\/a><\/h4>\n               \n\t<span class=\"price\"><span class=\"woocs_price_code\" data-currency=\"\" data-redraw-id=\"69f20a6f5d471\" data-product-id=\"4567\"><span class=\"woocommerce-Price-amount amount\"><span class=\"woocommerce-Price-currencySymbol\">&euro;<\/span>&nbsp;10.45<\/span><\/span><\/span>\n           <\/div><!-- end product-content -->\n\n    <\/div>\n<\/div>\n<div class=\"item post-4452 product type-product status-publish has-post-thumbnail rangos-de-6-a-9-anys rangos-de-9-a-12-anys product_cat-aigua product_cat-biodiversidad-va product_cat-ecologia-va product_cat-patrimoni-historic product_tag-albufera-va product_tag-amistat product_tag-cultura-va product_tag-edicio-valencia product_tag-fauna-va product_tag-historia-va autor-albert-hernandez-i-xulvi  instock taxable shipping-taxable purchasable product-type-simple\">\n    <div class=\"product-wrap\">\n                        <div class=\"product-image\">\n                             <div class=\"catalog-image\">\n                   <a href=\"https:\/\/laorquideadedarwin.com\/va\/libro\/estiu-a-lalbufera\/\">\n                        <img loading=\"lazy\" decoding=\"async\" width=\"216\" height=\"305\" src=\"https:\/\/laorquideadedarwin.com\/wp-content\/uploads\/2023\/06\/estiu_albufera_cuento_Albert_hernandez-216x305.jpg\" class=\"attachment-bookstore_product_thumb size-bookstore_product_thumb wp-post-image\" alt=\"\" \/>                        <div class=\"button yith-wcqv-button\" data-product_id=\"4452\">\n                             <i class=\"fa fa-search\"><\/i>\n                        <\/div>\n                   <\/a>\n               <\/div>\n                              <div class=\"product-buttons\">\n                      <div class=\"add-to-cart-btn\"><a href=\"\/va\/wp-json\/wp\/v2\/pages\/1012?add-to-cart=4452\" rel=\"nofollow\" data-product_id=\"4452\" data-product_sku=\"\" data-quantity=\"1\" class=\"button add_to_cart_button ajax_add_to_cart product_type_simple\">Afegir a la cistella<\/a><\/div>                       <div class=\"yith_compare_btn\">\n                                                   <\/div>\n                        \n                 \n                   <\/div>\n               <\/div><!-- end product-image -->\n           <div class=\"product-content\">\n               <h4 class=\"product_title\"><a class=\"bks_product_title_link\" href=\"https:\/\/laorquideadedarwin.com\/va\/libro\/estiu-a-lalbufera\/\">Estiu a l\u2019Albufera<\/a><\/h4>\n               \n\t<span class=\"price\"><span class=\"woocs_price_code\" data-currency=\"\" data-redraw-id=\"69f20a6f5fce3\" data-product-id=\"4452\"><span class=\"woocommerce-Price-amount amount\"><span class=\"woocommerce-Price-currencySymbol\">&euro;<\/span>&nbsp;8.95<\/span><\/span><\/span>\n           <\/div><!-- end product-content -->\n\n    <\/div>\n<\/div>\n<div class=\"item post-3598 product type-product status-publish has-post-thumbnail rangos-de-6-a-9-anys rangos-de-9-a-12-anys product_cat-aigua product_cat-biodiversidad-va product_cat-ecologia-va product_tag-aigua product_tag-amistat product_tag-edicio-castella product_tag-fauna-va product_tag-residus product_tag-xarxa-trofica autor-david-lopez autor-juan-pedro-fernandez last instock taxable shipping-taxable purchasable product-type-simple\">\n    <div class=\"product-wrap\">\n                        <div class=\"product-image\">\n                             <div class=\"catalog-image\">\n                   <a href=\"https:\/\/laorquideadedarwin.com\/va\/libro\/trico-la-vida-bajo-el-agua\/\">\n                        <img loading=\"lazy\" decoding=\"async\" width=\"216\" height=\"305\" src=\"https:\/\/laorquideadedarwin.com\/wp-content\/uploads\/2021\/04\/Cubierta_Trico-216x305.jpg\" class=\"attachment-bookstore_product_thumb size-bookstore_product_thumb wp-post-image\" alt=\"\" \/>                        <div class=\"button yith-wcqv-button\" data-product_id=\"3598\">\n                             <i class=\"fa fa-search\"><\/i>\n                        <\/div>\n                   <\/a>\n               <\/div>\n                              <div class=\"product-buttons\">\n                      <div class=\"add-to-cart-btn\"><a href=\"\/va\/wp-json\/wp\/v2\/pages\/1012?add-to-cart=3598\" rel=\"nofollow\" data-product_id=\"3598\" data-product_sku=\"\" data-quantity=\"1\" class=\"button add_to_cart_button ajax_add_to_cart product_type_simple\">Afegir a la cistella<\/a><\/div>                       <div class=\"yith_compare_btn\">\n                                                   <\/div>\n                        \n                 \n                   <\/div>\n               <\/div><!-- end product-image -->\n           <div class=\"product-content\">\n               <h4 class=\"product_title\"><a class=\"bks_product_title_link\" href=\"https:\/\/laorquideadedarwin.com\/va\/libro\/trico-la-vida-bajo-el-agua\/\">Trico. La vida bajo el agua<\/a><\/h4>\n               \n\t<span class=\"price\"><span class=\"woocs_price_code\" data-currency=\"\" data-redraw-id=\"69f20a6f61dff\" data-product-id=\"3598\"><span class=\"woocommerce-Price-amount amount\"><span class=\"woocommerce-Price-currencySymbol\">&euro;<\/span>&nbsp;9.95<\/span><\/span><\/span>\n           <\/div><!-- end product-content -->\n\n    <\/div>\n<\/div>\n<div class=\"item post-1155 product type-product status-publish has-post-thumbnail Colecciones-les-aventures-de-belen rangos-de-9-a-12-anys product_cat-aigua product_tag-aigua product_tag-edicio-castella product_tag-egipte product_tag-problematica-ambiental-va autor-j-albano-lopez autor-marina-pinilla  instock taxable shipping-taxable purchasable product-type-simple\">\n    <div class=\"product-wrap\">\n                        <div class=\"product-image\">\n                             <div class=\"catalog-image\">\n                   <a href=\"https:\/\/laorquideadedarwin.com\/va\/libro\/lamenaca-terrestre-edicio-castella\/\">\n                        <img loading=\"lazy\" decoding=\"async\" width=\"216\" height=\"305\" src=\"https:\/\/laorquideadedarwin.com\/wp-content\/uploads\/2017\/12\/portada_web_amenazaterrestre_ok2018-216x305.jpg\" class=\"attachment-bookstore_product_thumb size-bookstore_product_thumb wp-post-image\" alt=\"portada nueva amenaza terrestre nueva junio 2018\" \/>                        <div class=\"button yith-wcqv-button\" data-product_id=\"1155\">\n                             <i class=\"fa fa-search\"><\/i>\n                        <\/div>\n                   <\/a>\n               <\/div>\n                              <div class=\"product-buttons\">\n                      <div class=\"add-to-cart-btn\"><a href=\"\/va\/wp-json\/wp\/v2\/pages\/1012?add-to-cart=1155\" rel=\"nofollow\" data-product_id=\"1155\" data-product_sku=\"\" data-quantity=\"1\" class=\"button add_to_cart_button ajax_add_to_cart product_type_simple\">Afegir a la cistella<\/a><\/div>                       <div class=\"yith_compare_btn\">\n                                                   <\/div>\n                        \n                 \n                   <\/div>\n               <\/div><!-- end product-image -->\n           <div class=\"product-content\">\n               <h4 class=\"product_title\"><a class=\"bks_product_title_link\" href=\"https:\/\/laorquideadedarwin.com\/va\/libro\/lamenaca-terrestre-edicio-castella\/\">La amenaza terrestre<\/a><\/h4>\n               <div class=\"star-rating\" role=\"img\" aria-label=\"Puntuat amb 5.00 de 5\"><span style=\"width:100%\">Puntuat amb <strong class=\"rating\">5.00<\/strong> de 5<\/span><\/div>\n\t<span class=\"price\"><span class=\"woocs_price_code\" data-currency=\"\" data-redraw-id=\"69f20a6f64023\" data-product-id=\"1155\"><span class=\"woocommerce-Price-amount amount\"><span class=\"woocommerce-Price-currencySymbol\">&euro;<\/span>&nbsp;10.45<\/span><\/span><\/span>\n           <\/div><!-- end product-content -->\n\n    <\/div>\n<\/div>\n<\/div><\/div>[\/vc_tta_section][vc_tta_section title=&#8221;Economia&#8221; tab_id=&#8221;1612365866532-fc60a69e-1563&#8243;]No Products[\/vc_tta_section][vc_tta_section title=&#8221;Hist\u00f2ria&#8221; tab_id=&#8221;1612365884611-3bbd6d8f-0656&#8243;]<div class='woocommerce bks-product-slider '><div class='carousel-controls'>\n               <div class='owl-prev'>\n                    <a class='prev'><i class='fa fa-angle-left'><\/i><\/a>\n               <\/div>\n               <div class='owl-next'>\n                    <a class='next'><i class='fa fa-angle-right'><\/i><\/a>\n               <\/div>\n              <\/div>\n              <div id='carousel_IPs3R' class='owl-carousel'><div class=\"item post-5534 product type-product status-publish has-post-thumbnail rangos-de-3-a-6-anys rangos-de-6-a-9-anys rangos-de-9-a-12-anys rangos-mes-de-12-anys product_cat-ecologia-va product_cat-historia-va product_cat-sostenibilitat product_tag-edicio-valencia product_tag-historia-va product_tag-mujer-va product_tag-problematica-ambiental-va product_tag-sostenibilidad-va autor-j-albano-lopez last instock taxable shipping-taxable purchasable product-type-simple\">\n    <div class=\"product-wrap\">\n                        <div class=\"product-image\">\n                             <div class=\"catalog-image\">\n                   <a href=\"https:\/\/laorquideadedarwin.com\/va\/libro\/historia-del-medi-ambient-una-historia-de-dones-ed-valencia\/\">\n                        <img loading=\"lazy\" decoding=\"async\" width=\"216\" height=\"305\" src=\"https:\/\/laorquideadedarwin.com\/wp-content\/uploads\/2024\/11\/Historia_Medi_Ambient_Dones_Orquidea_de_Darwin-216x305.jpg\" class=\"attachment-bookstore_product_thumb size-bookstore_product_thumb wp-post-image\" alt=\"Cubierta con Dones protagonista del \u00e1lbum ilustrado Hist\u00f2ria del Medi Ambient\" \/>                        <div class=\"button yith-wcqv-button\" data-product_id=\"5534\">\n                             <i class=\"fa fa-search\"><\/i>\n                        <\/div>\n                   <\/a>\n               <\/div>\n                              <div class=\"product-buttons\">\n                      <div class=\"add-to-cart-btn\"><a href=\"\/va\/wp-json\/wp\/v2\/pages\/1012?add-to-cart=5534\" rel=\"nofollow\" data-product_id=\"5534\" data-product_sku=\"\" data-quantity=\"1\" class=\"button add_to_cart_button ajax_add_to_cart product_type_simple\">Afegir a la cistella<\/a><\/div>                       <div class=\"yith_compare_btn\">\n                                                   <\/div>\n                        \n                 \n                   <\/div>\n               <\/div><!-- end product-image -->\n           <div class=\"product-content\">\n               <h4 class=\"product_title\"><a class=\"bks_product_title_link\" href=\"https:\/\/laorquideadedarwin.com\/va\/libro\/historia-del-medi-ambient-una-historia-de-dones-ed-valencia\/\">Hist\u00f2ria del medi ambient: una hist\u00f2ria de dones. Ed. Valenci\u00e0<\/a><\/h4>\n               \n\t<span class=\"price\"><span class=\"woocs_price_code\" data-currency=\"\" data-redraw-id=\"69f20a6f69a25\" data-product-id=\"5534\"><span class=\"woocommerce-Price-amount amount\"><span class=\"woocommerce-Price-currencySymbol\">&euro;<\/span>&nbsp;17.80<\/span><\/span><\/span>\n           <\/div><!-- end product-content -->\n\n    <\/div>\n<\/div>\n<div class=\"item post-5529 product type-product status-publish has-post-thumbnail rangos-de-3-a-6-anys rangos-de-6-a-9-anys rangos-de-9-a-12-anys rangos-mes-de-12-anys product_cat-ecologia-va product_cat-historia-va product_cat-sostenibilitat product_tag-edicio-castella product_tag-historia-va product_tag-mujer-va product_tag-problematica-ambiental-va product_tag-sostenibilidad-va autor-j-albano-lopez  instock taxable shipping-taxable purchasable product-type-simple\">\n    <div class=\"product-wrap\">\n                        <div class=\"product-image\">\n                             <div class=\"catalog-image\">\n                   <a href=\"https:\/\/laorquideadedarwin.com\/va\/libro\/historia-del-medio-ambiente-una-historia-de-mujere-ed-castella\/\">\n                        <img loading=\"lazy\" decoding=\"async\" width=\"216\" height=\"305\" src=\"https:\/\/laorquideadedarwin.com\/wp-content\/uploads\/2024\/11\/Historia_Medio_Ambiente_Mujeres_Orquidea_de_Darwin-216x305.jpg\" class=\"attachment-bookstore_product_thumb size-bookstore_product_thumb wp-post-image\" alt=\"\" \/>                        <div class=\"button yith-wcqv-button\" data-product_id=\"5529\">\n                             <i class=\"fa fa-search\"><\/i>\n                        <\/div>\n                   <\/a>\n               <\/div>\n                              <div class=\"product-buttons\">\n                      <div class=\"add-to-cart-btn\"><a href=\"\/va\/wp-json\/wp\/v2\/pages\/1012?add-to-cart=5529\" rel=\"nofollow\" data-product_id=\"5529\" data-product_sku=\"\" data-quantity=\"1\" class=\"button add_to_cart_button ajax_add_to_cart product_type_simple\">Afegir a la cistella<\/a><\/div>                       <div class=\"yith_compare_btn\">\n                                                   <\/div>\n                        \n                 \n                   <\/div>\n               <\/div><!-- end product-image -->\n           <div class=\"product-content\">\n               <h4 class=\"product_title\"><a class=\"bks_product_title_link\" href=\"https:\/\/laorquideadedarwin.com\/va\/libro\/historia-del-medio-ambiente-una-historia-de-mujere-ed-castella\/\">Hist\u00f2ria del medi ambient: una hist\u00f2ria de dones. Ed. Castell\u00e0<\/a><\/h4>\n               \n\t<span class=\"price\"><span class=\"woocs_price_code\" data-currency=\"\" data-redraw-id=\"69f20a6f6bba4\" data-product-id=\"5529\"><span class=\"woocommerce-Price-amount amount\"><span class=\"woocommerce-Price-currencySymbol\">&euro;<\/span>&nbsp;17.80<\/span><\/span><\/span>\n           <\/div><!-- end product-content -->\n\n    <\/div>\n<\/div>\n<div class=\"item post-5415 product type-product status-publish has-post-thumbnail Colecciones-les-aventures-de-belen rangos-de-6-a-9-anys rangos-de-9-a-12-anys product_cat-aigua product_cat-historia-va product_cat-patrimoni-historic product_tag-aigua product_tag-alimentacio product_tag-amistat product_tag-cultura-va product_tag-edicio-valencia product_tag-historia-va autor-j-albano-lopez last instock taxable shipping-taxable purchasable product-type-simple\">\n    <div class=\"product-wrap\">\n                        <div class=\"product-image\">\n                             <div class=\"catalog-image\">\n                   <a href=\"https:\/\/laorquideadedarwin.com\/va\/libro\/betlem-petrie-i-el-misteri-de-la-torre-2ed\/\">\n                        <img loading=\"lazy\" decoding=\"async\" width=\"216\" height=\"305\" src=\"https:\/\/laorquideadedarwin.com\/wp-content\/uploads\/2024\/10\/Betlem_Petrie_misteri_torre_educacio_ambiental-216x305.jpg\" class=\"attachment-bookstore_product_thumb size-bookstore_product_thumb wp-post-image\" alt=\"\" srcset=\"https:\/\/laorquideadedarwin.com\/wp-content\/uploads\/2024\/10\/Betlem_Petrie_misteri_torre_educacio_ambiental-216x305.jpg 216w, https:\/\/laorquideadedarwin.com\/wp-content\/uploads\/2024\/10\/Betlem_Petrie_misteri_torre_educacio_ambiental-212x300.jpg 212w, https:\/\/laorquideadedarwin.com\/wp-content\/uploads\/2024\/10\/Betlem_Petrie_misteri_torre_educacio_ambiental-294x416.jpg 294w, https:\/\/laorquideadedarwin.com\/wp-content\/uploads\/2024\/10\/Betlem_Petrie_misteri_torre_educacio_ambiental-380x538.jpg 380w, https:\/\/laorquideadedarwin.com\/wp-content\/uploads\/2024\/10\/Betlem_Petrie_misteri_torre_educacio_ambiental.jpg 632w\" sizes=\"auto, (max-width: 216px) 100vw, 216px\" \/>                        <div class=\"button yith-wcqv-button\" data-product_id=\"5415\">\n                             <i class=\"fa fa-search\"><\/i>\n                        <\/div>\n                   <\/a>\n               <\/div>\n                              <div class=\"product-buttons\">\n                      <div class=\"add-to-cart-btn\"><a href=\"\/va\/wp-json\/wp\/v2\/pages\/1012?add-to-cart=5415\" rel=\"nofollow\" data-product_id=\"5415\" data-product_sku=\"\" data-quantity=\"1\" class=\"button add_to_cart_button ajax_add_to_cart product_type_simple\">Afegir a la cistella<\/a><\/div>                       <div class=\"yith_compare_btn\">\n                                                   <\/div>\n                        \n                 \n                   <\/div>\n               <\/div><!-- end product-image -->\n           <div class=\"product-content\">\n               <h4 class=\"product_title\"><a class=\"bks_product_title_link\" href=\"https:\/\/laorquideadedarwin.com\/va\/libro\/betlem-petrie-i-el-misteri-de-la-torre-2ed\/\">Betlem Petrie i el misteri de la torre (2\u00aaed)<\/a><\/h4>\n               \n\t<span class=\"price\"><span class=\"woocs_price_code\" data-currency=\"\" data-redraw-id=\"69f20a6f6dfc7\" data-product-id=\"5415\"><span class=\"woocommerce-Price-amount amount\"><span class=\"woocommerce-Price-currencySymbol\">&euro;<\/span>&nbsp;10.45<\/span><\/span><\/span>\n           <\/div><!-- end product-content -->\n\n    <\/div>\n<\/div>\n<div class=\"item post-4567 product type-product status-publish has-post-thumbnail rangos-de-6-a-9-anys rangos-de-9-a-12-anys product_cat-aigua product_cat-historia-va product_cat-patrimoni-historic product_tag-aigua product_tag-alimentacio product_tag-amistat product_tag-cultura-va product_tag-edicio-valencia product_tag-historia-va autor-j-albano-lopez  outofstock taxable shipping-taxable purchasable product-type-simple\">\n    <div class=\"product-wrap\">\n                        <div class=\"product-image\">\n                             <div class=\"catalog-image\">\n                   <a href=\"https:\/\/laorquideadedarwin.com\/va\/libro\/betlem-petrie-i-el-misteri-de-la-torre\/\">\n                        <img loading=\"lazy\" decoding=\"async\" width=\"216\" height=\"305\" src=\"https:\/\/laorquideadedarwin.com\/wp-content\/uploads\/2024\/10\/Betlem_Petrie_el_misteri_de_la_torre-216x305.jpg\" class=\"attachment-bookstore_product_thumb size-bookstore_product_thumb wp-post-image\" alt=\"\" \/>                        <div class=\"button yith-wcqv-button\" data-product_id=\"4567\">\n                             <i class=\"fa fa-search\"><\/i>\n                        <\/div>\n                   <\/a>\n               <\/div>\n                              <div class=\"product-buttons\">\n                      <div class=\"add-to-cart-btn\"><a href=\"https:\/\/laorquideadedarwin.com\/va\/libro\/betlem-petrie-i-el-misteri-de-la-torre\/\" rel=\"nofollow\" data-product_id=\"4567\" data-product_sku=\"\" data-quantity=\"1\" class=\"button  ajax_add_to_cart product_type_simple\">Llegir m\u00e9s<\/a><\/div>                       <div class=\"yith_compare_btn\">\n                                                   <\/div>\n                        \n                 <div class=\"out-of-stock-label\">Fora d&#039;estoc<\/div>\n                   <\/div>\n               <\/div><!-- end product-image -->\n           <div class=\"product-content\">\n               <h4 class=\"product_title\"><a class=\"bks_product_title_link\" href=\"https:\/\/laorquideadedarwin.com\/va\/libro\/betlem-petrie-i-el-misteri-de-la-torre\/\">Betlem Petrie i el misteri de la torre<\/a><\/h4>\n               \n\t<span class=\"price\"><span class=\"woocs_price_code\" data-currency=\"\" data-redraw-id=\"69f20a6f703c2\" data-product-id=\"4567\"><span class=\"woocommerce-Price-amount amount\"><span class=\"woocommerce-Price-currencySymbol\">&euro;<\/span>&nbsp;10.45<\/span><\/span><\/span>\n           <\/div><!-- end product-content -->\n\n    <\/div>\n<\/div>\n<div class=\"item post-3609 product type-product status-publish has-post-thumbnail Colecciones-les-aventures-de-belen rangos-de-6-a-9-anys rangos-de-9-a-12-anys rangos-mes-de-12-anys product_cat-consum product_cat-historia-va product_cat-patrimoni-historic product_tag-agricultura-va product_tag-alimentacio product_tag-edicio-valencia product_tag-egipte product_tag-historia-va autor-marina-pinilla autor-miquel-puig last instock taxable shipping-taxable purchasable product-type-simple\">\n    <div class=\"product-wrap\">\n                        <div class=\"product-image\">\n                             <div class=\"catalog-image\">\n                   <a href=\"https:\/\/laorquideadedarwin.com\/va\/libro\/betlem-petrie-i-el-mites-de-la-mediterrania\/\">\n                        <img loading=\"lazy\" decoding=\"async\" width=\"216\" height=\"305\" src=\"https:\/\/laorquideadedarwin.com\/wp-content\/uploads\/2021\/04\/portada-betlem-216x305.jpg\" class=\"attachment-bookstore_product_thumb size-bookstore_product_thumb wp-post-image\" alt=\"\" srcset=\"https:\/\/laorquideadedarwin.com\/wp-content\/uploads\/2021\/04\/portada-betlem-216x305.jpg 216w, https:\/\/laorquideadedarwin.com\/wp-content\/uploads\/2021\/04\/portada-betlem-213x300.jpg 213w, https:\/\/laorquideadedarwin.com\/wp-content\/uploads\/2021\/04\/portada-betlem-294x415.jpg 294w, https:\/\/laorquideadedarwin.com\/wp-content\/uploads\/2021\/04\/portada-betlem-380x536.jpg 380w, https:\/\/laorquideadedarwin.com\/wp-content\/uploads\/2021\/04\/portada-betlem.jpg 567w\" sizes=\"auto, (max-width: 216px) 100vw, 216px\" \/>                        <div class=\"button yith-wcqv-button\" data-product_id=\"3609\">\n                             <i class=\"fa fa-search\"><\/i>\n                        <\/div>\n                   <\/a>\n               <\/div>\n                              <div class=\"product-buttons\">\n                      <div class=\"add-to-cart-btn\"><a href=\"\/va\/wp-json\/wp\/v2\/pages\/1012?add-to-cart=3609\" rel=\"nofollow\" data-product_id=\"3609\" data-product_sku=\"\" data-quantity=\"1\" class=\"button add_to_cart_button ajax_add_to_cart product_type_simple\">Afegir a la cistella<\/a><\/div>                       <div class=\"yith_compare_btn\">\n                                                   <\/div>\n                        \n                 \n                   <\/div>\n               <\/div><!-- end product-image -->\n           <div class=\"product-content\">\n               <h4 class=\"product_title\"><a class=\"bks_product_title_link\" href=\"https:\/\/laorquideadedarwin.com\/va\/libro\/betlem-petrie-i-el-mites-de-la-mediterrania\/\">Betlem Petrie i el mites de la mediterr\u00e0nia<\/a><\/h4>\n               \n\t<span class=\"price\"><span class=\"woocs_price_code\" data-currency=\"\" data-redraw-id=\"69f20a6f73697\" data-product-id=\"3609\"><span class=\"woocommerce-Price-amount amount\"><span class=\"woocommerce-Price-currencySymbol\">&euro;<\/span>&nbsp;13.75<\/span><\/span><\/span>\n           <\/div><!-- end product-content -->\n\n    <\/div>\n<\/div>\n<div class=\"item post-1150 product type-product status-publish has-post-thumbnail Colecciones-les-aventures-de-belen rangos-de-6-a-9-anys rangos-de-9-a-12-anys product_cat-historia-va product_cat-patrimoni-historic product_tag-edicio-castella product_tag-historia-va product_tag-visigodos-va autor-juan-pedro-fernandez  instock taxable shipping-taxable purchasable product-type-simple\">\n    <div class=\"product-wrap\">\n                        <div class=\"product-image\">\n                             <div class=\"catalog-image\">\n                   <a href=\"https:\/\/laorquideadedarwin.com\/va\/libro\/el-tresor-de-gerticos-edicio-castella\/\">\n                        <img loading=\"lazy\" decoding=\"async\" width=\"216\" height=\"305\" src=\"https:\/\/laorquideadedarwin.com\/wp-content\/uploads\/2017\/12\/tesoro-gerticos-216x305.jpg\" class=\"attachment-bookstore_product_thumb size-bookstore_product_thumb wp-post-image\" alt=\"\" \/>                        <div class=\"button yith-wcqv-button\" data-product_id=\"1150\">\n                             <i class=\"fa fa-search\"><\/i>\n                        <\/div>\n                   <\/a>\n               <\/div>\n                              <div class=\"product-buttons\">\n                      <div class=\"add-to-cart-btn\"><a href=\"\/va\/wp-json\/wp\/v2\/pages\/1012?add-to-cart=1150\" rel=\"nofollow\" data-product_id=\"1150\" data-product_sku=\"\" data-quantity=\"1\" class=\"button add_to_cart_button ajax_add_to_cart product_type_simple\">Afegir a la cistella<\/a><\/div>                       <div class=\"yith_compare_btn\">\n                                                   <\/div>\n                        \n                 \n                   <\/div>\n               <\/div><!-- end product-image -->\n           <div class=\"product-content\">\n               <h4 class=\"product_title\"><a class=\"bks_product_title_link\" href=\"https:\/\/laorquideadedarwin.com\/va\/libro\/el-tresor-de-gerticos-edicio-castella\/\">El tesoro de Gerticos<\/a><\/h4>\n               \n\t<span class=\"price\"><span class=\"woocs_price_code\" data-currency=\"\" data-redraw-id=\"69f20a6f76966\" data-product-id=\"1150\"><span class=\"woocommerce-Price-amount amount\"><span class=\"woocommerce-Price-currencySymbol\">&euro;<\/span>&nbsp;6.99<\/span><\/span><\/span>\n           <\/div><!-- end product-content -->\n\n    <\/div>\n<\/div>\n<\/div><\/div>[\/vc_tta_section][vc_tta_section title=&#8221;Sostenibilitat&#8221; tab_id=&#8221;1612365901755-176713fc-dd34&#8243;]<div class='woocommerce bks-product-slider '><div class='carousel-controls'>\n               <div class='owl-prev'>\n                    <a class='prev'><i class='fa fa-angle-left'><\/i><\/a>\n               <\/div>\n               <div class='owl-next'>\n                    <a class='next'><i class='fa fa-angle-right'><\/i><\/a>\n               <\/div>\n              <\/div>\n              <div id='carousel_WiLSP' class='owl-carousel'><div class=\"item post-5534 product type-product status-publish has-post-thumbnail rangos-de-3-a-6-anys rangos-de-6-a-9-anys rangos-de-9-a-12-anys rangos-mes-de-12-anys product_cat-ecologia-va product_cat-historia-va product_cat-sostenibilitat product_tag-edicio-valencia product_tag-historia-va product_tag-mujer-va product_tag-problematica-ambiental-va product_tag-sostenibilidad-va autor-j-albano-lopez last instock taxable shipping-taxable purchasable product-type-simple\">\n    <div class=\"product-wrap\">\n                        <div class=\"product-image\">\n                             <div class=\"catalog-image\">\n                   <a href=\"https:\/\/laorquideadedarwin.com\/va\/libro\/historia-del-medi-ambient-una-historia-de-dones-ed-valencia\/\">\n                        <img loading=\"lazy\" decoding=\"async\" width=\"216\" height=\"305\" src=\"https:\/\/laorquideadedarwin.com\/wp-content\/uploads\/2024\/11\/Historia_Medi_Ambient_Dones_Orquidea_de_Darwin-216x305.jpg\" class=\"attachment-bookstore_product_thumb size-bookstore_product_thumb wp-post-image\" alt=\"Cubierta con Dones protagonista del \u00e1lbum ilustrado Hist\u00f2ria del Medi Ambient\" \/>                        <div class=\"button yith-wcqv-button\" data-product_id=\"5534\">\n                             <i class=\"fa fa-search\"><\/i>\n                        <\/div>\n                   <\/a>\n               <\/div>\n                              <div class=\"product-buttons\">\n                      <div class=\"add-to-cart-btn\"><a href=\"\/va\/wp-json\/wp\/v2\/pages\/1012?add-to-cart=5534\" rel=\"nofollow\" data-product_id=\"5534\" data-product_sku=\"\" data-quantity=\"1\" class=\"button add_to_cart_button ajax_add_to_cart product_type_simple\">Afegir a la cistella<\/a><\/div>                       <div class=\"yith_compare_btn\">\n                                                   <\/div>\n                        \n                 \n                   <\/div>\n               <\/div><!-- end product-image -->\n           <div class=\"product-content\">\n               <h4 class=\"product_title\"><a class=\"bks_product_title_link\" href=\"https:\/\/laorquideadedarwin.com\/va\/libro\/historia-del-medi-ambient-una-historia-de-dones-ed-valencia\/\">Hist\u00f2ria del medi ambient: una hist\u00f2ria de dones. Ed. Valenci\u00e0<\/a><\/h4>\n               \n\t<span class=\"price\"><span class=\"woocs_price_code\" data-currency=\"\" data-redraw-id=\"69f20a6f7dabb\" data-product-id=\"5534\"><span class=\"woocommerce-Price-amount amount\"><span class=\"woocommerce-Price-currencySymbol\">&euro;<\/span>&nbsp;17.80<\/span><\/span><\/span>\n           <\/div><!-- end product-content -->\n\n    <\/div>\n<\/div>\n<div class=\"item post-5529 product type-product status-publish has-post-thumbnail rangos-de-3-a-6-anys rangos-de-6-a-9-anys rangos-de-9-a-12-anys rangos-mes-de-12-anys product_cat-ecologia-va product_cat-historia-va product_cat-sostenibilitat product_tag-edicio-castella product_tag-historia-va product_tag-mujer-va product_tag-problematica-ambiental-va product_tag-sostenibilidad-va autor-j-albano-lopez  instock taxable shipping-taxable purchasable product-type-simple\">\n    <div class=\"product-wrap\">\n                        <div class=\"product-image\">\n                             <div class=\"catalog-image\">\n                   <a href=\"https:\/\/laorquideadedarwin.com\/va\/libro\/historia-del-medio-ambiente-una-historia-de-mujere-ed-castella\/\">\n                        <img loading=\"lazy\" decoding=\"async\" width=\"216\" height=\"305\" src=\"https:\/\/laorquideadedarwin.com\/wp-content\/uploads\/2024\/11\/Historia_Medio_Ambiente_Mujeres_Orquidea_de_Darwin-216x305.jpg\" class=\"attachment-bookstore_product_thumb size-bookstore_product_thumb wp-post-image\" alt=\"\" \/>                        <div class=\"button yith-wcqv-button\" data-product_id=\"5529\">\n                             <i class=\"fa fa-search\"><\/i>\n                        <\/div>\n                   <\/a>\n               <\/div>\n                              <div class=\"product-buttons\">\n                      <div class=\"add-to-cart-btn\"><a href=\"\/va\/wp-json\/wp\/v2\/pages\/1012?add-to-cart=5529\" rel=\"nofollow\" data-product_id=\"5529\" data-product_sku=\"\" data-quantity=\"1\" class=\"button add_to_cart_button ajax_add_to_cart product_type_simple\">Afegir a la cistella<\/a><\/div>                       <div class=\"yith_compare_btn\">\n                                                   <\/div>\n                        \n                 \n                   <\/div>\n               <\/div><!-- end product-image -->\n           <div class=\"product-content\">\n               <h4 class=\"product_title\"><a class=\"bks_product_title_link\" href=\"https:\/\/laorquideadedarwin.com\/va\/libro\/historia-del-medio-ambiente-una-historia-de-mujere-ed-castella\/\">Hist\u00f2ria del medi ambient: una hist\u00f2ria de dones. Ed. Castell\u00e0<\/a><\/h4>\n               \n\t<span class=\"price\"><span class=\"woocs_price_code\" data-currency=\"\" data-redraw-id=\"69f20a6f7fc61\" data-product-id=\"5529\"><span class=\"woocommerce-Price-amount amount\"><span class=\"woocommerce-Price-currencySymbol\">&euro;<\/span>&nbsp;17.80<\/span><\/span><\/span>\n           <\/div><!-- end product-content -->\n\n    <\/div>\n<\/div>\n<div class=\"item post-5522 product type-product status-publish has-post-thumbnail rangos-de-3-a-6-anys rangos-de-6-a-9-anys rangos-de-9-a-12-anys rangos-mes-de-12-anys product_cat-aigua product_cat-biodiversidad-va product_cat-cambio-climatico-va product_cat-consum product_cat-ecologia-va product_cat-residus product_cat-sostenibilitat product_cat-valors product_tag-agricultura-va product_tag-aigua product_tag-alimentacio product_tag-bosc product_tag-cambio-climatico-va product_tag-edicio-valencia product_tag-fauna-va product_tag-plagues product_tag-problematica-ambiental-va product_tag-reutilizacio product_tag-solidaridad-va product_tag-sostenibilidad-va autor-j-albano-lopez last instock taxable shipping-taxable purchasable product-type-simple\">\n    <div class=\"product-wrap\">\n                        <div class=\"product-image\">\n                             <div class=\"catalog-image\">\n                   <a href=\"https:\/\/laorquideadedarwin.com\/va\/libro\/la-vidriola-de-mariola-i-el-canvi-climatic-ed-valencia\/\">\n                        <img loading=\"lazy\" decoding=\"async\" width=\"216\" height=\"305\" src=\"https:\/\/laorquideadedarwin.com\/wp-content\/uploads\/2024\/11\/La_vidriola_-de_-Mariola_i_el_canvi_climatic-216x305.jpg\" class=\"attachment-bookstore_product_thumb size-bookstore_product_thumb wp-post-image\" alt=\"\" \/>                        <div class=\"button yith-wcqv-button\" data-product_id=\"5522\">\n                             <i class=\"fa fa-search\"><\/i>\n                        <\/div>\n                   <\/a>\n               <\/div>\n                              <div class=\"product-buttons\">\n                      <div class=\"add-to-cart-btn\"><a href=\"\/va\/wp-json\/wp\/v2\/pages\/1012?add-to-cart=5522\" rel=\"nofollow\" data-product_id=\"5522\" data-product_sku=\"\" data-quantity=\"1\" class=\"button add_to_cart_button ajax_add_to_cart product_type_simple\">Afegir a la cistella<\/a><\/div>                       <div class=\"yith_compare_btn\">\n                                                   <\/div>\n                        \n                 \n                   <\/div>\n               <\/div><!-- end product-image -->\n           <div class=\"product-content\">\n               <h4 class=\"product_title\"><a class=\"bks_product_title_link\" href=\"https:\/\/laorquideadedarwin.com\/va\/libro\/la-vidriola-de-mariola-i-el-canvi-climatic-ed-valencia\/\">La vidriola de Mariola i el canvi clim\u00e0tic Ed. Valenci\u00e0<\/a><\/h4>\n               \n\t<span class=\"price\"><span class=\"woocs_price_code\" data-currency=\"\" data-redraw-id=\"69f20a6f820fa\" data-product-id=\"5522\"><span class=\"woocommerce-Price-amount amount\"><span class=\"woocommerce-Price-currencySymbol\">&euro;<\/span>&nbsp;17.80<\/span><\/span><\/span>\n           <\/div><!-- end product-content -->\n\n    <\/div>\n<\/div>\n<div class=\"item post-5517 product type-product status-publish has-post-thumbnail rangos-de-3-a-6-anys rangos-de-6-a-9-anys rangos-de-9-a-12-anys rangos-mes-de-12-anys product_cat-aigua product_cat-biodiversidad-va product_cat-cambio-climatico-va product_cat-consum product_cat-ecologia-va product_cat-residus product_cat-sostenibilitat product_cat-valors product_tag-agricultura-va product_tag-aigua product_tag-alimentacio product_tag-bosc product_tag-cambio-climatico-va product_tag-edicio-castella product_tag-fauna-va product_tag-plagues product_tag-problematica-ambiental-va product_tag-reutilizacio product_tag-solidaridad-va product_tag-sostenibilidad-va autor-j-albano-lopez  instock taxable shipping-taxable purchasable product-type-simple\">\n    <div class=\"product-wrap\">\n                        <div class=\"product-image\">\n                             <div class=\"catalog-image\">\n                   <a href=\"https:\/\/laorquideadedarwin.com\/va\/libro\/la-vidriola-de-mariola-i-el-canvi-climatic-castella\/\">\n                        <img loading=\"lazy\" decoding=\"async\" width=\"216\" height=\"305\" src=\"https:\/\/laorquideadedarwin.com\/wp-content\/uploads\/2024\/11\/La_hucha_de_Mariola_y_el_cambio_climatico-216x305.jpg\" class=\"attachment-bookstore_product_thumb size-bookstore_product_thumb wp-post-image\" alt=\"\" \/>                        <div class=\"button yith-wcqv-button\" data-product_id=\"5517\">\n                             <i class=\"fa fa-search\"><\/i>\n                        <\/div>\n                   <\/a>\n               <\/div>\n                              <div class=\"product-buttons\">\n                      <div class=\"add-to-cart-btn\"><a href=\"\/va\/wp-json\/wp\/v2\/pages\/1012?add-to-cart=5517\" rel=\"nofollow\" data-product_id=\"5517\" data-product_sku=\"\" data-quantity=\"1\" class=\"button add_to_cart_button ajax_add_to_cart product_type_simple\">Afegir a la cistella<\/a><\/div>                       <div class=\"yith_compare_btn\">\n                                                   <\/div>\n                        \n                 \n                   <\/div>\n               <\/div><!-- end product-image -->\n           <div class=\"product-content\">\n               <h4 class=\"product_title\"><a class=\"bks_product_title_link\" href=\"https:\/\/laorquideadedarwin.com\/va\/libro\/la-vidriola-de-mariola-i-el-canvi-climatic-castella\/\">La vidriola de Mariola i el canvi clim\u00e0tic Ed. Castell\u00e0<\/a><\/h4>\n               \n\t<span class=\"price\"><span class=\"woocs_price_code\" data-currency=\"\" data-redraw-id=\"69f20a6f845cb\" data-product-id=\"5517\"><span class=\"woocommerce-Price-amount amount\"><span class=\"woocommerce-Price-currencySymbol\">&euro;<\/span>&nbsp;17.80<\/span><\/span><\/span>\n           <\/div><!-- end product-content -->\n\n    <\/div>\n<\/div>\n<div class=\"item post-5425 product type-product status-publish has-post-thumbnail Personajes-doctora-residu-va product_cat-ecologia-va product_cat-residus product_cat-sostenibilitat product_tag-edicio-valencia product_tag-problematica-ambiental-va product_tag-reciclatge product_tag-residus product_tag-reutilizacio autor-victor-benlloch last instock taxable shipping-taxable purchasable product-type-simple\">\n    <div class=\"product-wrap\">\n                        <div class=\"product-image\">\n                             <div class=\"catalog-image\">\n                   <a href=\"https:\/\/laorquideadedarwin.com\/va\/libro\/la-doctora-residu-el-monstre-del-clavegueram\/\">\n                        <img loading=\"lazy\" decoding=\"async\" width=\"216\" height=\"305\" src=\"https:\/\/laorquideadedarwin.com\/wp-content\/uploads\/2024\/10\/Dra_Residu_Monstre_clavegueram-216x305.jpg\" class=\"attachment-bookstore_product_thumb size-bookstore_product_thumb wp-post-image\" alt=\"\" srcset=\"https:\/\/laorquideadedarwin.com\/wp-content\/uploads\/2024\/10\/Dra_Residu_Monstre_clavegueram-216x305.jpg 216w, https:\/\/laorquideadedarwin.com\/wp-content\/uploads\/2024\/10\/Dra_Residu_Monstre_clavegueram-212x300.jpg 212w, https:\/\/laorquideadedarwin.com\/wp-content\/uploads\/2024\/10\/Dra_Residu_Monstre_clavegueram-294x416.jpg 294w, https:\/\/laorquideadedarwin.com\/wp-content\/uploads\/2024\/10\/Dra_Residu_Monstre_clavegueram-380x538.jpg 380w, https:\/\/laorquideadedarwin.com\/wp-content\/uploads\/2024\/10\/Dra_Residu_Monstre_clavegueram.jpg 673w\" sizes=\"auto, (max-width: 216px) 100vw, 216px\" \/>                        <div class=\"button yith-wcqv-button\" data-product_id=\"5425\">\n                             <i class=\"fa fa-search\"><\/i>\n                        <\/div>\n                   <\/a>\n               <\/div>\n                              <div class=\"product-buttons\">\n                      <div class=\"add-to-cart-btn\"><a href=\"\/va\/wp-json\/wp\/v2\/pages\/1012?add-to-cart=5425\" rel=\"nofollow\" data-product_id=\"5425\" data-product_sku=\"\" data-quantity=\"1\" class=\"button add_to_cart_button ajax_add_to_cart product_type_simple\">Afegir a la cistella<\/a><\/div>                       <div class=\"yith_compare_btn\">\n                                                   <\/div>\n                        \n                 \n                   <\/div>\n               <\/div><!-- end product-image -->\n           <div class=\"product-content\">\n               <h4 class=\"product_title\"><a class=\"bks_product_title_link\" href=\"https:\/\/laorquideadedarwin.com\/va\/libro\/la-doctora-residu-el-monstre-del-clavegueram\/\">La Doctora Residu. El monstre del clavegueram<\/a><\/h4>\n               \n\t<span class=\"price\"><span class=\"woocs_price_code\" data-currency=\"\" data-redraw-id=\"69f20a6f86839\" data-product-id=\"5425\"><span class=\"woocommerce-Price-amount amount\"><span class=\"woocommerce-Price-currencySymbol\">&euro;<\/span>&nbsp;11.75<\/span><\/span><\/span>\n           <\/div><!-- end product-content -->\n\n    <\/div>\n<\/div>\n<div class=\"item post-4203 product type-product status-publish has-post-thumbnail rangos-mes-de-12-anys product_cat-patrimoni-historic product_cat-sostenibilitat product_cat-valors product_tag-edicio-valencia product_tag-poesia-va product_tag-problematica-ambiental-va autor-ramon-guillem  instock taxable shipping-taxable purchasable product-type-simple\">\n    <div class=\"product-wrap\">\n                        <div class=\"product-image\">\n                             <div class=\"catalog-image\">\n                   <a href=\"https:\/\/laorquideadedarwin.com\/va\/libro\/plou-cendra-des-dahir-poemes-del-medi-ambient-i-la-natura\/\">\n                        <img loading=\"lazy\" decoding=\"async\" width=\"216\" height=\"305\" src=\"https:\/\/laorquideadedarwin.com\/wp-content\/uploads\/2022\/12\/Plou_cendra_orquidea_de_Darwin-216x305.jpg\" class=\"attachment-bookstore_product_thumb size-bookstore_product_thumb wp-post-image\" alt=\"plou cendra\" srcset=\"https:\/\/laorquideadedarwin.com\/wp-content\/uploads\/2022\/12\/Plou_cendra_orquidea_de_Darwin-216x305.jpg 216w, https:\/\/laorquideadedarwin.com\/wp-content\/uploads\/2022\/12\/Plou_cendra_orquidea_de_Darwin-212x300.jpg 212w, https:\/\/laorquideadedarwin.com\/wp-content\/uploads\/2022\/12\/Plou_cendra_orquidea_de_Darwin-294x416.jpg 294w, https:\/\/laorquideadedarwin.com\/wp-content\/uploads\/2022\/12\/Plou_cendra_orquidea_de_Darwin-380x538.jpg 380w, https:\/\/laorquideadedarwin.com\/wp-content\/uploads\/2022\/12\/Plou_cendra_orquidea_de_Darwin.jpg 593w\" sizes=\"auto, (max-width: 216px) 100vw, 216px\" \/>                        <div class=\"button yith-wcqv-button\" data-product_id=\"4203\">\n                             <i class=\"fa fa-search\"><\/i>\n                        <\/div>\n                   <\/a>\n               <\/div>\n                              <div class=\"product-buttons\">\n                      <div class=\"add-to-cart-btn\"><a href=\"\/va\/wp-json\/wp\/v2\/pages\/1012?add-to-cart=4203\" rel=\"nofollow\" data-product_id=\"4203\" data-product_sku=\"\" data-quantity=\"1\" class=\"button add_to_cart_button ajax_add_to_cart product_type_simple\">Afegir a la cistella<\/a><\/div>                       <div class=\"yith_compare_btn\">\n                                                   <\/div>\n                        \n                 \n                   <\/div>\n               <\/div><!-- end product-image -->\n           <div class=\"product-content\">\n               <h4 class=\"product_title\"><a class=\"bks_product_title_link\" href=\"https:\/\/laorquideadedarwin.com\/va\/libro\/plou-cendra-des-dahir-poemes-del-medi-ambient-i-la-natura\/\">Plou cendra des d\u2019ahir. Poemes del medi ambient i la natura<\/a><\/h4>\n               \n\t<span class=\"price\"><span class=\"woocs_price_code\" data-currency=\"\" data-redraw-id=\"69f20a6f89122\" data-product-id=\"4203\"><span class=\"woocommerce-Price-amount amount\"><span class=\"woocommerce-Price-currencySymbol\">&euro;<\/span>&nbsp;9.90<\/span><\/span><\/span>\n           <\/div><!-- end product-content -->\n\n    <\/div>\n<\/div>\n<div class=\"item post-3379 product type-product status-publish has-post-thumbnail rangos-de-3-a-6-anys rangos-de-6-a-9-anys product_cat-residus product_cat-sostenibilitat product_tag-edicio-valencia product_tag-educacion-ambiental-va product_tag-residus product_tag-reutilizacio autor-justo-rr last instock taxable shipping-taxable purchasable product-type-simple\">\n    <div class=\"product-wrap\">\n                        <div class=\"product-image\">\n                             <div class=\"catalog-image\">\n                   <a href=\"https:\/\/laorquideadedarwin.com\/va\/libro\/per-a-que-serveix-un-paraigua-edicio-valencia\/\">\n                        <img loading=\"lazy\" decoding=\"async\" width=\"216\" height=\"305\" src=\"https:\/\/laorquideadedarwin.com\/wp-content\/uploads\/2021\/01\/cubierta-valenciano-216x305.png\" class=\"attachment-bookstore_product_thumb size-bookstore_product_thumb wp-post-image\" alt=\"\" \/>                        <div class=\"button yith-wcqv-button\" data-product_id=\"3379\">\n                             <i class=\"fa fa-search\"><\/i>\n                        <\/div>\n                   <\/a>\n               <\/div>\n                              <div class=\"product-buttons\">\n                      <div class=\"add-to-cart-btn\"><a href=\"\/va\/wp-json\/wp\/v2\/pages\/1012?add-to-cart=3379\" rel=\"nofollow\" data-product_id=\"3379\" data-product_sku=\"\" data-quantity=\"1\" class=\"button add_to_cart_button ajax_add_to_cart product_type_simple\">Afegir a la cistella<\/a><\/div>                       <div class=\"yith_compare_btn\">\n                                                   <\/div>\n                        \n                 \n                   <\/div>\n               <\/div><!-- end product-image -->\n           <div class=\"product-content\">\n               <h4 class=\"product_title\"><a class=\"bks_product_title_link\" href=\"https:\/\/laorquideadedarwin.com\/va\/libro\/per-a-que-serveix-un-paraigua-edicio-valencia\/\">Per a qu\u00e8 serveix un paraigua?<\/a><\/h4>\n               \n\t<span class=\"price\"><span class=\"woocs_price_code\" data-currency=\"\" data-redraw-id=\"69f20a6f8c6e2\" data-product-id=\"3379\"><span class=\"woocommerce-Price-amount amount\"><span class=\"woocommerce-Price-currencySymbol\">&euro;<\/span>&nbsp;14.90<\/span><\/span><\/span>\n           <\/div><!-- end product-content -->\n\n    <\/div>\n<\/div>\n<div class=\"item post-3338 product type-product status-publish has-post-thumbnail rangos-de-3-a-6-anys rangos-de-6-a-9-anys product_cat-residus product_cat-sostenibilitat product_tag-edicio-castella product_tag-educacion-ambiental-va product_tag-residus product_tag-reutilizacio autor-justo-rr  instock taxable shipping-taxable purchasable product-type-simple\">\n    <div class=\"product-wrap\">\n                        <div class=\"product-image\">\n                             <div class=\"catalog-image\">\n                   <a href=\"https:\/\/laorquideadedarwin.com\/va\/libro\/per-a-que-serveix-un-paraigua-edicio-castella\/\">\n                        <img loading=\"lazy\" decoding=\"async\" width=\"216\" height=\"305\" src=\"https:\/\/laorquideadedarwin.com\/wp-content\/uploads\/2021\/01\/cubierta-castellano-216x305.png\" class=\"attachment-bookstore_product_thumb size-bookstore_product_thumb wp-post-image\" alt=\"\" \/>                        <div class=\"button yith-wcqv-button\" data-product_id=\"3338\">\n                             <i class=\"fa fa-search\"><\/i>\n                        <\/div>\n                   <\/a>\n               <\/div>\n                              <div class=\"product-buttons\">\n                      <div class=\"add-to-cart-btn\"><a href=\"\/va\/wp-json\/wp\/v2\/pages\/1012?add-to-cart=3338\" rel=\"nofollow\" data-product_id=\"3338\" data-product_sku=\"\" data-quantity=\"1\" class=\"button add_to_cart_button ajax_add_to_cart product_type_simple\">Afegir a la cistella<\/a><\/div>                       <div class=\"yith_compare_btn\">\n                                                   <\/div>\n                        \n                 \n                   <\/div>\n               <\/div><!-- end product-image -->\n           <div class=\"product-content\">\n               <h4 class=\"product_title\"><a class=\"bks_product_title_link\" href=\"https:\/\/laorquideadedarwin.com\/va\/libro\/per-a-que-serveix-un-paraigua-edicio-castella\/\">Per a qu\u00e8 serveix un paraigua?<\/a><\/h4>\n               \n\t<span class=\"price\"><span class=\"woocs_price_code\" data-currency=\"\" data-redraw-id=\"69f20a6f8f273\" data-product-id=\"3338\"><span class=\"woocommerce-Price-amount amount\"><span class=\"woocommerce-Price-currencySymbol\">&euro;<\/span>&nbsp;14.90<\/span><\/span><\/span>\n           <\/div><!-- end product-content -->\n\n    <\/div>\n<\/div>\n<div class=\"item post-2773 product type-product status-publish has-post-thumbnail Personajes-doctora-residu-va rangos-de-6-a-9-anys rangos-de-9-a-12-anys product_cat-ecologia-va product_cat-residus product_cat-sostenibilitat product_tag-edicio-valencia product_tag-problematica-ambiental-va product_tag-reciclatge product_tag-residus product_tag-reutilizacio autor-pedro-simon autor-victor-benlloch last instock taxable shipping-taxable purchasable product-type-simple\">\n    <div class=\"product-wrap\">\n                        <div class=\"product-image\">\n                             <div class=\"catalog-image\">\n                   <a href=\"https:\/\/laorquideadedarwin.com\/va\/libro\/la-doctora-residu\/\">\n                        <img loading=\"lazy\" decoding=\"async\" width=\"216\" height=\"305\" src=\"https:\/\/laorquideadedarwin.com\/wp-content\/uploads\/2019\/06\/portada-doctora-216x305.jpg\" class=\"attachment-bookstore_product_thumb size-bookstore_product_thumb wp-post-image\" alt=\"doctora residu\" \/>                        <div class=\"button yith-wcqv-button\" data-product_id=\"2773\">\n                             <i class=\"fa fa-search\"><\/i>\n                        <\/div>\n                   <\/a>\n               <\/div>\n                              <div class=\"product-buttons\">\n                      <div class=\"add-to-cart-btn\"><a href=\"\/va\/wp-json\/wp\/v2\/pages\/1012?add-to-cart=2773\" rel=\"nofollow\" data-product_id=\"2773\" data-product_sku=\"\" data-quantity=\"1\" class=\"button add_to_cart_button ajax_add_to_cart product_type_simple\">Afegir a la cistella<\/a><\/div>                       <div class=\"yith_compare_btn\">\n                                                   <\/div>\n                        \n                 \n                   <\/div>\n               <\/div><!-- end product-image -->\n           <div class=\"product-content\">\n               <h4 class=\"product_title\"><a class=\"bks_product_title_link\" href=\"https:\/\/laorquideadedarwin.com\/va\/libro\/la-doctora-residu\/\">La Doctora Residu. Edici\u00f3 Valenci\u00e0<\/a><\/h4>\n               \n\t<span class=\"price\"><span class=\"woocs_price_code\" data-currency=\"\" data-redraw-id=\"69f20a6f91765\" data-product-id=\"2773\"><span class=\"woocommerce-Price-amount amount\"><span class=\"woocommerce-Price-currencySymbol\">&euro;<\/span>&nbsp;9.95<\/span><\/span><\/span>\n           <\/div><!-- end product-content -->\n\n    <\/div>\n<\/div>\n<div class=\"item post-1159 product type-product status-publish has-post-thumbnail Personajes-arbolito-va Personajes-hada-de-los-pelos-enroscados-va rangos-de-6-a-9-anys product_cat-lectura-va product_cat-sostenibilitat product_cat-valors product_tag-bosc product_tag-edicio-castella product_tag-llectura product_tag-sostenibilidad-va autor-j-albano-lopez autor-marina-pinilla  instock taxable shipping-taxable purchasable product-type-simple\">\n    <div class=\"product-wrap\">\n                        <div class=\"product-image\">\n                             <div class=\"catalog-image\">\n                   <a href=\"https:\/\/laorquideadedarwin.com\/va\/libro\/el-arbolito-que-queria-crecer\/\">\n                        <img loading=\"lazy\" decoding=\"async\" width=\"216\" height=\"305\" src=\"https:\/\/laorquideadedarwin.com\/wp-content\/uploads\/2017\/12\/arbolito-que-queria-crecer-216x305.jpg\" class=\"attachment-bookstore_product_thumb size-bookstore_product_thumb wp-post-image\" alt=\"\" \/>                        <div class=\"button yith-wcqv-button\" data-product_id=\"1159\">\n                             <i class=\"fa fa-search\"><\/i>\n                        <\/div>\n                   <\/a>\n               <\/div>\n                              <div class=\"product-buttons\">\n                      <div class=\"add-to-cart-btn\"><a href=\"\/va\/wp-json\/wp\/v2\/pages\/1012?add-to-cart=1159\" rel=\"nofollow\" data-product_id=\"1159\" data-product_sku=\"\" data-quantity=\"1\" class=\"button add_to_cart_button ajax_add_to_cart product_type_simple\">Afegir a la cistella<\/a><\/div>                       <div class=\"yith_compare_btn\">\n                                                   <\/div>\n                        \n                 \n                   <\/div>\n               <\/div><!-- end product-image -->\n           <div class=\"product-content\">\n               <h4 class=\"product_title\"><a class=\"bks_product_title_link\" href=\"https:\/\/laorquideadedarwin.com\/va\/libro\/el-arbolito-que-queria-crecer\/\">El arbolito que quer\u00eda crecer<\/a><\/h4>\n               \n\t<span class=\"price\"><span class=\"woocs_price_code\" data-currency=\"\" data-redraw-id=\"69f20a6f93bb0\" data-product-id=\"1159\"><span class=\"woocommerce-Price-amount amount\"><span class=\"woocommerce-Price-currencySymbol\">&euro;<\/span>&nbsp;8.95<\/span><\/span><\/span>\n           <\/div><!-- end product-content -->\n\n    <\/div>\n<\/div>\n<\/div><\/div>[\/vc_tta_section][vc_tta_section title=&#8221;Lectura&#8221; tab_id=&#8221;1513859951117-b74f2de6-c3bb&#8221;]<div class='woocommerce bks-product-slider '><div class='carousel-controls'>\n               <div class='owl-prev'>\n                    <a class='prev'><i class='fa fa-angle-left'><\/i><\/a>\n               <\/div>\n               <div class='owl-next'>\n                    <a class='next'><i class='fa fa-angle-right'><\/i><\/a>\n               <\/div>\n              <\/div>\n              <div id='carousel_Qioqo' class='owl-carousel'><div class=\"item post-1159 product type-product status-publish has-post-thumbnail Personajes-arbolito-va Personajes-hada-de-los-pelos-enroscados-va rangos-de-6-a-9-anys product_cat-lectura-va product_cat-sostenibilitat product_cat-valors product_tag-bosc product_tag-edicio-castella product_tag-llectura product_tag-sostenibilidad-va autor-j-albano-lopez autor-marina-pinilla last instock taxable shipping-taxable purchasable product-type-simple\">\n    <div class=\"product-wrap\">\n                        <div class=\"product-image\">\n                             <div class=\"catalog-image\">\n                   <a href=\"https:\/\/laorquideadedarwin.com\/va\/libro\/el-arbolito-que-queria-crecer\/\">\n                        <img loading=\"lazy\" decoding=\"async\" width=\"216\" height=\"305\" src=\"https:\/\/laorquideadedarwin.com\/wp-content\/uploads\/2017\/12\/arbolito-que-queria-crecer-216x305.jpg\" class=\"attachment-bookstore_product_thumb size-bookstore_product_thumb wp-post-image\" alt=\"\" \/>                        <div class=\"button yith-wcqv-button\" data-product_id=\"1159\">\n                             <i class=\"fa fa-search\"><\/i>\n                        <\/div>\n                   <\/a>\n               <\/div>\n                              <div class=\"product-buttons\">\n                      <div class=\"add-to-cart-btn\"><a href=\"\/va\/wp-json\/wp\/v2\/pages\/1012?add-to-cart=1159\" rel=\"nofollow\" data-product_id=\"1159\" data-product_sku=\"\" data-quantity=\"1\" class=\"button add_to_cart_button ajax_add_to_cart product_type_simple\">Afegir a la cistella<\/a><\/div>                       <div class=\"yith_compare_btn\">\n                                                   <\/div>\n                        \n                 \n                   <\/div>\n               <\/div><!-- end product-image -->\n           <div class=\"product-content\">\n               <h4 class=\"product_title\"><a class=\"bks_product_title_link\" href=\"https:\/\/laorquideadedarwin.com\/va\/libro\/el-arbolito-que-queria-crecer\/\">El arbolito que quer\u00eda crecer<\/a><\/h4>\n               \n\t<span class=\"price\"><span class=\"woocs_price_code\" data-currency=\"\" data-redraw-id=\"69f20a6f97293\" data-product-id=\"1159\"><span class=\"woocommerce-Price-amount amount\"><span class=\"woocommerce-Price-currencySymbol\">&euro;<\/span>&nbsp;8.95<\/span><\/span><\/span>\n           <\/div><!-- end product-content -->\n\n    <\/div>\n<\/div>\n<\/div><\/div>[\/vc_tta_section][vc_tta_section title=&#8221;Valors-\u00c8tica&#8221; tab_id=&#8221;1516035243344-c2959740-1fce&#8221;]<div class='woocommerce bks-product-slider '><div class='carousel-controls'>\n               <div class='owl-prev'>\n                    <a class='prev'><i class='fa fa-angle-left'><\/i><\/a>\n               <\/div>\n               <div class='owl-next'>\n                    <a class='next'><i class='fa fa-angle-right'><\/i><\/a>\n               <\/div>\n              <\/div>\n              <div id='carousel_TwCAi' class='owl-carousel'><div class=\"item post-5789 product type-product status-publish has-post-thumbnail rangos-de-3-a-6-anys product_cat-cambio-climatico-va product_cat-patrimoni-historic product_cat-valors product_tag-amistat product_tag-cambio-climatico-va product_tag-cultura-va product_tag-edicio-castella product_tag-llectura product_tag-problematica-ambiental-va product_tag-solidaridad-va  instock taxable shipping-taxable purchasable product-type-simple\">\n    <div class=\"product-wrap\">\n                        <div class=\"product-image\">\n                             <div class=\"catalog-image\">\n                   <a href=\"https:\/\/laorquideadedarwin.com\/va\/libro\/cuenta-conmigo-ed-valencia\/\">\n                        <img loading=\"lazy\" decoding=\"async\" width=\"216\" height=\"305\" src=\"https:\/\/laorquideadedarwin.com\/wp-content\/uploads\/2025\/12\/Cuenta-conmigo-portada-216x305.jpg\" class=\"attachment-bookstore_product_thumb size-bookstore_product_thumb wp-post-image\" alt=\"\" \/>                        <div class=\"button yith-wcqv-button\" data-product_id=\"5789\">\n                             <i class=\"fa fa-search\"><\/i>\n                        <\/div>\n                   <\/a>\n               <\/div>\n                              <div class=\"product-buttons\">\n                      <div class=\"add-to-cart-btn\"><a href=\"\/va\/wp-json\/wp\/v2\/pages\/1012?add-to-cart=5789\" rel=\"nofollow\" data-product_id=\"5789\" data-product_sku=\"\" data-quantity=\"1\" class=\"button add_to_cart_button ajax_add_to_cart product_type_simple\">Afegir a la cistella<\/a><\/div>                       <div class=\"yith_compare_btn\">\n                                                   <\/div>\n                        \n                 \n                   <\/div>\n               <\/div><!-- end product-image -->\n           <div class=\"product-content\">\n               <h4 class=\"product_title\"><a class=\"bks_product_title_link\" href=\"https:\/\/laorquideadedarwin.com\/va\/libro\/cuenta-conmigo-ed-valencia\/\">Cuenta conmigo. Ed. Valenci\u00e0<\/a><\/h4>\n               \n\t<span class=\"price\"><span class=\"woocs_price_code\" data-currency=\"\" data-redraw-id=\"69f20a6f99b94\" data-product-id=\"5789\"><span class=\"woocommerce-Price-amount amount\"><span class=\"woocommerce-Price-currencySymbol\">&euro;<\/span>&nbsp;10.00<\/span><\/span><\/span>\n           <\/div><!-- end product-content -->\n\n    <\/div>\n<\/div>\n<div class=\"item post-5522 product type-product status-publish has-post-thumbnail rangos-de-3-a-6-anys rangos-de-6-a-9-anys rangos-de-9-a-12-anys rangos-mes-de-12-anys product_cat-aigua product_cat-biodiversidad-va product_cat-cambio-climatico-va product_cat-consum product_cat-ecologia-va product_cat-residus product_cat-sostenibilitat product_cat-valors product_tag-agricultura-va product_tag-aigua product_tag-alimentacio product_tag-bosc product_tag-cambio-climatico-va product_tag-edicio-valencia product_tag-fauna-va product_tag-plagues product_tag-problematica-ambiental-va product_tag-reutilizacio product_tag-solidaridad-va product_tag-sostenibilidad-va autor-j-albano-lopez last instock taxable shipping-taxable purchasable product-type-simple\">\n    <div class=\"product-wrap\">\n                        <div class=\"product-image\">\n                             <div class=\"catalog-image\">\n                   <a href=\"https:\/\/laorquideadedarwin.com\/va\/libro\/la-vidriola-de-mariola-i-el-canvi-climatic-ed-valencia\/\">\n                        <img loading=\"lazy\" decoding=\"async\" width=\"216\" height=\"305\" src=\"https:\/\/laorquideadedarwin.com\/wp-content\/uploads\/2024\/11\/La_vidriola_-de_-Mariola_i_el_canvi_climatic-216x305.jpg\" class=\"attachment-bookstore_product_thumb size-bookstore_product_thumb wp-post-image\" alt=\"\" \/>                        <div class=\"button yith-wcqv-button\" data-product_id=\"5522\">\n                             <i class=\"fa fa-search\"><\/i>\n                        <\/div>\n                   <\/a>\n               <\/div>\n                              <div class=\"product-buttons\">\n                      <div class=\"add-to-cart-btn\"><a href=\"\/va\/wp-json\/wp\/v2\/pages\/1012?add-to-cart=5522\" rel=\"nofollow\" data-product_id=\"5522\" data-product_sku=\"\" data-quantity=\"1\" class=\"button add_to_cart_button ajax_add_to_cart product_type_simple\">Afegir a la cistella<\/a><\/div>                       <div class=\"yith_compare_btn\">\n                                                   <\/div>\n                        \n                 \n                   <\/div>\n               <\/div><!-- end product-image -->\n           <div class=\"product-content\">\n               <h4 class=\"product_title\"><a class=\"bks_product_title_link\" href=\"https:\/\/laorquideadedarwin.com\/va\/libro\/la-vidriola-de-mariola-i-el-canvi-climatic-ed-valencia\/\">La vidriola de Mariola i el canvi clim\u00e0tic Ed. Valenci\u00e0<\/a><\/h4>\n               \n\t<span class=\"price\"><span class=\"woocs_price_code\" data-currency=\"\" data-redraw-id=\"69f20a6f9b36f\" data-product-id=\"5522\"><span class=\"woocommerce-Price-amount amount\"><span class=\"woocommerce-Price-currencySymbol\">&euro;<\/span>&nbsp;17.80<\/span><\/span><\/span>\n           <\/div><!-- end product-content -->\n\n    <\/div>\n<\/div>\n<div class=\"item post-5517 product type-product status-publish has-post-thumbnail rangos-de-3-a-6-anys rangos-de-6-a-9-anys rangos-de-9-a-12-anys rangos-mes-de-12-anys product_cat-aigua product_cat-biodiversidad-va product_cat-cambio-climatico-va product_cat-consum product_cat-ecologia-va product_cat-residus product_cat-sostenibilitat product_cat-valors product_tag-agricultura-va product_tag-aigua product_tag-alimentacio product_tag-bosc product_tag-cambio-climatico-va product_tag-edicio-castella product_tag-fauna-va product_tag-plagues product_tag-problematica-ambiental-va product_tag-reutilizacio product_tag-solidaridad-va product_tag-sostenibilidad-va autor-j-albano-lopez  instock taxable shipping-taxable purchasable product-type-simple\">\n    <div class=\"product-wrap\">\n                        <div class=\"product-image\">\n                             <div class=\"catalog-image\">\n                   <a href=\"https:\/\/laorquideadedarwin.com\/va\/libro\/la-vidriola-de-mariola-i-el-canvi-climatic-castella\/\">\n                        <img loading=\"lazy\" decoding=\"async\" width=\"216\" height=\"305\" src=\"https:\/\/laorquideadedarwin.com\/wp-content\/uploads\/2024\/11\/La_hucha_de_Mariola_y_el_cambio_climatico-216x305.jpg\" class=\"attachment-bookstore_product_thumb size-bookstore_product_thumb wp-post-image\" alt=\"\" \/>                        <div class=\"button yith-wcqv-button\" data-product_id=\"5517\">\n                             <i class=\"fa fa-search\"><\/i>\n                        <\/div>\n                   <\/a>\n               <\/div>\n                              <div class=\"product-buttons\">\n                      <div class=\"add-to-cart-btn\"><a href=\"\/va\/wp-json\/wp\/v2\/pages\/1012?add-to-cart=5517\" rel=\"nofollow\" data-product_id=\"5517\" data-product_sku=\"\" data-quantity=\"1\" class=\"button add_to_cart_button ajax_add_to_cart product_type_simple\">Afegir a la cistella<\/a><\/div>                       <div class=\"yith_compare_btn\">\n                                                   <\/div>\n                        \n                 \n                   <\/div>\n               <\/div><!-- end product-image -->\n           <div class=\"product-content\">\n               <h4 class=\"product_title\"><a class=\"bks_product_title_link\" href=\"https:\/\/laorquideadedarwin.com\/va\/libro\/la-vidriola-de-mariola-i-el-canvi-climatic-castella\/\">La vidriola de Mariola i el canvi clim\u00e0tic Ed. Castell\u00e0<\/a><\/h4>\n               \n\t<span class=\"price\"><span class=\"woocs_price_code\" data-currency=\"\" data-redraw-id=\"69f20a6f9ca9b\" data-product-id=\"5517\"><span class=\"woocommerce-Price-amount amount\"><span class=\"woocommerce-Price-currencySymbol\">&euro;<\/span>&nbsp;17.80<\/span><\/span><\/span>\n           <\/div><!-- end product-content -->\n\n    <\/div>\n<\/div>\n<div class=\"item post-4203 product type-product status-publish has-post-thumbnail rangos-mes-de-12-anys product_cat-patrimoni-historic product_cat-sostenibilitat product_cat-valors product_tag-edicio-valencia product_tag-poesia-va product_tag-problematica-ambiental-va autor-ramon-guillem last instock taxable shipping-taxable purchasable product-type-simple\">\n    <div class=\"product-wrap\">\n                        <div class=\"product-image\">\n                             <div class=\"catalog-image\">\n                   <a href=\"https:\/\/laorquideadedarwin.com\/va\/libro\/plou-cendra-des-dahir-poemes-del-medi-ambient-i-la-natura\/\">\n                        <img loading=\"lazy\" decoding=\"async\" width=\"216\" height=\"305\" src=\"https:\/\/laorquideadedarwin.com\/wp-content\/uploads\/2022\/12\/Plou_cendra_orquidea_de_Darwin-216x305.jpg\" class=\"attachment-bookstore_product_thumb size-bookstore_product_thumb wp-post-image\" alt=\"plou cendra\" srcset=\"https:\/\/laorquideadedarwin.com\/wp-content\/uploads\/2022\/12\/Plou_cendra_orquidea_de_Darwin-216x305.jpg 216w, https:\/\/laorquideadedarwin.com\/wp-content\/uploads\/2022\/12\/Plou_cendra_orquidea_de_Darwin-212x300.jpg 212w, https:\/\/laorquideadedarwin.com\/wp-content\/uploads\/2022\/12\/Plou_cendra_orquidea_de_Darwin-294x416.jpg 294w, https:\/\/laorquideadedarwin.com\/wp-content\/uploads\/2022\/12\/Plou_cendra_orquidea_de_Darwin-380x538.jpg 380w, https:\/\/laorquideadedarwin.com\/wp-content\/uploads\/2022\/12\/Plou_cendra_orquidea_de_Darwin.jpg 593w\" sizes=\"auto, (max-width: 216px) 100vw, 216px\" \/>                        <div class=\"button yith-wcqv-button\" data-product_id=\"4203\">\n                             <i class=\"fa fa-search\"><\/i>\n                        <\/div>\n                   <\/a>\n               <\/div>\n                              <div class=\"product-buttons\">\n                      <div class=\"add-to-cart-btn\"><a href=\"\/va\/wp-json\/wp\/v2\/pages\/1012?add-to-cart=4203\" rel=\"nofollow\" data-product_id=\"4203\" data-product_sku=\"\" data-quantity=\"1\" class=\"button add_to_cart_button ajax_add_to_cart product_type_simple\">Afegir a la cistella<\/a><\/div>                       <div class=\"yith_compare_btn\">\n                                                   <\/div>\n                        \n                 \n                   <\/div>\n               <\/div><!-- end product-image -->\n           <div class=\"product-content\">\n               <h4 class=\"product_title\"><a class=\"bks_product_title_link\" href=\"https:\/\/laorquideadedarwin.com\/va\/libro\/plou-cendra-des-dahir-poemes-del-medi-ambient-i-la-natura\/\">Plou cendra des d\u2019ahir. Poemes del medi ambient i la natura<\/a><\/h4>\n               \n\t<span class=\"price\"><span class=\"woocs_price_code\" data-currency=\"\" data-redraw-id=\"69f20a6f9e1ba\" data-product-id=\"4203\"><span class=\"woocommerce-Price-amount amount\"><span class=\"woocommerce-Price-currencySymbol\">&euro;<\/span>&nbsp;9.90<\/span><\/span><\/span>\n           <\/div><!-- end product-content -->\n\n    <\/div>\n<\/div>\n<\/div><\/div>[\/vc_tta_section][vc_tta_section title=&#8221;Ecologia&#8221; tab_id=&#8221;1612453122324-49d23cf2-d66d&#8221;]<div class='woocommerce bks-product-slider '><div class='carousel-controls'>\n               <div class='owl-prev'>\n                    <a class='prev'><i class='fa fa-angle-left'><\/i><\/a>\n               <\/div>\n               <div class='owl-next'>\n                    <a class='next'><i class='fa fa-angle-right'><\/i><\/a>\n               <\/div>\n              <\/div>\n              <div id='carousel_EhoIU' class='owl-carousel'><div class=\"item post-5534 product type-product status-publish has-post-thumbnail rangos-de-3-a-6-anys rangos-de-6-a-9-anys rangos-de-9-a-12-anys rangos-mes-de-12-anys product_cat-ecologia-va product_cat-historia-va product_cat-sostenibilitat product_tag-edicio-valencia product_tag-historia-va product_tag-mujer-va product_tag-problematica-ambiental-va product_tag-sostenibilidad-va autor-j-albano-lopez  instock taxable shipping-taxable purchasable product-type-simple\">\n    <div class=\"product-wrap\">\n                        <div class=\"product-image\">\n                             <div class=\"catalog-image\">\n                   <a href=\"https:\/\/laorquideadedarwin.com\/va\/libro\/historia-del-medi-ambient-una-historia-de-dones-ed-valencia\/\">\n                        <img loading=\"lazy\" decoding=\"async\" width=\"216\" height=\"305\" src=\"https:\/\/laorquideadedarwin.com\/wp-content\/uploads\/2024\/11\/Historia_Medi_Ambient_Dones_Orquidea_de_Darwin-216x305.jpg\" class=\"attachment-bookstore_product_thumb size-bookstore_product_thumb wp-post-image\" alt=\"Cubierta con Dones protagonista del \u00e1lbum ilustrado Hist\u00f2ria del Medi Ambient\" \/>                        <div class=\"button yith-wcqv-button\" data-product_id=\"5534\">\n                             <i class=\"fa fa-search\"><\/i>\n                        <\/div>\n                   <\/a>\n               <\/div>\n                              <div class=\"product-buttons\">\n                      <div class=\"add-to-cart-btn\"><a href=\"\/va\/wp-json\/wp\/v2\/pages\/1012?add-to-cart=5534\" rel=\"nofollow\" data-product_id=\"5534\" data-product_sku=\"\" data-quantity=\"1\" class=\"button add_to_cart_button ajax_add_to_cart product_type_simple\">Afegir a la cistella<\/a><\/div>                       <div class=\"yith_compare_btn\">\n                                                   <\/div>\n                        \n                 \n                   <\/div>\n               <\/div><!-- end product-image -->\n           <div class=\"product-content\">\n               <h4 class=\"product_title\"><a class=\"bks_product_title_link\" href=\"https:\/\/laorquideadedarwin.com\/va\/libro\/historia-del-medi-ambient-una-historia-de-dones-ed-valencia\/\">Hist\u00f2ria del medi ambient: una hist\u00f2ria de dones. Ed. Valenci\u00e0<\/a><\/h4>\n               \n\t<span class=\"price\"><span class=\"woocs_price_code\" data-currency=\"\" data-redraw-id=\"69f20a6fa1bc8\" data-product-id=\"5534\"><span class=\"woocommerce-Price-amount amount\"><span class=\"woocommerce-Price-currencySymbol\">&euro;<\/span>&nbsp;17.80<\/span><\/span><\/span>\n           <\/div><!-- end product-content -->\n\n    <\/div>\n<\/div>\n<div class=\"item post-5529 product type-product status-publish has-post-thumbnail rangos-de-3-a-6-anys rangos-de-6-a-9-anys rangos-de-9-a-12-anys rangos-mes-de-12-anys product_cat-ecologia-va product_cat-historia-va product_cat-sostenibilitat product_tag-edicio-castella product_tag-historia-va product_tag-mujer-va product_tag-problematica-ambiental-va product_tag-sostenibilidad-va autor-j-albano-lopez last instock taxable shipping-taxable purchasable product-type-simple\">\n    <div class=\"product-wrap\">\n                        <div class=\"product-image\">\n                             <div class=\"catalog-image\">\n                   <a href=\"https:\/\/laorquideadedarwin.com\/va\/libro\/historia-del-medio-ambiente-una-historia-de-mujere-ed-castella\/\">\n                        <img loading=\"lazy\" decoding=\"async\" width=\"216\" height=\"305\" src=\"https:\/\/laorquideadedarwin.com\/wp-content\/uploads\/2024\/11\/Historia_Medio_Ambiente_Mujeres_Orquidea_de_Darwin-216x305.jpg\" class=\"attachment-bookstore_product_thumb size-bookstore_product_thumb wp-post-image\" alt=\"\" \/>                        <div class=\"button yith-wcqv-button\" data-product_id=\"5529\">\n                             <i class=\"fa fa-search\"><\/i>\n                        <\/div>\n                   <\/a>\n               <\/div>\n                              <div class=\"product-buttons\">\n                      <div class=\"add-to-cart-btn\"><a href=\"\/va\/wp-json\/wp\/v2\/pages\/1012?add-to-cart=5529\" rel=\"nofollow\" data-product_id=\"5529\" data-product_sku=\"\" data-quantity=\"1\" class=\"button add_to_cart_button ajax_add_to_cart product_type_simple\">Afegir a la cistella<\/a><\/div>                       <div class=\"yith_compare_btn\">\n                                                   <\/div>\n                        \n                 \n                   <\/div>\n               <\/div><!-- end product-image -->\n           <div class=\"product-content\">\n               <h4 class=\"product_title\"><a class=\"bks_product_title_link\" href=\"https:\/\/laorquideadedarwin.com\/va\/libro\/historia-del-medio-ambiente-una-historia-de-mujere-ed-castella\/\">Hist\u00f2ria del medi ambient: una hist\u00f2ria de dones. Ed. Castell\u00e0<\/a><\/h4>\n               \n\t<span class=\"price\"><span class=\"woocs_price_code\" data-currency=\"\" data-redraw-id=\"69f20a6fa3208\" data-product-id=\"5529\"><span class=\"woocommerce-Price-amount amount\"><span class=\"woocommerce-Price-currencySymbol\">&euro;<\/span>&nbsp;17.80<\/span><\/span><\/span>\n           <\/div><!-- end product-content -->\n\n    <\/div>\n<\/div>\n<div class=\"item post-5522 product type-product status-publish has-post-thumbnail rangos-de-3-a-6-anys rangos-de-6-a-9-anys rangos-de-9-a-12-anys rangos-mes-de-12-anys product_cat-aigua product_cat-biodiversidad-va product_cat-cambio-climatico-va product_cat-consum product_cat-ecologia-va product_cat-residus product_cat-sostenibilitat product_cat-valors product_tag-agricultura-va product_tag-aigua product_tag-alimentacio product_tag-bosc product_tag-cambio-climatico-va product_tag-edicio-valencia product_tag-fauna-va product_tag-plagues product_tag-problematica-ambiental-va product_tag-reutilizacio product_tag-solidaridad-va product_tag-sostenibilidad-va autor-j-albano-lopez  instock taxable shipping-taxable purchasable product-type-simple\">\n    <div class=\"product-wrap\">\n                        <div class=\"product-image\">\n                             <div class=\"catalog-image\">\n                   <a href=\"https:\/\/laorquideadedarwin.com\/va\/libro\/la-vidriola-de-mariola-i-el-canvi-climatic-ed-valencia\/\">\n                        <img loading=\"lazy\" decoding=\"async\" width=\"216\" height=\"305\" src=\"https:\/\/laorquideadedarwin.com\/wp-content\/uploads\/2024\/11\/La_vidriola_-de_-Mariola_i_el_canvi_climatic-216x305.jpg\" class=\"attachment-bookstore_product_thumb size-bookstore_product_thumb wp-post-image\" alt=\"\" \/>                        <div class=\"button yith-wcqv-button\" data-product_id=\"5522\">\n                             <i class=\"fa fa-search\"><\/i>\n                        <\/div>\n                   <\/a>\n               <\/div>\n                              <div class=\"product-buttons\">\n                      <div class=\"add-to-cart-btn\"><a href=\"\/va\/wp-json\/wp\/v2\/pages\/1012?add-to-cart=5522\" rel=\"nofollow\" data-product_id=\"5522\" data-product_sku=\"\" data-quantity=\"1\" class=\"button add_to_cart_button ajax_add_to_cart product_type_simple\">Afegir a la cistella<\/a><\/div>                       <div class=\"yith_compare_btn\">\n                                                   <\/div>\n                        \n                 \n                   <\/div>\n               <\/div><!-- end product-image -->\n           <div class=\"product-content\">\n               <h4 class=\"product_title\"><a class=\"bks_product_title_link\" href=\"https:\/\/laorquideadedarwin.com\/va\/libro\/la-vidriola-de-mariola-i-el-canvi-climatic-ed-valencia\/\">La vidriola de Mariola i el canvi clim\u00e0tic Ed. Valenci\u00e0<\/a><\/h4>\n               \n\t<span class=\"price\"><span class=\"woocs_price_code\" data-currency=\"\" data-redraw-id=\"69f20a6fa4822\" data-product-id=\"5522\"><span class=\"woocommerce-Price-amount amount\"><span class=\"woocommerce-Price-currencySymbol\">&euro;<\/span>&nbsp;17.80<\/span><\/span><\/span>\n           <\/div><!-- end product-content -->\n\n    <\/div>\n<\/div>\n<div class=\"item post-5517 product type-product status-publish has-post-thumbnail rangos-de-3-a-6-anys rangos-de-6-a-9-anys rangos-de-9-a-12-anys rangos-mes-de-12-anys product_cat-aigua product_cat-biodiversidad-va product_cat-cambio-climatico-va product_cat-consum product_cat-ecologia-va product_cat-residus product_cat-sostenibilitat product_cat-valors product_tag-agricultura-va product_tag-aigua product_tag-alimentacio product_tag-bosc product_tag-cambio-climatico-va product_tag-edicio-castella product_tag-fauna-va product_tag-plagues product_tag-problematica-ambiental-va product_tag-reutilizacio product_tag-solidaridad-va product_tag-sostenibilidad-va autor-j-albano-lopez last instock taxable shipping-taxable purchasable product-type-simple\">\n    <div class=\"product-wrap\">\n                        <div class=\"product-image\">\n                             <div class=\"catalog-image\">\n                   <a href=\"https:\/\/laorquideadedarwin.com\/va\/libro\/la-vidriola-de-mariola-i-el-canvi-climatic-castella\/\">\n                        <img loading=\"lazy\" decoding=\"async\" width=\"216\" height=\"305\" src=\"https:\/\/laorquideadedarwin.com\/wp-content\/uploads\/2024\/11\/La_hucha_de_Mariola_y_el_cambio_climatico-216x305.jpg\" class=\"attachment-bookstore_product_thumb size-bookstore_product_thumb wp-post-image\" alt=\"\" \/>                        <div class=\"button yith-wcqv-button\" data-product_id=\"5517\">\n                             <i class=\"fa fa-search\"><\/i>\n                        <\/div>\n                   <\/a>\n               <\/div>\n                              <div class=\"product-buttons\">\n                      <div class=\"add-to-cart-btn\"><a href=\"\/va\/wp-json\/wp\/v2\/pages\/1012?add-to-cart=5517\" rel=\"nofollow\" data-product_id=\"5517\" data-product_sku=\"\" data-quantity=\"1\" class=\"button add_to_cart_button ajax_add_to_cart product_type_simple\">Afegir a la cistella<\/a><\/div>                       <div class=\"yith_compare_btn\">\n                                                   <\/div>\n                        \n                 \n                   <\/div>\n               <\/div><!-- end product-image -->\n           <div class=\"product-content\">\n               <h4 class=\"product_title\"><a class=\"bks_product_title_link\" href=\"https:\/\/laorquideadedarwin.com\/va\/libro\/la-vidriola-de-mariola-i-el-canvi-climatic-castella\/\">La vidriola de Mariola i el canvi clim\u00e0tic Ed. Castell\u00e0<\/a><\/h4>\n               \n\t<span class=\"price\"><span class=\"woocs_price_code\" data-currency=\"\" data-redraw-id=\"69f20a6fa5f52\" data-product-id=\"5517\"><span class=\"woocommerce-Price-amount amount\"><span class=\"woocommerce-Price-currencySymbol\">&euro;<\/span>&nbsp;17.80<\/span><\/span><\/span>\n           <\/div><!-- end product-content -->\n\n    <\/div>\n<\/div>\n<div class=\"item post-5425 product type-product status-publish has-post-thumbnail Personajes-doctora-residu-va product_cat-ecologia-va product_cat-residus product_cat-sostenibilitat product_tag-edicio-valencia product_tag-problematica-ambiental-va product_tag-reciclatge product_tag-residus product_tag-reutilizacio autor-victor-benlloch  instock taxable shipping-taxable purchasable product-type-simple\">\n    <div class=\"product-wrap\">\n                        <div class=\"product-image\">\n                             <div class=\"catalog-image\">\n                   <a href=\"https:\/\/laorquideadedarwin.com\/va\/libro\/la-doctora-residu-el-monstre-del-clavegueram\/\">\n                        <img loading=\"lazy\" decoding=\"async\" width=\"216\" height=\"305\" src=\"https:\/\/laorquideadedarwin.com\/wp-content\/uploads\/2024\/10\/Dra_Residu_Monstre_clavegueram-216x305.jpg\" class=\"attachment-bookstore_product_thumb size-bookstore_product_thumb wp-post-image\" alt=\"\" srcset=\"https:\/\/laorquideadedarwin.com\/wp-content\/uploads\/2024\/10\/Dra_Residu_Monstre_clavegueram-216x305.jpg 216w, https:\/\/laorquideadedarwin.com\/wp-content\/uploads\/2024\/10\/Dra_Residu_Monstre_clavegueram-212x300.jpg 212w, https:\/\/laorquideadedarwin.com\/wp-content\/uploads\/2024\/10\/Dra_Residu_Monstre_clavegueram-294x416.jpg 294w, https:\/\/laorquideadedarwin.com\/wp-content\/uploads\/2024\/10\/Dra_Residu_Monstre_clavegueram-380x538.jpg 380w, https:\/\/laorquideadedarwin.com\/wp-content\/uploads\/2024\/10\/Dra_Residu_Monstre_clavegueram.jpg 673w\" sizes=\"auto, (max-width: 216px) 100vw, 216px\" \/>                        <div class=\"button yith-wcqv-button\" data-product_id=\"5425\">\n                             <i class=\"fa fa-search\"><\/i>\n                        <\/div>\n                   <\/a>\n               <\/div>\n                              <div class=\"product-buttons\">\n                      <div class=\"add-to-cart-btn\"><a href=\"\/va\/wp-json\/wp\/v2\/pages\/1012?add-to-cart=5425\" rel=\"nofollow\" data-product_id=\"5425\" data-product_sku=\"\" data-quantity=\"1\" class=\"button add_to_cart_button ajax_add_to_cart product_type_simple\">Afegir a la cistella<\/a><\/div>                       <div class=\"yith_compare_btn\">\n                                                   <\/div>\n                        \n                 \n                   <\/div>\n               <\/div><!-- end product-image -->\n           <div class=\"product-content\">\n               <h4 class=\"product_title\"><a class=\"bks_product_title_link\" href=\"https:\/\/laorquideadedarwin.com\/va\/libro\/la-doctora-residu-el-monstre-del-clavegueram\/\">La Doctora Residu. El monstre del clavegueram<\/a><\/h4>\n               \n\t<span class=\"price\"><span class=\"woocs_price_code\" data-currency=\"\" data-redraw-id=\"69f20a6fa75a8\" data-product-id=\"5425\"><span class=\"woocommerce-Price-amount amount\"><span class=\"woocommerce-Price-currencySymbol\">&euro;<\/span>&nbsp;11.75<\/span><\/span><\/span>\n           <\/div><!-- end product-content -->\n\n    <\/div>\n<\/div>\n<div class=\"item post-4452 product type-product status-publish has-post-thumbnail rangos-de-6-a-9-anys rangos-de-9-a-12-anys product_cat-aigua product_cat-biodiversidad-va product_cat-ecologia-va product_cat-patrimoni-historic product_tag-albufera-va product_tag-amistat product_tag-cultura-va product_tag-edicio-valencia product_tag-fauna-va product_tag-historia-va autor-albert-hernandez-i-xulvi last instock taxable shipping-taxable purchasable product-type-simple\">\n    <div class=\"product-wrap\">\n                        <div class=\"product-image\">\n                             <div class=\"catalog-image\">\n                   <a href=\"https:\/\/laorquideadedarwin.com\/va\/libro\/estiu-a-lalbufera\/\">\n                        <img loading=\"lazy\" decoding=\"async\" width=\"216\" height=\"305\" src=\"https:\/\/laorquideadedarwin.com\/wp-content\/uploads\/2023\/06\/estiu_albufera_cuento_Albert_hernandez-216x305.jpg\" class=\"attachment-bookstore_product_thumb size-bookstore_product_thumb wp-post-image\" alt=\"\" \/>                        <div class=\"button yith-wcqv-button\" data-product_id=\"4452\">\n                             <i class=\"fa fa-search\"><\/i>\n                        <\/div>\n                   <\/a>\n               <\/div>\n                              <div class=\"product-buttons\">\n                      <div class=\"add-to-cart-btn\"><a href=\"\/va\/wp-json\/wp\/v2\/pages\/1012?add-to-cart=4452\" rel=\"nofollow\" data-product_id=\"4452\" data-product_sku=\"\" data-quantity=\"1\" class=\"button add_to_cart_button ajax_add_to_cart product_type_simple\">Afegir a la cistella<\/a><\/div>                       <div class=\"yith_compare_btn\">\n                                                   <\/div>\n                        \n                 \n                   <\/div>\n               <\/div><!-- end product-image -->\n           <div class=\"product-content\">\n               <h4 class=\"product_title\"><a class=\"bks_product_title_link\" href=\"https:\/\/laorquideadedarwin.com\/va\/libro\/estiu-a-lalbufera\/\">Estiu a l\u2019Albufera<\/a><\/h4>\n               \n\t<span class=\"price\"><span class=\"woocs_price_code\" data-currency=\"\" data-redraw-id=\"69f20a6fa8b72\" data-product-id=\"4452\"><span class=\"woocommerce-Price-amount amount\"><span class=\"woocommerce-Price-currencySymbol\">&euro;<\/span>&nbsp;8.95<\/span><\/span><\/span>\n           <\/div><!-- end product-content -->\n\n    <\/div>\n<\/div>\n<div class=\"item post-3598 product type-product status-publish has-post-thumbnail rangos-de-6-a-9-anys rangos-de-9-a-12-anys product_cat-aigua product_cat-biodiversidad-va product_cat-ecologia-va product_tag-aigua product_tag-amistat product_tag-edicio-castella product_tag-fauna-va product_tag-residus product_tag-xarxa-trofica autor-david-lopez autor-juan-pedro-fernandez  instock taxable shipping-taxable purchasable product-type-simple\">\n    <div class=\"product-wrap\">\n                        <div class=\"product-image\">\n                             <div class=\"catalog-image\">\n                   <a href=\"https:\/\/laorquideadedarwin.com\/va\/libro\/trico-la-vida-bajo-el-agua\/\">\n                        <img loading=\"lazy\" decoding=\"async\" width=\"216\" height=\"305\" src=\"https:\/\/laorquideadedarwin.com\/wp-content\/uploads\/2021\/04\/Cubierta_Trico-216x305.jpg\" class=\"attachment-bookstore_product_thumb size-bookstore_product_thumb wp-post-image\" alt=\"\" \/>                        <div class=\"button yith-wcqv-button\" data-product_id=\"3598\">\n                             <i class=\"fa fa-search\"><\/i>\n                        <\/div>\n                   <\/a>\n               <\/div>\n                              <div class=\"product-buttons\">\n                      <div class=\"add-to-cart-btn\"><a href=\"\/va\/wp-json\/wp\/v2\/pages\/1012?add-to-cart=3598\" rel=\"nofollow\" data-product_id=\"3598\" data-product_sku=\"\" data-quantity=\"1\" class=\"button add_to_cart_button ajax_add_to_cart product_type_simple\">Afegir a la cistella<\/a><\/div>                       <div class=\"yith_compare_btn\">\n                                                   <\/div>\n                        \n                 \n                   <\/div>\n               <\/div><!-- end product-image -->\n           <div class=\"product-content\">\n               <h4 class=\"product_title\"><a class=\"bks_product_title_link\" href=\"https:\/\/laorquideadedarwin.com\/va\/libro\/trico-la-vida-bajo-el-agua\/\">Trico. La vida bajo el agua<\/a><\/h4>\n               \n\t<span class=\"price\"><span class=\"woocs_price_code\" data-currency=\"\" data-redraw-id=\"69f20a6faa420\" data-product-id=\"3598\"><span class=\"woocommerce-Price-amount amount\"><span class=\"woocommerce-Price-currencySymbol\">&euro;<\/span>&nbsp;9.95<\/span><\/span><\/span>\n           <\/div><!-- end product-content -->\n\n    <\/div>\n<\/div>\n<div class=\"item post-2773 product type-product status-publish has-post-thumbnail Personajes-doctora-residu-va rangos-de-6-a-9-anys rangos-de-9-a-12-anys product_cat-ecologia-va product_cat-residus product_cat-sostenibilitat product_tag-edicio-valencia product_tag-problematica-ambiental-va product_tag-reciclatge product_tag-residus product_tag-reutilizacio autor-pedro-simon autor-victor-benlloch last instock taxable shipping-taxable purchasable product-type-simple\">\n    <div class=\"product-wrap\">\n                        <div class=\"product-image\">\n                             <div class=\"catalog-image\">\n                   <a href=\"https:\/\/laorquideadedarwin.com\/va\/libro\/la-doctora-residu\/\">\n                        <img loading=\"lazy\" decoding=\"async\" width=\"216\" height=\"305\" src=\"https:\/\/laorquideadedarwin.com\/wp-content\/uploads\/2019\/06\/portada-doctora-216x305.jpg\" class=\"attachment-bookstore_product_thumb size-bookstore_product_thumb wp-post-image\" alt=\"doctora residu\" \/>                        <div class=\"button yith-wcqv-button\" data-product_id=\"2773\">\n                             <i class=\"fa fa-search\"><\/i>\n                        <\/div>\n                   <\/a>\n               <\/div>\n                              <div class=\"product-buttons\">\n                      <div class=\"add-to-cart-btn\"><a href=\"\/va\/wp-json\/wp\/v2\/pages\/1012?add-to-cart=2773\" rel=\"nofollow\" data-product_id=\"2773\" data-product_sku=\"\" data-quantity=\"1\" class=\"button add_to_cart_button ajax_add_to_cart product_type_simple\">Afegir a la cistella<\/a><\/div>                       <div class=\"yith_compare_btn\">\n                                                   <\/div>\n                        \n                 \n                   <\/div>\n               <\/div><!-- end product-image -->\n           <div class=\"product-content\">\n               <h4 class=\"product_title\"><a class=\"bks_product_title_link\" href=\"https:\/\/laorquideadedarwin.com\/va\/libro\/la-doctora-residu\/\">La Doctora Residu. Edici\u00f3 Valenci\u00e0<\/a><\/h4>\n               \n\t<span class=\"price\"><span class=\"woocs_price_code\" data-currency=\"\" data-redraw-id=\"69f20a6fabb92\" data-product-id=\"2773\"><span class=\"woocommerce-Price-amount amount\"><span class=\"woocommerce-Price-currencySymbol\">&euro;<\/span>&nbsp;9.95<\/span><\/span><\/span>\n           <\/div><!-- end product-content -->\n\n    <\/div>\n<\/div>\n<div class=\"item post-1161 product type-product status-publish has-post-thumbnail Personajes-hemidactylus-va rangos-de-6-a-9-anys rangos-de-9-a-12-anys product_cat-biodiversidad-va product_cat-ecologia-va product_tag-agricultura-va product_tag-edicio-castella product_tag-fauna-va product_tag-insecticides product_tag-plagues product_tag-problematica-ambiental-va product_tag-xarxa-trofica autor-alvaro-terrones autor-j-albano-lopez  instock taxable shipping-taxable purchasable product-type-simple\">\n    <div class=\"product-wrap\">\n                        <div class=\"product-image\">\n                             <div class=\"catalog-image\">\n                   <a href=\"https:\/\/laorquideadedarwin.com\/va\/libro\/el-meu-amic-hemidactylus-edicio-castella\/\">\n                        <img loading=\"lazy\" decoding=\"async\" width=\"216\" height=\"305\" src=\"https:\/\/laorquideadedarwin.com\/wp-content\/uploads\/2017\/12\/mi-amigo-hermidactylus-cubierta-2018-216x305.jpg\" class=\"attachment-bookstore_product_thumb size-bookstore_product_thumb wp-post-image\" alt=\"\" \/>                        <div class=\"button yith-wcqv-button\" data-product_id=\"1161\">\n                             <i class=\"fa fa-search\"><\/i>\n                        <\/div>\n                   <\/a>\n               <\/div>\n                              <div class=\"product-buttons\">\n                      <div class=\"add-to-cart-btn\"><a href=\"\/va\/wp-json\/wp\/v2\/pages\/1012?add-to-cart=1161\" rel=\"nofollow\" data-product_id=\"1161\" data-product_sku=\"\" data-quantity=\"1\" class=\"button add_to_cart_button ajax_add_to_cart product_type_simple\">Afegir a la cistella<\/a><\/div>                       <div class=\"yith_compare_btn\">\n                                                   <\/div>\n                        \n                 \n                   <\/div>\n               <\/div><!-- end product-image -->\n           <div class=\"product-content\">\n               <h4 class=\"product_title\"><a class=\"bks_product_title_link\" href=\"https:\/\/laorquideadedarwin.com\/va\/libro\/el-meu-amic-hemidactylus-edicio-castella\/\">Mi amigo Hemidactylus<\/a><\/h4>\n               \n\t<span class=\"price\"><span class=\"woocs_price_code\" data-currency=\"\" data-redraw-id=\"69f20a6fadfd9\" data-product-id=\"1161\"><span class=\"woocommerce-Price-amount amount\"><span class=\"woocommerce-Price-currencySymbol\">&euro;<\/span>&nbsp;6.95<\/span><\/span><\/span>\n           <\/div><!-- end product-content -->\n\n    <\/div>\n<\/div>\n<\/div><\/div>[\/vc_tta_section][vc_tta_section title=&#8221;Biodiversitat&#8221; tab_id=&#8221;1612453139167-558f5314-ecb5&#8243;]<div class='woocommerce bks-product-slider '><div class='carousel-controls'>\n               <div class='owl-prev'>\n                    <a class='prev'><i class='fa fa-angle-left'><\/i><\/a>\n               <\/div>\n               <div class='owl-next'>\n                    <a class='next'><i class='fa fa-angle-right'><\/i><\/a>\n               <\/div>\n              <\/div>\n              <div id='carousel_hjcK2' class='owl-carousel'><div class=\"item post-5522 product type-product status-publish has-post-thumbnail rangos-de-3-a-6-anys rangos-de-6-a-9-anys rangos-de-9-a-12-anys rangos-mes-de-12-anys product_cat-aigua product_cat-biodiversidad-va product_cat-cambio-climatico-va product_cat-consum product_cat-ecologia-va product_cat-residus product_cat-sostenibilitat product_cat-valors product_tag-agricultura-va product_tag-aigua product_tag-alimentacio product_tag-bosc product_tag-cambio-climatico-va product_tag-edicio-valencia product_tag-fauna-va product_tag-plagues product_tag-problematica-ambiental-va product_tag-reutilizacio product_tag-solidaridad-va product_tag-sostenibilidad-va autor-j-albano-lopez last instock taxable shipping-taxable purchasable product-type-simple\">\n    <div class=\"product-wrap\">\n                        <div class=\"product-image\">\n                             <div class=\"catalog-image\">\n                   <a href=\"https:\/\/laorquideadedarwin.com\/va\/libro\/la-vidriola-de-mariola-i-el-canvi-climatic-ed-valencia\/\">\n                        <img loading=\"lazy\" decoding=\"async\" width=\"216\" height=\"305\" src=\"https:\/\/laorquideadedarwin.com\/wp-content\/uploads\/2024\/11\/La_vidriola_-de_-Mariola_i_el_canvi_climatic-216x305.jpg\" class=\"attachment-bookstore_product_thumb size-bookstore_product_thumb wp-post-image\" alt=\"\" \/>                        <div class=\"button yith-wcqv-button\" data-product_id=\"5522\">\n                             <i class=\"fa fa-search\"><\/i>\n                        <\/div>\n                   <\/a>\n               <\/div>\n                              <div class=\"product-buttons\">\n                      <div class=\"add-to-cart-btn\"><a href=\"\/va\/wp-json\/wp\/v2\/pages\/1012?add-to-cart=5522\" rel=\"nofollow\" data-product_id=\"5522\" data-product_sku=\"\" data-quantity=\"1\" class=\"button add_to_cart_button ajax_add_to_cart product_type_simple\">Afegir a la cistella<\/a><\/div>                       <div class=\"yith_compare_btn\">\n                                                   <\/div>\n                        \n                 \n                   <\/div>\n               <\/div><!-- end product-image -->\n           <div class=\"product-content\">\n               <h4 class=\"product_title\"><a class=\"bks_product_title_link\" href=\"https:\/\/laorquideadedarwin.com\/va\/libro\/la-vidriola-de-mariola-i-el-canvi-climatic-ed-valencia\/\">La vidriola de Mariola i el canvi clim\u00e0tic Ed. Valenci\u00e0<\/a><\/h4>\n               \n\t<span class=\"price\"><span class=\"woocs_price_code\" data-currency=\"\" data-redraw-id=\"69f20a6fb0b70\" data-product-id=\"5522\"><span class=\"woocommerce-Price-amount amount\"><span class=\"woocommerce-Price-currencySymbol\">&euro;<\/span>&nbsp;17.80<\/span><\/span><\/span>\n           <\/div><!-- end product-content -->\n\n    <\/div>\n<\/div>\n<div class=\"item post-5517 product type-product status-publish has-post-thumbnail rangos-de-3-a-6-anys rangos-de-6-a-9-anys rangos-de-9-a-12-anys rangos-mes-de-12-anys product_cat-aigua product_cat-biodiversidad-va product_cat-cambio-climatico-va product_cat-consum product_cat-ecologia-va product_cat-residus product_cat-sostenibilitat product_cat-valors product_tag-agricultura-va product_tag-aigua product_tag-alimentacio product_tag-bosc product_tag-cambio-climatico-va product_tag-edicio-castella product_tag-fauna-va product_tag-plagues product_tag-problematica-ambiental-va product_tag-reutilizacio product_tag-solidaridad-va product_tag-sostenibilidad-va autor-j-albano-lopez  instock taxable shipping-taxable purchasable product-type-simple\">\n    <div class=\"product-wrap\">\n                        <div class=\"product-image\">\n                             <div class=\"catalog-image\">\n                   <a href=\"https:\/\/laorquideadedarwin.com\/va\/libro\/la-vidriola-de-mariola-i-el-canvi-climatic-castella\/\">\n                        <img loading=\"lazy\" decoding=\"async\" width=\"216\" height=\"305\" src=\"https:\/\/laorquideadedarwin.com\/wp-content\/uploads\/2024\/11\/La_hucha_de_Mariola_y_el_cambio_climatico-216x305.jpg\" class=\"attachment-bookstore_product_thumb size-bookstore_product_thumb wp-post-image\" alt=\"\" \/>                        <div class=\"button yith-wcqv-button\" data-product_id=\"5517\">\n                             <i class=\"fa fa-search\"><\/i>\n                        <\/div>\n                   <\/a>\n               <\/div>\n                              <div class=\"product-buttons\">\n                      <div class=\"add-to-cart-btn\"><a href=\"\/va\/wp-json\/wp\/v2\/pages\/1012?add-to-cart=5517\" rel=\"nofollow\" data-product_id=\"5517\" data-product_sku=\"\" data-quantity=\"1\" class=\"button add_to_cart_button ajax_add_to_cart product_type_simple\">Afegir a la cistella<\/a><\/div>                       <div class=\"yith_compare_btn\">\n                                                   <\/div>\n                        \n                 \n                   <\/div>\n               <\/div><!-- end product-image -->\n           <div class=\"product-content\">\n               <h4 class=\"product_title\"><a class=\"bks_product_title_link\" href=\"https:\/\/laorquideadedarwin.com\/va\/libro\/la-vidriola-de-mariola-i-el-canvi-climatic-castella\/\">La vidriola de Mariola i el canvi clim\u00e0tic Ed. Castell\u00e0<\/a><\/h4>\n               \n\t<span class=\"price\"><span class=\"woocs_price_code\" data-currency=\"\" data-redraw-id=\"69f20a6fb22d0\" data-product-id=\"5517\"><span class=\"woocommerce-Price-amount amount\"><span class=\"woocommerce-Price-currencySymbol\">&euro;<\/span>&nbsp;17.80<\/span><\/span><\/span>\n           <\/div><!-- end product-content -->\n\n    <\/div>\n<\/div>\n<div class=\"item post-4452 product type-product status-publish has-post-thumbnail rangos-de-6-a-9-anys rangos-de-9-a-12-anys product_cat-aigua product_cat-biodiversidad-va product_cat-ecologia-va product_cat-patrimoni-historic product_tag-albufera-va product_tag-amistat product_tag-cultura-va product_tag-edicio-valencia product_tag-fauna-va product_tag-historia-va autor-albert-hernandez-i-xulvi last instock taxable shipping-taxable purchasable product-type-simple\">\n    <div class=\"product-wrap\">\n                        <div class=\"product-image\">\n                             <div class=\"catalog-image\">\n                   <a href=\"https:\/\/laorquideadedarwin.com\/va\/libro\/estiu-a-lalbufera\/\">\n                        <img loading=\"lazy\" decoding=\"async\" width=\"216\" height=\"305\" src=\"https:\/\/laorquideadedarwin.com\/wp-content\/uploads\/2023\/06\/estiu_albufera_cuento_Albert_hernandez-216x305.jpg\" class=\"attachment-bookstore_product_thumb size-bookstore_product_thumb wp-post-image\" alt=\"\" \/>                        <div class=\"button yith-wcqv-button\" data-product_id=\"4452\">\n                             <i class=\"fa fa-search\"><\/i>\n                        <\/div>\n                   <\/a>\n               <\/div>\n                              <div class=\"product-buttons\">\n                      <div class=\"add-to-cart-btn\"><a href=\"\/va\/wp-json\/wp\/v2\/pages\/1012?add-to-cart=4452\" rel=\"nofollow\" data-product_id=\"4452\" data-product_sku=\"\" data-quantity=\"1\" class=\"button add_to_cart_button ajax_add_to_cart product_type_simple\">Afegir a la cistella<\/a><\/div>                       <div class=\"yith_compare_btn\">\n                                                   <\/div>\n                        \n                 \n                   <\/div>\n               <\/div><!-- end product-image -->\n           <div class=\"product-content\">\n               <h4 class=\"product_title\"><a class=\"bks_product_title_link\" href=\"https:\/\/laorquideadedarwin.com\/va\/libro\/estiu-a-lalbufera\/\">Estiu a l\u2019Albufera<\/a><\/h4>\n               \n\t<span class=\"price\"><span class=\"woocs_price_code\" data-currency=\"\" data-redraw-id=\"69f20a6fb3932\" data-product-id=\"4452\"><span class=\"woocommerce-Price-amount amount\"><span class=\"woocommerce-Price-currencySymbol\">&euro;<\/span>&nbsp;8.95<\/span><\/span><\/span>\n           <\/div><!-- end product-content -->\n\n    <\/div>\n<\/div>\n<div class=\"item post-3598 product type-product status-publish has-post-thumbnail rangos-de-6-a-9-anys rangos-de-9-a-12-anys product_cat-aigua product_cat-biodiversidad-va product_cat-ecologia-va product_tag-aigua product_tag-amistat product_tag-edicio-castella product_tag-fauna-va product_tag-residus product_tag-xarxa-trofica autor-david-lopez autor-juan-pedro-fernandez  instock taxable shipping-taxable purchasable product-type-simple\">\n    <div class=\"product-wrap\">\n                        <div class=\"product-image\">\n                             <div class=\"catalog-image\">\n                   <a href=\"https:\/\/laorquideadedarwin.com\/va\/libro\/trico-la-vida-bajo-el-agua\/\">\n                        <img loading=\"lazy\" decoding=\"async\" width=\"216\" height=\"305\" src=\"https:\/\/laorquideadedarwin.com\/wp-content\/uploads\/2021\/04\/Cubierta_Trico-216x305.jpg\" class=\"attachment-bookstore_product_thumb size-bookstore_product_thumb wp-post-image\" alt=\"\" \/>                        <div class=\"button yith-wcqv-button\" data-product_id=\"3598\">\n                             <i class=\"fa fa-search\"><\/i>\n                        <\/div>\n                   <\/a>\n               <\/div>\n                              <div class=\"product-buttons\">\n                      <div class=\"add-to-cart-btn\"><a href=\"\/va\/wp-json\/wp\/v2\/pages\/1012?add-to-cart=3598\" rel=\"nofollow\" data-product_id=\"3598\" data-product_sku=\"\" data-quantity=\"1\" class=\"button add_to_cart_button ajax_add_to_cart product_type_simple\">Afegir a la cistella<\/a><\/div>                       <div class=\"yith_compare_btn\">\n                                                   <\/div>\n                        \n                 \n                   <\/div>\n               <\/div><!-- end product-image -->\n           <div class=\"product-content\">\n               <h4 class=\"product_title\"><a class=\"bks_product_title_link\" href=\"https:\/\/laorquideadedarwin.com\/va\/libro\/trico-la-vida-bajo-el-agua\/\">Trico. La vida bajo el agua<\/a><\/h4>\n               \n\t<span class=\"price\"><span class=\"woocs_price_code\" data-currency=\"\" data-redraw-id=\"69f20a6fb4ffb\" data-product-id=\"3598\"><span class=\"woocommerce-Price-amount amount\"><span class=\"woocommerce-Price-currencySymbol\">&euro;<\/span>&nbsp;9.95<\/span><\/span><\/span>\n           <\/div><!-- end product-content -->\n\n    <\/div>\n<\/div>\n<\/div><\/div>[\/vc_tta_section][vc_tta_section title=&#8221;Canvi clim\u00e0tic&#8221; tab_id=&#8221;1612453158015-35730954-9786&#8243;]No Products[\/vc_tta_section][vc_tta_section title=&#8221;Patrimoni cultural&#8221; tab_id=&#8221;1612453978642-bfccab1b-1a64&#8243;]<div class='woocommerce bks-product-slider '><div class='carousel-controls'>\n               <div class='owl-prev'>\n                    <a class='prev'><i class='fa fa-angle-left'><\/i><\/a>\n               <\/div>\n               <div class='owl-next'>\n                    <a class='next'><i class='fa fa-angle-right'><\/i><\/a>\n               <\/div>\n              <\/div>\n              <div id='carousel_JzMe1' class='owl-carousel'><div class=\"item post-5789 product type-product status-publish has-post-thumbnail rangos-de-3-a-6-anys product_cat-cambio-climatico-va product_cat-patrimoni-historic product_cat-valors product_tag-amistat product_tag-cambio-climatico-va product_tag-cultura-va product_tag-edicio-castella product_tag-llectura product_tag-problematica-ambiental-va product_tag-solidaridad-va last instock taxable shipping-taxable purchasable product-type-simple\">\n    <div class=\"product-wrap\">\n                        <div class=\"product-image\">\n                             <div class=\"catalog-image\">\n                   <a href=\"https:\/\/laorquideadedarwin.com\/va\/libro\/cuenta-conmigo-ed-valencia\/\">\n                        <img loading=\"lazy\" decoding=\"async\" width=\"216\" height=\"305\" src=\"https:\/\/laorquideadedarwin.com\/wp-content\/uploads\/2025\/12\/Cuenta-conmigo-portada-216x305.jpg\" class=\"attachment-bookstore_product_thumb size-bookstore_product_thumb wp-post-image\" alt=\"\" \/>                        <div class=\"button yith-wcqv-button\" data-product_id=\"5789\">\n                             <i class=\"fa fa-search\"><\/i>\n                        <\/div>\n                   <\/a>\n               <\/div>\n                              <div class=\"product-buttons\">\n                      <div class=\"add-to-cart-btn\"><a href=\"\/va\/wp-json\/wp\/v2\/pages\/1012?add-to-cart=5789\" rel=\"nofollow\" data-product_id=\"5789\" data-product_sku=\"\" data-quantity=\"1\" class=\"button add_to_cart_button ajax_add_to_cart product_type_simple\">Afegir a la cistella<\/a><\/div>                       <div class=\"yith_compare_btn\">\n                                                   <\/div>\n                        \n                 \n                   <\/div>\n               <\/div><!-- end product-image -->\n           <div class=\"product-content\">\n               <h4 class=\"product_title\"><a class=\"bks_product_title_link\" href=\"https:\/\/laorquideadedarwin.com\/va\/libro\/cuenta-conmigo-ed-valencia\/\">Cuenta conmigo. Ed. Valenci\u00e0<\/a><\/h4>\n               \n\t<span class=\"price\"><span class=\"woocs_price_code\" data-currency=\"\" data-redraw-id=\"69f20a6fb8752\" data-product-id=\"5789\"><span class=\"woocommerce-Price-amount amount\"><span class=\"woocommerce-Price-currencySymbol\">&euro;<\/span>&nbsp;10.00<\/span><\/span><\/span>\n           <\/div><!-- end product-content -->\n\n    <\/div>\n<\/div>\n<div class=\"item post-5415 product type-product status-publish has-post-thumbnail Colecciones-les-aventures-de-belen rangos-de-6-a-9-anys rangos-de-9-a-12-anys product_cat-aigua product_cat-historia-va product_cat-patrimoni-historic product_tag-aigua product_tag-alimentacio product_tag-amistat product_tag-cultura-va product_tag-edicio-valencia product_tag-historia-va autor-j-albano-lopez  instock taxable shipping-taxable purchasable product-type-simple\">\n    <div class=\"product-wrap\">\n                        <div class=\"product-image\">\n                             <div class=\"catalog-image\">\n                   <a href=\"https:\/\/laorquideadedarwin.com\/va\/libro\/betlem-petrie-i-el-misteri-de-la-torre-2ed\/\">\n                        <img loading=\"lazy\" decoding=\"async\" width=\"216\" height=\"305\" src=\"https:\/\/laorquideadedarwin.com\/wp-content\/uploads\/2024\/10\/Betlem_Petrie_misteri_torre_educacio_ambiental-216x305.jpg\" class=\"attachment-bookstore_product_thumb size-bookstore_product_thumb wp-post-image\" alt=\"\" srcset=\"https:\/\/laorquideadedarwin.com\/wp-content\/uploads\/2024\/10\/Betlem_Petrie_misteri_torre_educacio_ambiental-216x305.jpg 216w, https:\/\/laorquideadedarwin.com\/wp-content\/uploads\/2024\/10\/Betlem_Petrie_misteri_torre_educacio_ambiental-212x300.jpg 212w, https:\/\/laorquideadedarwin.com\/wp-content\/uploads\/2024\/10\/Betlem_Petrie_misteri_torre_educacio_ambiental-294x416.jpg 294w, https:\/\/laorquideadedarwin.com\/wp-content\/uploads\/2024\/10\/Betlem_Petrie_misteri_torre_educacio_ambiental-380x538.jpg 380w, https:\/\/laorquideadedarwin.com\/wp-content\/uploads\/2024\/10\/Betlem_Petrie_misteri_torre_educacio_ambiental.jpg 632w\" sizes=\"auto, (max-width: 216px) 100vw, 216px\" \/>                        <div class=\"button yith-wcqv-button\" data-product_id=\"5415\">\n                             <i class=\"fa fa-search\"><\/i>\n                        <\/div>\n                   <\/a>\n               <\/div>\n                              <div class=\"product-buttons\">\n                      <div class=\"add-to-cart-btn\"><a href=\"\/va\/wp-json\/wp\/v2\/pages\/1012?add-to-cart=5415\" rel=\"nofollow\" data-product_id=\"5415\" data-product_sku=\"\" data-quantity=\"1\" class=\"button add_to_cart_button ajax_add_to_cart product_type_simple\">Afegir a la cistella<\/a><\/div>                       <div class=\"yith_compare_btn\">\n                                                   <\/div>\n                        \n                 \n                   <\/div>\n               <\/div><!-- end product-image -->\n           <div class=\"product-content\">\n               <h4 class=\"product_title\"><a class=\"bks_product_title_link\" href=\"https:\/\/laorquideadedarwin.com\/va\/libro\/betlem-petrie-i-el-misteri-de-la-torre-2ed\/\">Betlem Petrie i el misteri de la torre (2\u00aaed)<\/a><\/h4>\n               \n\t<span class=\"price\"><span class=\"woocs_price_code\" data-currency=\"\" data-redraw-id=\"69f20a6fb9dce\" data-product-id=\"5415\"><span class=\"woocommerce-Price-amount amount\"><span class=\"woocommerce-Price-currencySymbol\">&euro;<\/span>&nbsp;10.45<\/span><\/span><\/span>\n           <\/div><!-- end product-content -->\n\n    <\/div>\n<\/div>\n<div class=\"item post-4567 product type-product status-publish has-post-thumbnail rangos-de-6-a-9-anys rangos-de-9-a-12-anys product_cat-aigua product_cat-historia-va product_cat-patrimoni-historic product_tag-aigua product_tag-alimentacio product_tag-amistat product_tag-cultura-va product_tag-edicio-valencia product_tag-historia-va autor-j-albano-lopez last outofstock taxable shipping-taxable purchasable product-type-simple\">\n    <div class=\"product-wrap\">\n                        <div class=\"product-image\">\n                             <div class=\"catalog-image\">\n                   <a href=\"https:\/\/laorquideadedarwin.com\/va\/libro\/betlem-petrie-i-el-misteri-de-la-torre\/\">\n                        <img loading=\"lazy\" decoding=\"async\" width=\"216\" height=\"305\" src=\"https:\/\/laorquideadedarwin.com\/wp-content\/uploads\/2024\/10\/Betlem_Petrie_el_misteri_de_la_torre-216x305.jpg\" class=\"attachment-bookstore_product_thumb size-bookstore_product_thumb wp-post-image\" alt=\"\" \/>                        <div class=\"button yith-wcqv-button\" data-product_id=\"4567\">\n                             <i class=\"fa fa-search\"><\/i>\n                        <\/div>\n                   <\/a>\n               <\/div>\n                              <div class=\"product-buttons\">\n                      <div class=\"add-to-cart-btn\"><a href=\"https:\/\/laorquideadedarwin.com\/va\/libro\/betlem-petrie-i-el-misteri-de-la-torre\/\" rel=\"nofollow\" data-product_id=\"4567\" data-product_sku=\"\" data-quantity=\"1\" class=\"button  ajax_add_to_cart product_type_simple\">Llegir m\u00e9s<\/a><\/div>                       <div class=\"yith_compare_btn\">\n                                                   <\/div>\n                        \n                 <div class=\"out-of-stock-label\">Fora d&#039;estoc<\/div>\n                   <\/div>\n               <\/div><!-- end product-image -->\n           <div class=\"product-content\">\n               <h4 class=\"product_title\"><a class=\"bks_product_title_link\" href=\"https:\/\/laorquideadedarwin.com\/va\/libro\/betlem-petrie-i-el-misteri-de-la-torre\/\">Betlem Petrie i el misteri de la torre<\/a><\/h4>\n               \n\t<span class=\"price\"><span class=\"woocs_price_code\" data-currency=\"\" data-redraw-id=\"69f20a6fbb45f\" data-product-id=\"4567\"><span class=\"woocommerce-Price-amount amount\"><span class=\"woocommerce-Price-currencySymbol\">&euro;<\/span>&nbsp;10.45<\/span><\/span><\/span>\n           <\/div><!-- end product-content -->\n\n    <\/div>\n<\/div>\n<div class=\"item post-4452 product type-product status-publish has-post-thumbnail rangos-de-6-a-9-anys rangos-de-9-a-12-anys product_cat-aigua product_cat-biodiversidad-va product_cat-ecologia-va product_cat-patrimoni-historic product_tag-albufera-va product_tag-amistat product_tag-cultura-va product_tag-edicio-valencia product_tag-fauna-va product_tag-historia-va autor-albert-hernandez-i-xulvi  instock taxable shipping-taxable purchasable product-type-simple\">\n    <div class=\"product-wrap\">\n                        <div class=\"product-image\">\n                             <div class=\"catalog-image\">\n                   <a href=\"https:\/\/laorquideadedarwin.com\/va\/libro\/estiu-a-lalbufera\/\">\n                        <img loading=\"lazy\" decoding=\"async\" width=\"216\" height=\"305\" src=\"https:\/\/laorquideadedarwin.com\/wp-content\/uploads\/2023\/06\/estiu_albufera_cuento_Albert_hernandez-216x305.jpg\" class=\"attachment-bookstore_product_thumb size-bookstore_product_thumb wp-post-image\" alt=\"\" \/>                        <div class=\"button yith-wcqv-button\" data-product_id=\"4452\">\n                             <i class=\"fa fa-search\"><\/i>\n                        <\/div>\n                   <\/a>\n               <\/div>\n                              <div class=\"product-buttons\">\n                      <div class=\"add-to-cart-btn\"><a href=\"\/va\/wp-json\/wp\/v2\/pages\/1012?add-to-cart=4452\" rel=\"nofollow\" data-product_id=\"4452\" data-product_sku=\"\" data-quantity=\"1\" class=\"button add_to_cart_button ajax_add_to_cart product_type_simple\">Afegir a la cistella<\/a><\/div>                       <div class=\"yith_compare_btn\">\n                                                   <\/div>\n                        \n                 \n                   <\/div>\n               <\/div><!-- end product-image -->\n           <div class=\"product-content\">\n               <h4 class=\"product_title\"><a class=\"bks_product_title_link\" href=\"https:\/\/laorquideadedarwin.com\/va\/libro\/estiu-a-lalbufera\/\">Estiu a l\u2019Albufera<\/a><\/h4>\n               \n\t<span class=\"price\"><span class=\"woocs_price_code\" data-currency=\"\" data-redraw-id=\"69f20a6fbc9d5\" data-product-id=\"4452\"><span class=\"woocommerce-Price-amount amount\"><span class=\"woocommerce-Price-currencySymbol\">&euro;<\/span>&nbsp;8.95<\/span><\/span><\/span>\n           <\/div><!-- end product-content -->\n\n    <\/div>\n<\/div>\n<div class=\"item post-4203 product type-product status-publish has-post-thumbnail rangos-mes-de-12-anys product_cat-patrimoni-historic product_cat-sostenibilitat product_cat-valors product_tag-edicio-valencia product_tag-poesia-va product_tag-problematica-ambiental-va autor-ramon-guillem last instock taxable shipping-taxable purchasable product-type-simple\">\n    <div class=\"product-wrap\">\n                        <div class=\"product-image\">\n                             <div class=\"catalog-image\">\n                   <a href=\"https:\/\/laorquideadedarwin.com\/va\/libro\/plou-cendra-des-dahir-poemes-del-medi-ambient-i-la-natura\/\">\n                        <img loading=\"lazy\" decoding=\"async\" width=\"216\" height=\"305\" src=\"https:\/\/laorquideadedarwin.com\/wp-content\/uploads\/2022\/12\/Plou_cendra_orquidea_de_Darwin-216x305.jpg\" class=\"attachment-bookstore_product_thumb size-bookstore_product_thumb wp-post-image\" alt=\"plou cendra\" srcset=\"https:\/\/laorquideadedarwin.com\/wp-content\/uploads\/2022\/12\/Plou_cendra_orquidea_de_Darwin-216x305.jpg 216w, https:\/\/laorquideadedarwin.com\/wp-content\/uploads\/2022\/12\/Plou_cendra_orquidea_de_Darwin-212x300.jpg 212w, https:\/\/laorquideadedarwin.com\/wp-content\/uploads\/2022\/12\/Plou_cendra_orquidea_de_Darwin-294x416.jpg 294w, https:\/\/laorquideadedarwin.com\/wp-content\/uploads\/2022\/12\/Plou_cendra_orquidea_de_Darwin-380x538.jpg 380w, https:\/\/laorquideadedarwin.com\/wp-content\/uploads\/2022\/12\/Plou_cendra_orquidea_de_Darwin.jpg 593w\" sizes=\"auto, (max-width: 216px) 100vw, 216px\" \/>                        <div class=\"button yith-wcqv-button\" data-product_id=\"4203\">\n                             <i class=\"fa fa-search\"><\/i>\n                        <\/div>\n                   <\/a>\n               <\/div>\n                              <div class=\"product-buttons\">\n                      <div class=\"add-to-cart-btn\"><a href=\"\/va\/wp-json\/wp\/v2\/pages\/1012?add-to-cart=4203\" rel=\"nofollow\" data-product_id=\"4203\" data-product_sku=\"\" data-quantity=\"1\" class=\"button add_to_cart_button ajax_add_to_cart product_type_simple\">Afegir a la cistella<\/a><\/div>                       <div class=\"yith_compare_btn\">\n                                                   <\/div>\n                        \n                 \n                   <\/div>\n               <\/div><!-- end product-image -->\n           <div class=\"product-content\">\n               <h4 class=\"product_title\"><a class=\"bks_product_title_link\" href=\"https:\/\/laorquideadedarwin.com\/va\/libro\/plou-cendra-des-dahir-poemes-del-medi-ambient-i-la-natura\/\">Plou cendra des d\u2019ahir. Poemes del medi ambient i la natura<\/a><\/h4>\n               \n\t<span class=\"price\"><span class=\"woocs_price_code\" data-currency=\"\" data-redraw-id=\"69f20a6fbdfca\" data-product-id=\"4203\"><span class=\"woocommerce-Price-amount amount\"><span class=\"woocommerce-Price-currencySymbol\">&euro;<\/span>&nbsp;9.90<\/span><\/span><\/span>\n           <\/div><!-- end product-content -->\n\n    <\/div>\n<\/div>\n<div class=\"item post-3609 product type-product status-publish has-post-thumbnail Colecciones-les-aventures-de-belen rangos-de-6-a-9-anys rangos-de-9-a-12-anys rangos-mes-de-12-anys product_cat-consum product_cat-historia-va product_cat-patrimoni-historic product_tag-agricultura-va product_tag-alimentacio product_tag-edicio-valencia product_tag-egipte product_tag-historia-va autor-marina-pinilla autor-miquel-puig  instock taxable shipping-taxable purchasable product-type-simple\">\n    <div class=\"product-wrap\">\n                        <div class=\"product-image\">\n                             <div class=\"catalog-image\">\n                   <a href=\"https:\/\/laorquideadedarwin.com\/va\/libro\/betlem-petrie-i-el-mites-de-la-mediterrania\/\">\n                        <img loading=\"lazy\" decoding=\"async\" width=\"216\" height=\"305\" src=\"https:\/\/laorquideadedarwin.com\/wp-content\/uploads\/2021\/04\/portada-betlem-216x305.jpg\" class=\"attachment-bookstore_product_thumb size-bookstore_product_thumb wp-post-image\" alt=\"\" srcset=\"https:\/\/laorquideadedarwin.com\/wp-content\/uploads\/2021\/04\/portada-betlem-216x305.jpg 216w, https:\/\/laorquideadedarwin.com\/wp-content\/uploads\/2021\/04\/portada-betlem-213x300.jpg 213w, https:\/\/laorquideadedarwin.com\/wp-content\/uploads\/2021\/04\/portada-betlem-294x415.jpg 294w, https:\/\/laorquideadedarwin.com\/wp-content\/uploads\/2021\/04\/portada-betlem-380x536.jpg 380w, https:\/\/laorquideadedarwin.com\/wp-content\/uploads\/2021\/04\/portada-betlem.jpg 567w\" sizes=\"auto, (max-width: 216px) 100vw, 216px\" \/>                        <div class=\"button yith-wcqv-button\" data-product_id=\"3609\">\n                             <i class=\"fa fa-search\"><\/i>\n                        <\/div>\n                   <\/a>\n               <\/div>\n                              <div class=\"product-buttons\">\n                      <div class=\"add-to-cart-btn\"><a href=\"\/va\/wp-json\/wp\/v2\/pages\/1012?add-to-cart=3609\" rel=\"nofollow\" data-product_id=\"3609\" data-product_sku=\"\" data-quantity=\"1\" class=\"button add_to_cart_button ajax_add_to_cart product_type_simple\">Afegir a la cistella<\/a><\/div>                       <div class=\"yith_compare_btn\">\n                                                   <\/div>\n                        \n                 \n                   <\/div>\n               <\/div><!-- end product-image -->\n           <div class=\"product-content\">\n               <h4 class=\"product_title\"><a class=\"bks_product_title_link\" href=\"https:\/\/laorquideadedarwin.com\/va\/libro\/betlem-petrie-i-el-mites-de-la-mediterrania\/\">Betlem Petrie i el mites de la mediterr\u00e0nia<\/a><\/h4>\n               \n\t<span class=\"price\"><span class=\"woocs_price_code\" data-currency=\"\" data-redraw-id=\"69f20a6fbf698\" data-product-id=\"3609\"><span class=\"woocommerce-Price-amount amount\"><span class=\"woocommerce-Price-currencySymbol\">&euro;<\/span>&nbsp;13.75<\/span><\/span><\/span>\n           <\/div><!-- end product-content -->\n\n    <\/div>\n<\/div>\n<div class=\"item post-1150 product type-product status-publish has-post-thumbnail Colecciones-les-aventures-de-belen rangos-de-6-a-9-anys rangos-de-9-a-12-anys product_cat-historia-va product_cat-patrimoni-historic product_tag-edicio-castella product_tag-historia-va product_tag-visigodos-va autor-juan-pedro-fernandez last instock taxable shipping-taxable purchasable product-type-simple\">\n    <div class=\"product-wrap\">\n                        <div class=\"product-image\">\n                             <div class=\"catalog-image\">\n                   <a href=\"https:\/\/laorquideadedarwin.com\/va\/libro\/el-tresor-de-gerticos-edicio-castella\/\">\n                        <img loading=\"lazy\" decoding=\"async\" width=\"216\" height=\"305\" src=\"https:\/\/laorquideadedarwin.com\/wp-content\/uploads\/2017\/12\/tesoro-gerticos-216x305.jpg\" class=\"attachment-bookstore_product_thumb size-bookstore_product_thumb wp-post-image\" alt=\"\" \/>                        <div class=\"button yith-wcqv-button\" data-product_id=\"1150\">\n                             <i class=\"fa fa-search\"><\/i>\n                        <\/div>\n                   <\/a>\n               <\/div>\n                              <div class=\"product-buttons\">\n                      <div class=\"add-to-cart-btn\"><a href=\"\/va\/wp-json\/wp\/v2\/pages\/1012?add-to-cart=1150\" rel=\"nofollow\" data-product_id=\"1150\" data-product_sku=\"\" data-quantity=\"1\" class=\"button add_to_cart_button ajax_add_to_cart product_type_simple\">Afegir a la cistella<\/a><\/div>                       <div class=\"yith_compare_btn\">\n                                                   <\/div>\n                        \n                 \n                   <\/div>\n               <\/div><!-- end product-image -->\n           <div class=\"product-content\">\n               <h4 class=\"product_title\"><a class=\"bks_product_title_link\" href=\"https:\/\/laorquideadedarwin.com\/va\/libro\/el-tresor-de-gerticos-edicio-castella\/\">El tesoro de Gerticos<\/a><\/h4>\n               \n\t<span class=\"price\"><span class=\"woocs_price_code\" data-currency=\"\" data-redraw-id=\"69f20a6fc0ba3\" data-product-id=\"1150\"><span class=\"woocommerce-Price-amount amount\"><span class=\"woocommerce-Price-currencySymbol\">&euro;<\/span>&nbsp;6.99<\/span><\/span><\/span>\n           <\/div><!-- end product-content -->\n\n    <\/div>\n<\/div>\n<\/div><\/div>[\/vc_tta_section][vc_tta_section title=&#8221;Consum&#8221; tab_id=&#8221;1612453997258-ed5a2b02-0aa4&#8243;]<div class='woocommerce bks-product-slider '><div class='carousel-controls'>\n               <div class='owl-prev'>\n                    <a class='prev'><i class='fa fa-angle-left'><\/i><\/a>\n               <\/div>\n               <div class='owl-next'>\n                    <a class='next'><i class='fa fa-angle-right'><\/i><\/a>\n               <\/div>\n              <\/div>\n              <div id='carousel_M7Hqi' class='owl-carousel'><div class=\"item post-5522 product type-product status-publish has-post-thumbnail rangos-de-3-a-6-anys rangos-de-6-a-9-anys rangos-de-9-a-12-anys rangos-mes-de-12-anys product_cat-aigua product_cat-biodiversidad-va product_cat-cambio-climatico-va product_cat-consum product_cat-ecologia-va product_cat-residus product_cat-sostenibilitat product_cat-valors product_tag-agricultura-va product_tag-aigua product_tag-alimentacio product_tag-bosc product_tag-cambio-climatico-va product_tag-edicio-valencia product_tag-fauna-va product_tag-plagues product_tag-problematica-ambiental-va product_tag-reutilizacio product_tag-solidaridad-va product_tag-sostenibilidad-va autor-j-albano-lopez  instock taxable shipping-taxable purchasable product-type-simple\">\n    <div class=\"product-wrap\">\n                        <div class=\"product-image\">\n                             <div class=\"catalog-image\">\n                   <a href=\"https:\/\/laorquideadedarwin.com\/va\/libro\/la-vidriola-de-mariola-i-el-canvi-climatic-ed-valencia\/\">\n                        <img loading=\"lazy\" decoding=\"async\" width=\"216\" height=\"305\" src=\"https:\/\/laorquideadedarwin.com\/wp-content\/uploads\/2024\/11\/La_vidriola_-de_-Mariola_i_el_canvi_climatic-216x305.jpg\" class=\"attachment-bookstore_product_thumb size-bookstore_product_thumb wp-post-image\" alt=\"\" \/>                        <div class=\"button yith-wcqv-button\" data-product_id=\"5522\">\n                             <i class=\"fa fa-search\"><\/i>\n                        <\/div>\n                   <\/a>\n               <\/div>\n                              <div class=\"product-buttons\">\n                      <div class=\"add-to-cart-btn\"><a href=\"\/va\/wp-json\/wp\/v2\/pages\/1012?add-to-cart=5522\" rel=\"nofollow\" data-product_id=\"5522\" data-product_sku=\"\" data-quantity=\"1\" class=\"button add_to_cart_button ajax_add_to_cart product_type_simple\">Afegir a la cistella<\/a><\/div>                       <div class=\"yith_compare_btn\">\n                                                   <\/div>\n                        \n                 \n                   <\/div>\n               <\/div><!-- end product-image -->\n           <div class=\"product-content\">\n               <h4 class=\"product_title\"><a class=\"bks_product_title_link\" href=\"https:\/\/laorquideadedarwin.com\/va\/libro\/la-vidriola-de-mariola-i-el-canvi-climatic-ed-valencia\/\">La vidriola de Mariola i el canvi clim\u00e0tic Ed. Valenci\u00e0<\/a><\/h4>\n               \n\t<span class=\"price\"><span class=\"woocs_price_code\" data-currency=\"\" data-redraw-id=\"69f20a6fc39a3\" data-product-id=\"5522\"><span class=\"woocommerce-Price-amount amount\"><span class=\"woocommerce-Price-currencySymbol\">&euro;<\/span>&nbsp;17.80<\/span><\/span><\/span>\n           <\/div><!-- end product-content -->\n\n    <\/div>\n<\/div>\n<div class=\"item post-5517 product type-product status-publish has-post-thumbnail rangos-de-3-a-6-anys rangos-de-6-a-9-anys rangos-de-9-a-12-anys rangos-mes-de-12-anys product_cat-aigua product_cat-biodiversidad-va product_cat-cambio-climatico-va product_cat-consum product_cat-ecologia-va product_cat-residus product_cat-sostenibilitat product_cat-valors product_tag-agricultura-va product_tag-aigua product_tag-alimentacio product_tag-bosc product_tag-cambio-climatico-va product_tag-edicio-castella product_tag-fauna-va product_tag-plagues product_tag-problematica-ambiental-va product_tag-reutilizacio product_tag-solidaridad-va product_tag-sostenibilidad-va autor-j-albano-lopez last instock taxable shipping-taxable purchasable product-type-simple\">\n    <div class=\"product-wrap\">\n                        <div class=\"product-image\">\n                             <div class=\"catalog-image\">\n                   <a href=\"https:\/\/laorquideadedarwin.com\/va\/libro\/la-vidriola-de-mariola-i-el-canvi-climatic-castella\/\">\n                        <img loading=\"lazy\" decoding=\"async\" width=\"216\" height=\"305\" src=\"https:\/\/laorquideadedarwin.com\/wp-content\/uploads\/2024\/11\/La_hucha_de_Mariola_y_el_cambio_climatico-216x305.jpg\" class=\"attachment-bookstore_product_thumb size-bookstore_product_thumb wp-post-image\" alt=\"\" \/>                        <div class=\"button yith-wcqv-button\" data-product_id=\"5517\">\n                             <i class=\"fa fa-search\"><\/i>\n                        <\/div>\n                   <\/a>\n               <\/div>\n                              <div class=\"product-buttons\">\n                      <div class=\"add-to-cart-btn\"><a href=\"\/va\/wp-json\/wp\/v2\/pages\/1012?add-to-cart=5517\" rel=\"nofollow\" data-product_id=\"5517\" data-product_sku=\"\" data-quantity=\"1\" class=\"button add_to_cart_button ajax_add_to_cart product_type_simple\">Afegir a la cistella<\/a><\/div>                       <div class=\"yith_compare_btn\">\n                                                   <\/div>\n                        \n                 \n                   <\/div>\n               <\/div><!-- end product-image -->\n           <div class=\"product-content\">\n               <h4 class=\"product_title\"><a class=\"bks_product_title_link\" href=\"https:\/\/laorquideadedarwin.com\/va\/libro\/la-vidriola-de-mariola-i-el-canvi-climatic-castella\/\">La vidriola de Mariola i el canvi clim\u00e0tic Ed. Castell\u00e0<\/a><\/h4>\n               \n\t<span class=\"price\"><span class=\"woocs_price_code\" data-currency=\"\" data-redraw-id=\"69f20a6fc4f6e\" data-product-id=\"5517\"><span class=\"woocommerce-Price-amount amount\"><span class=\"woocommerce-Price-currencySymbol\">&euro;<\/span>&nbsp;17.80<\/span><\/span><\/span>\n           <\/div><!-- end product-content -->\n\n    <\/div>\n<\/div>\n<div class=\"item post-3609 product type-product status-publish has-post-thumbnail Colecciones-les-aventures-de-belen rangos-de-6-a-9-anys rangos-de-9-a-12-anys rangos-mes-de-12-anys product_cat-consum product_cat-historia-va product_cat-patrimoni-historic product_tag-agricultura-va product_tag-alimentacio product_tag-edicio-valencia product_tag-egipte product_tag-historia-va autor-marina-pinilla autor-miquel-puig  instock taxable shipping-taxable purchasable product-type-simple\">\n    <div class=\"product-wrap\">\n                        <div class=\"product-image\">\n                             <div class=\"catalog-image\">\n                   <a href=\"https:\/\/laorquideadedarwin.com\/va\/libro\/betlem-petrie-i-el-mites-de-la-mediterrania\/\">\n                        <img loading=\"lazy\" decoding=\"async\" width=\"216\" height=\"305\" src=\"https:\/\/laorquideadedarwin.com\/wp-content\/uploads\/2021\/04\/portada-betlem-216x305.jpg\" class=\"attachment-bookstore_product_thumb size-bookstore_product_thumb wp-post-image\" alt=\"\" srcset=\"https:\/\/laorquideadedarwin.com\/wp-content\/uploads\/2021\/04\/portada-betlem-216x305.jpg 216w, https:\/\/laorquideadedarwin.com\/wp-content\/uploads\/2021\/04\/portada-betlem-213x300.jpg 213w, https:\/\/laorquideadedarwin.com\/wp-content\/uploads\/2021\/04\/portada-betlem-294x415.jpg 294w, https:\/\/laorquideadedarwin.com\/wp-content\/uploads\/2021\/04\/portada-betlem-380x536.jpg 380w, https:\/\/laorquideadedarwin.com\/wp-content\/uploads\/2021\/04\/portada-betlem.jpg 567w\" sizes=\"auto, (max-width: 216px) 100vw, 216px\" \/>                        <div class=\"button yith-wcqv-button\" data-product_id=\"3609\">\n                             <i class=\"fa fa-search\"><\/i>\n                        <\/div>\n                   <\/a>\n               <\/div>\n                              <div class=\"product-buttons\">\n                      <div class=\"add-to-cart-btn\"><a href=\"\/va\/wp-json\/wp\/v2\/pages\/1012?add-to-cart=3609\" rel=\"nofollow\" data-product_id=\"3609\" data-product_sku=\"\" data-quantity=\"1\" class=\"button add_to_cart_button ajax_add_to_cart product_type_simple\">Afegir a la cistella<\/a><\/div>                       <div class=\"yith_compare_btn\">\n                                                   <\/div>\n                        \n                 \n                   <\/div>\n               <\/div><!-- end product-image -->\n           <div class=\"product-content\">\n               <h4 class=\"product_title\"><a class=\"bks_product_title_link\" href=\"https:\/\/laorquideadedarwin.com\/va\/libro\/betlem-petrie-i-el-mites-de-la-mediterrania\/\">Betlem Petrie i el mites de la mediterr\u00e0nia<\/a><\/h4>\n               \n\t<span class=\"price\"><span class=\"woocs_price_code\" data-currency=\"\" data-redraw-id=\"69f20a6fc6656\" data-product-id=\"3609\"><span class=\"woocommerce-Price-amount amount\"><span class=\"woocommerce-Price-currencySymbol\">&euro;<\/span>&nbsp;13.75<\/span><\/span><\/span>\n           <\/div><!-- end product-content -->\n\n    <\/div>\n<\/div>\n<\/div><\/div>[\/vc_tta_section][vc_tta_section title=&#8221;Residus&#8221; tab_id=&#8221;1612454012054-dcf395db-50f4&#8243;]<div class='woocommerce bks-product-slider '><div class='carousel-controls'>\n               <div class='owl-prev'>\n                    <a class='prev'><i class='fa fa-angle-left'><\/i><\/a>\n               <\/div>\n               <div class='owl-next'>\n                    <a class='next'><i class='fa fa-angle-right'><\/i><\/a>\n               <\/div>\n              <\/div>\n              <div id='carousel_h6kZG' class='owl-carousel'><div class=\"item post-5522 product type-product status-publish has-post-thumbnail rangos-de-3-a-6-anys rangos-de-6-a-9-anys rangos-de-9-a-12-anys rangos-mes-de-12-anys product_cat-aigua product_cat-biodiversidad-va product_cat-cambio-climatico-va product_cat-consum product_cat-ecologia-va product_cat-residus product_cat-sostenibilitat product_cat-valors product_tag-agricultura-va product_tag-aigua product_tag-alimentacio product_tag-bosc product_tag-cambio-climatico-va product_tag-edicio-valencia product_tag-fauna-va product_tag-plagues product_tag-problematica-ambiental-va product_tag-reutilizacio product_tag-solidaridad-va product_tag-sostenibilidad-va autor-j-albano-lopez last instock taxable shipping-taxable purchasable product-type-simple\">\n    <div class=\"product-wrap\">\n                        <div class=\"product-image\">\n                             <div class=\"catalog-image\">\n                   <a href=\"https:\/\/laorquideadedarwin.com\/va\/libro\/la-vidriola-de-mariola-i-el-canvi-climatic-ed-valencia\/\">\n                        <img loading=\"lazy\" decoding=\"async\" width=\"216\" height=\"305\" src=\"https:\/\/laorquideadedarwin.com\/wp-content\/uploads\/2024\/11\/La_vidriola_-de_-Mariola_i_el_canvi_climatic-216x305.jpg\" class=\"attachment-bookstore_product_thumb size-bookstore_product_thumb wp-post-image\" alt=\"\" \/>                        <div class=\"button yith-wcqv-button\" data-product_id=\"5522\">\n                             <i class=\"fa fa-search\"><\/i>\n                        <\/div>\n                   <\/a>\n               <\/div>\n                              <div class=\"product-buttons\">\n                      <div class=\"add-to-cart-btn\"><a href=\"\/va\/wp-json\/wp\/v2\/pages\/1012?add-to-cart=5522\" rel=\"nofollow\" data-product_id=\"5522\" data-product_sku=\"\" data-quantity=\"1\" class=\"button add_to_cart_button ajax_add_to_cart product_type_simple\">Afegir a la cistella<\/a><\/div>                       <div class=\"yith_compare_btn\">\n                                                   <\/div>\n                        \n                 \n                   <\/div>\n               <\/div><!-- end product-image -->\n           <div class=\"product-content\">\n               <h4 class=\"product_title\"><a class=\"bks_product_title_link\" href=\"https:\/\/laorquideadedarwin.com\/va\/libro\/la-vidriola-de-mariola-i-el-canvi-climatic-ed-valencia\/\">La vidriola de Mariola i el canvi clim\u00e0tic Ed. Valenci\u00e0<\/a><\/h4>\n               \n\t<span class=\"price\"><span class=\"woocs_price_code\" data-currency=\"\" data-redraw-id=\"69f20a6fc918e\" data-product-id=\"5522\"><span class=\"woocommerce-Price-amount amount\"><span class=\"woocommerce-Price-currencySymbol\">&euro;<\/span>&nbsp;17.80<\/span><\/span><\/span>\n           <\/div><!-- end product-content -->\n\n    <\/div>\n<\/div>\n<div class=\"item post-5517 product type-product status-publish has-post-thumbnail rangos-de-3-a-6-anys rangos-de-6-a-9-anys rangos-de-9-a-12-anys rangos-mes-de-12-anys product_cat-aigua product_cat-biodiversidad-va product_cat-cambio-climatico-va product_cat-consum product_cat-ecologia-va product_cat-residus product_cat-sostenibilitat product_cat-valors product_tag-agricultura-va product_tag-aigua product_tag-alimentacio product_tag-bosc product_tag-cambio-climatico-va product_tag-edicio-castella product_tag-fauna-va product_tag-plagues product_tag-problematica-ambiental-va product_tag-reutilizacio product_tag-solidaridad-va product_tag-sostenibilidad-va autor-j-albano-lopez  instock taxable shipping-taxable purchasable product-type-simple\">\n    <div class=\"product-wrap\">\n                        <div class=\"product-image\">\n                             <div class=\"catalog-image\">\n                   <a href=\"https:\/\/laorquideadedarwin.com\/va\/libro\/la-vidriola-de-mariola-i-el-canvi-climatic-castella\/\">\n                        <img loading=\"lazy\" decoding=\"async\" width=\"216\" height=\"305\" src=\"https:\/\/laorquideadedarwin.com\/wp-content\/uploads\/2024\/11\/La_hucha_de_Mariola_y_el_cambio_climatico-216x305.jpg\" class=\"attachment-bookstore_product_thumb size-bookstore_product_thumb wp-post-image\" alt=\"\" \/>                        <div class=\"button yith-wcqv-button\" data-product_id=\"5517\">\n                             <i class=\"fa fa-search\"><\/i>\n                        <\/div>\n                   <\/a>\n               <\/div>\n                              <div class=\"product-buttons\">\n                      <div class=\"add-to-cart-btn\"><a href=\"\/va\/wp-json\/wp\/v2\/pages\/1012?add-to-cart=5517\" rel=\"nofollow\" data-product_id=\"5517\" data-product_sku=\"\" data-quantity=\"1\" class=\"button add_to_cart_button ajax_add_to_cart product_type_simple\">Afegir a la cistella<\/a><\/div>                       <div class=\"yith_compare_btn\">\n                                                   <\/div>\n                        \n                 \n                   <\/div>\n               <\/div><!-- end product-image -->\n           <div class=\"product-content\">\n               <h4 class=\"product_title\"><a class=\"bks_product_title_link\" href=\"https:\/\/laorquideadedarwin.com\/va\/libro\/la-vidriola-de-mariola-i-el-canvi-climatic-castella\/\">La vidriola de Mariola i el canvi clim\u00e0tic Ed. Castell\u00e0<\/a><\/h4>\n               \n\t<span class=\"price\"><span class=\"woocs_price_code\" data-currency=\"\" data-redraw-id=\"69f20a6fca723\" data-product-id=\"5517\"><span class=\"woocommerce-Price-amount amount\"><span class=\"woocommerce-Price-currencySymbol\">&euro;<\/span>&nbsp;17.80<\/span><\/span><\/span>\n           <\/div><!-- end product-content -->\n\n    <\/div>\n<\/div>\n<div class=\"item post-5425 product type-product status-publish has-post-thumbnail Personajes-doctora-residu-va product_cat-ecologia-va product_cat-residus product_cat-sostenibilitat product_tag-edicio-valencia product_tag-problematica-ambiental-va product_tag-reciclatge product_tag-residus product_tag-reutilizacio autor-victor-benlloch last instock taxable shipping-taxable purchasable product-type-simple\">\n    <div class=\"product-wrap\">\n                        <div class=\"product-image\">\n                             <div class=\"catalog-image\">\n                   <a href=\"https:\/\/laorquideadedarwin.com\/va\/libro\/la-doctora-residu-el-monstre-del-clavegueram\/\">\n                        <img loading=\"lazy\" decoding=\"async\" width=\"216\" height=\"305\" src=\"https:\/\/laorquideadedarwin.com\/wp-content\/uploads\/2024\/10\/Dra_Residu_Monstre_clavegueram-216x305.jpg\" class=\"attachment-bookstore_product_thumb size-bookstore_product_thumb wp-post-image\" alt=\"\" srcset=\"https:\/\/laorquideadedarwin.com\/wp-content\/uploads\/2024\/10\/Dra_Residu_Monstre_clavegueram-216x305.jpg 216w, https:\/\/laorquideadedarwin.com\/wp-content\/uploads\/2024\/10\/Dra_Residu_Monstre_clavegueram-212x300.jpg 212w, https:\/\/laorquideadedarwin.com\/wp-content\/uploads\/2024\/10\/Dra_Residu_Monstre_clavegueram-294x416.jpg 294w, https:\/\/laorquideadedarwin.com\/wp-content\/uploads\/2024\/10\/Dra_Residu_Monstre_clavegueram-380x538.jpg 380w, https:\/\/laorquideadedarwin.com\/wp-content\/uploads\/2024\/10\/Dra_Residu_Monstre_clavegueram.jpg 673w\" sizes=\"auto, (max-width: 216px) 100vw, 216px\" \/>                        <div class=\"button yith-wcqv-button\" data-product_id=\"5425\">\n                             <i class=\"fa fa-search\"><\/i>\n                        <\/div>\n                   <\/a>\n               <\/div>\n                              <div class=\"product-buttons\">\n                      <div class=\"add-to-cart-btn\"><a href=\"\/va\/wp-json\/wp\/v2\/pages\/1012?add-to-cart=5425\" rel=\"nofollow\" data-product_id=\"5425\" data-product_sku=\"\" data-quantity=\"1\" class=\"button add_to_cart_button ajax_add_to_cart product_type_simple\">Afegir a la cistella<\/a><\/div>                       <div class=\"yith_compare_btn\">\n                                                   <\/div>\n                        \n                 \n                   <\/div>\n               <\/div><!-- end product-image -->\n           <div class=\"product-content\">\n               <h4 class=\"product_title\"><a class=\"bks_product_title_link\" href=\"https:\/\/laorquideadedarwin.com\/va\/libro\/la-doctora-residu-el-monstre-del-clavegueram\/\">La Doctora Residu. El monstre del clavegueram<\/a><\/h4>\n               \n\t<span class=\"price\"><span class=\"woocs_price_code\" data-currency=\"\" data-redraw-id=\"69f20a6fcbcd1\" data-product-id=\"5425\"><span class=\"woocommerce-Price-amount amount\"><span class=\"woocommerce-Price-currencySymbol\">&euro;<\/span>&nbsp;11.75<\/span><\/span><\/span>\n           <\/div><!-- end product-content -->\n\n    <\/div>\n<\/div>\n<div class=\"item post-3379 product type-product status-publish has-post-thumbnail rangos-de-3-a-6-anys rangos-de-6-a-9-anys product_cat-residus product_cat-sostenibilitat product_tag-edicio-valencia product_tag-educacion-ambiental-va product_tag-residus product_tag-reutilizacio autor-justo-rr  instock taxable shipping-taxable purchasable product-type-simple\">\n    <div class=\"product-wrap\">\n                        <div class=\"product-image\">\n                             <div class=\"catalog-image\">\n                   <a href=\"https:\/\/laorquideadedarwin.com\/va\/libro\/per-a-que-serveix-un-paraigua-edicio-valencia\/\">\n                        <img loading=\"lazy\" decoding=\"async\" width=\"216\" height=\"305\" src=\"https:\/\/laorquideadedarwin.com\/wp-content\/uploads\/2021\/01\/cubierta-valenciano-216x305.png\" class=\"attachment-bookstore_product_thumb size-bookstore_product_thumb wp-post-image\" alt=\"\" \/>                        <div class=\"button yith-wcqv-button\" data-product_id=\"3379\">\n                             <i class=\"fa fa-search\"><\/i>\n                        <\/div>\n                   <\/a>\n               <\/div>\n                              <div class=\"product-buttons\">\n                      <div class=\"add-to-cart-btn\"><a href=\"\/va\/wp-json\/wp\/v2\/pages\/1012?add-to-cart=3379\" rel=\"nofollow\" data-product_id=\"3379\" data-product_sku=\"\" data-quantity=\"1\" class=\"button add_to_cart_button ajax_add_to_cart product_type_simple\">Afegir a la cistella<\/a><\/div>                       <div class=\"yith_compare_btn\">\n                                                   <\/div>\n                        \n                 \n                   <\/div>\n               <\/div><!-- end product-image -->\n           <div class=\"product-content\">\n               <h4 class=\"product_title\"><a class=\"bks_product_title_link\" href=\"https:\/\/laorquideadedarwin.com\/va\/libro\/per-a-que-serveix-un-paraigua-edicio-valencia\/\">Per a qu\u00e8 serveix un paraigua?<\/a><\/h4>\n               \n\t<span class=\"price\"><span class=\"woocs_price_code\" data-currency=\"\" data-redraw-id=\"69f20a6fcd1e5\" data-product-id=\"3379\"><span class=\"woocommerce-Price-amount amount\"><span class=\"woocommerce-Price-currencySymbol\">&euro;<\/span>&nbsp;14.90<\/span><\/span><\/span>\n           <\/div><!-- end product-content -->\n\n    <\/div>\n<\/div>\n<div class=\"item post-3338 product type-product status-publish has-post-thumbnail rangos-de-3-a-6-anys rangos-de-6-a-9-anys product_cat-residus product_cat-sostenibilitat product_tag-edicio-castella product_tag-educacion-ambiental-va product_tag-residus product_tag-reutilizacio autor-justo-rr last instock taxable shipping-taxable purchasable product-type-simple\">\n    <div class=\"product-wrap\">\n                        <div class=\"product-image\">\n                             <div class=\"catalog-image\">\n                   <a href=\"https:\/\/laorquideadedarwin.com\/va\/libro\/per-a-que-serveix-un-paraigua-edicio-castella\/\">\n                        <img loading=\"lazy\" decoding=\"async\" width=\"216\" height=\"305\" src=\"https:\/\/laorquideadedarwin.com\/wp-content\/uploads\/2021\/01\/cubierta-castellano-216x305.png\" class=\"attachment-bookstore_product_thumb size-bookstore_product_thumb wp-post-image\" alt=\"\" \/>                        <div class=\"button yith-wcqv-button\" data-product_id=\"3338\">\n                             <i class=\"fa fa-search\"><\/i>\n                        <\/div>\n                   <\/a>\n               <\/div>\n                              <div class=\"product-buttons\">\n                      <div class=\"add-to-cart-btn\"><a href=\"\/va\/wp-json\/wp\/v2\/pages\/1012?add-to-cart=3338\" rel=\"nofollow\" data-product_id=\"3338\" data-product_sku=\"\" data-quantity=\"1\" class=\"button add_to_cart_button ajax_add_to_cart product_type_simple\">Afegir a la cistella<\/a><\/div>                       <div class=\"yith_compare_btn\">\n                                                   <\/div>\n                        \n                 \n                   <\/div>\n               <\/div><!-- end product-image -->\n           <div class=\"product-content\">\n               <h4 class=\"product_title\"><a class=\"bks_product_title_link\" href=\"https:\/\/laorquideadedarwin.com\/va\/libro\/per-a-que-serveix-un-paraigua-edicio-castella\/\">Per a qu\u00e8 serveix un paraigua?<\/a><\/h4>\n               \n\t<span class=\"price\"><span class=\"woocs_price_code\" data-currency=\"\" data-redraw-id=\"69f20a6fce6c0\" data-product-id=\"3338\"><span class=\"woocommerce-Price-amount amount\"><span class=\"woocommerce-Price-currencySymbol\">&euro;<\/span>&nbsp;14.90<\/span><\/span><\/span>\n           <\/div><!-- end product-content -->\n\n    <\/div>\n<\/div>\n<div class=\"item post-2773 product type-product status-publish has-post-thumbnail Personajes-doctora-residu-va rangos-de-6-a-9-anys rangos-de-9-a-12-anys product_cat-ecologia-va product_cat-residus product_cat-sostenibilitat product_tag-edicio-valencia product_tag-problematica-ambiental-va product_tag-reciclatge product_tag-residus product_tag-reutilizacio autor-pedro-simon autor-victor-benlloch  instock taxable shipping-taxable purchasable product-type-simple\">\n    <div class=\"product-wrap\">\n                        <div class=\"product-image\">\n                             <div class=\"catalog-image\">\n                   <a href=\"https:\/\/laorquideadedarwin.com\/va\/libro\/la-doctora-residu\/\">\n                        <img loading=\"lazy\" decoding=\"async\" width=\"216\" height=\"305\" src=\"https:\/\/laorquideadedarwin.com\/wp-content\/uploads\/2019\/06\/portada-doctora-216x305.jpg\" class=\"attachment-bookstore_product_thumb size-bookstore_product_thumb wp-post-image\" alt=\"doctora residu\" \/>                        <div class=\"button yith-wcqv-button\" data-product_id=\"2773\">\n                             <i class=\"fa fa-search\"><\/i>\n                        <\/div>\n                   <\/a>\n               <\/div>\n                              <div class=\"product-buttons\">\n                      <div class=\"add-to-cart-btn\"><a href=\"\/va\/wp-json\/wp\/v2\/pages\/1012?add-to-cart=2773\" rel=\"nofollow\" data-product_id=\"2773\" data-product_sku=\"\" data-quantity=\"1\" class=\"button add_to_cart_button ajax_add_to_cart product_type_simple\">Afegir a la cistella<\/a><\/div>                       <div class=\"yith_compare_btn\">\n                                                   <\/div>\n                        \n                 \n                   <\/div>\n               <\/div><!-- end product-image -->\n           <div class=\"product-content\">\n               <h4 class=\"product_title\"><a class=\"bks_product_title_link\" href=\"https:\/\/laorquideadedarwin.com\/va\/libro\/la-doctora-residu\/\">La Doctora Residu. Edici\u00f3 Valenci\u00e0<\/a><\/h4>\n               \n\t<span class=\"price\"><span class=\"woocs_price_code\" data-currency=\"\" data-redraw-id=\"69f20a6fcfc55\" data-product-id=\"2773\"><span class=\"woocommerce-Price-amount amount\"><span class=\"woocommerce-Price-currencySymbol\">&euro;<\/span>&nbsp;9.95<\/span><\/span><\/span>\n           <\/div><!-- end product-content -->\n\n    <\/div>\n<\/div>\n<\/div><\/div>[\/vc_tta_section][\/vc_tta_tabs][\/vc_column][\/vc_row][vc_row css=&#8221;.vc_custom_1524144287067{padding-top: 0px !important;}&#8221;][vc_column][vc_row_inner][vc_column_inner]<div class='bks-heading '><h3 class='bks-title'><span style='font-size:18px;color:#8c2d2d;line-height:21px'>ELS NOSTRES PERSONATGES<\/span><\/h3><div class='bks_descrition'>Coneix als protagonistes dels hist\u00f2ries i troba tots els seus llibres<\/div><\/div><div class=\"bks-product-slider\"><div class=\"carousel-controls\"><div class=\"owl-prev\"><a class=\"prev\"><i class=\"fa fa-angle-left\"><\/i><\/a><\/div><div class=\"owl-next\"><a class=\"next\"><i class=\"fa fa-angle-right\"><\/i><\/a><\/div><\/div><div class=\"personajes-carousel owl-theme\"><div class=\"owl-item\"><div class=\"vc_column-inner \"><div class=\"wpb_wrapper\"><h1 style=\"font-size: 21px;color: #8c2d2d;text-align: center;font-family:Roboto Slab;font-weight:400;font-style:normal\" class=\"vc_custom_heading\">L&#8217;entremaliat Galletrol<\/h1><div class=\"wpb_single_image wpb_content_element vc_align_center\"><figure class=\"wpb_wrapper vc_figure\"><div class=\"vc_single_image-wrapper   vc_box_border_grey\"><img loading=\"lazy\" decoding=\"async\" width=\"190\" height=\"250\" src=\"https:\/\/laorquideadedarwin.com\/wp-content\/uploads\/2017\/12\/el-travieso-galletrol.jpg\" class=\"vc_single_image-img attachment-medium\" alt=\"hemidactylus\"><\/div><\/figure><\/div><div class=\"wpb_text_column wpb_content_element \"><div class=\"wpb_wrapper\"><p style=\"text-align:left;\">\u00c9s un trol que viu en un forat sota terra i passa el dia menjant galetes i fent travesures, amb gran enginy. Encara que \u00e9s molt intel\u00b7ligent, la falta d'inter\u00e8s li fa ser avorrit, no t\u00e9 aficions i especialment li disgusten els llibres.<\/p><\/div><\/div><\/div><\/div><\/div><div class=\"owl-item\"><div class=\"vc_column-inner \"><div class=\"wpb_wrapper\"><h1 style=\"font-size: 21px;color: #8c2d2d;text-align: center;font-family:Roboto Slab;font-weight:400;font-style:normal\" class=\"vc_custom_heading\">La Doctora Residu<\/h1><div class=\"wpb_single_image wpb_content_element vc_align_center\"><figure class=\"wpb_wrapper vc_figure\"><div class=\"vc_single_image-wrapper   vc_box_border_grey\"><img loading=\"lazy\" decoding=\"async\" width=\"190\" height=\"250\" src=\"https:\/\/laorquideadedarwin.com\/wp-content\/uploads\/2018\/04\/doctora-residu.jpg\" class=\"vc_single_image-img attachment-medium\" alt=\"hemidactylus\"><\/div><\/figure><\/div><div class=\"wpb_text_column wpb_content_element \"><div class=\"wpb_wrapper\"><p style=\"text-align:left;\">\u00c9s especialista a solucionar els problemes ambientals, generats per residus de tota mena, en particular el canvi clim\u00e0tic. Ajuda a reduir, a reutilitzar i a separar de manera correcta.<\/p><\/div><\/div><\/div><\/div><\/div><div class=\"owl-item\"><div class=\"vc_column-inner \"><div class=\"wpb_wrapper\"><h1 style=\"font-size: 21px;color: #8c2d2d;text-align: center;font-family:Roboto Slab;font-weight:400;font-style:normal\" class=\"vc_custom_heading\">Bel\u00e9n: l&#8217;arque\u00f2loga<\/h1><div class=\"wpb_single_image wpb_content_element vc_align_center\"><figure class=\"wpb_wrapper vc_figure\"><div class=\"vc_single_image-wrapper   vc_box_border_grey\"><img loading=\"lazy\" decoding=\"async\" width=\"190\" height=\"250\" src=\"https:\/\/laorquideadedarwin.com\/wp-content\/uploads\/2018\/04\/belen-1.jpg\" class=\"vc_single_image-img attachment-medium\" alt=\"hemidactylus\"><\/div><\/figure><\/div><div class=\"wpb_text_column wpb_content_element \"><div class=\"wpb_wrapper\"><p style=\"text-align:left;\">Una jove investigadora, aventurera i gran admiradora d'una pionera de l\u2019egiptologia i de l'arqueologia cient\u00edfica, Hilda Petrie. Recorre el m\u00f3n aprenent i defensant les diferents cultures i el patrimoni hist\u00f2ric.<\/p><\/div><\/div><\/div><\/div><\/div><div class=\"owl-item\"><div class=\"vc_column-inner \"><div class=\"wpb_wrapper\"><h1 style=\"font-size: 21px;color: #8c2d2d;text-align: center;font-family:Roboto Slab;font-weight:400;font-style:normal\" class=\"vc_custom_heading\">Anuket: la deessa de l&#8217;aigua<\/h1><div class=\"wpb_single_image wpb_content_element vc_align_center\"><figure class=\"wpb_wrapper vc_figure\"><div class=\"vc_single_image-wrapper   vc_box_border_grey\"><img loading=\"lazy\" decoding=\"async\" width=\"190\" height=\"250\" src=\"https:\/\/laorquideadedarwin.com\/wp-content\/uploads\/2018\/04\/anuket-1.jpg\" class=\"vc_single_image-img attachment-medium\" alt=\"hemidactylus\"><\/div><\/figure><\/div><div class=\"wpb_text_column wpb_content_element \"><div class=\"wpb_wrapper\"><p style=\"text-align:left;\">Una educada extraterrestre, que viatja per les gal\u00e0xies amb les seues naus botella, cuidant de l'aigua. Des de fa mil\u00b7lennis visita la Terra, a la qual anomena \u201cPlaneta Aigua\u201d. Se sent disgustada en el seu \u00faltim viatge al nostre planeta.<\/p><\/div><\/div><\/div><\/div><\/div><div class=\"owl-item\"><div class=\"vc_column-inner \"><div class=\"wpb_wrapper\"><h1 style=\"font-size: 21px;color: #8c2d2d;text-align: center;font-family:Roboto Slab;font-weight:400;font-style:normal\" class=\"vc_custom_heading\">Hemidactylus<\/h1><div class=\"wpb_single_image wpb_content_element vc_align_center\"><figure class=\"wpb_wrapper vc_figure\"><div class=\"vc_single_image-wrapper   vc_box_border_grey\"><img loading=\"lazy\" decoding=\"async\" width=\"190\" height=\"250\" src=\"https:\/\/laorquideadedarwin.com\/wp-content\/uploads\/2017\/12\/personaje-hemidactylus-1.png\" class=\"vc_single_image-img attachment-medium\" alt=\"hemidactylus\"><\/div><\/figure><\/div><div class=\"wpb_text_column wpb_content_element \"><div class=\"wpb_wrapper\"><p style=\"text-align:left;\">Un drag\u00f3 rosat entremaliat que va ca\u00e7ant insectes per les parets. Quan Mulnidia la rapta mitjan\u00e7ant un encanteri, passen coses terribles en el poble.<\/p><\/div><\/div><\/div><\/div><\/div><div class=\"owl-item\"><div class=\"vc_column-inner \"><div class=\"wpb_wrapper\"><h1 style=\"font-size: 21px;color: #8c2d2d;text-align: center;font-family:Roboto Slab;font-weight:400;font-style:normal\" class=\"vc_custom_heading\">L\u2019arbret<\/h1><div class=\"wpb_single_image wpb_content_element vc_align_center\"><figure class=\"wpb_wrapper vc_figure\"><div class=\"vc_single_image-wrapper   vc_box_border_grey\"><img loading=\"lazy\" decoding=\"async\" width=\"190\" height=\"250\" src=\"https:\/\/laorquideadedarwin.com\/wp-content\/uploads\/2017\/12\/arbolito.png\" class=\"vc_single_image-img attachment-medium\" alt=\"hemidactylus\"><\/div><\/figure><\/div><div class=\"wpb_text_column wpb_content_element \"><div class=\"wpb_wrapper\"><p style=\"text-align:left;\">Un personatge entranyable, amb la identitat pr\u00f2pia d'un xiquet o una xiqueta. Vol que li tinguen en compte i descobreix que, per a aconseguir les coses, es requereix un esfor\u00e7, per\u00f2 tamb\u00e9 descobreix que tot precisa d'un temps del que val la pena gaudir.<\/p><\/div><\/div><\/div><\/div><\/div><div class=\"owl-item\"><div class=\"vc_column-inner \"><div class=\"wpb_wrapper\"><h1 style=\"font-size: 21px;color: #8c2d2d;text-align: center;font-family:Roboto Slab;font-weight:400;font-style:normal\" class=\"vc_custom_heading\">Fada de p\u00e8ls enroscats<\/h1><div class=\"wpb_single_image wpb_content_element vc_align_center\"><figure class=\"wpb_wrapper vc_figure\"><div class=\"vc_single_image-wrapper   vc_box_border_grey\"><img loading=\"lazy\" decoding=\"async\" width=\"190\" height=\"250\" src=\"https:\/\/laorquideadedarwin.com\/wp-content\/uploads\/2017\/12\/hada-pelos-enroscados.png\" class=\"vc_single_image-img attachment-medium\" alt=\"hemidactylus\"><\/div><\/figure><\/div><div class=\"wpb_text_column wpb_content_element \"><div class=\"wpb_wrapper\"><p style=\"text-align:left;\">Voleteja pel bosc. \u00c9s p\u00e8l-roja i amb els p\u00e8ls arrissats. \u00c9s petitona, per\u00f2 gran en coneixements i molt responsable amb el m\u00f3n en el qual viu.<\/p><\/div><\/div><\/div><\/div><\/div><div class=\"owl-item\"><div class=\"vc_column-inner \"><div class=\"wpb_wrapper\"><h1 style=\"font-size: 21px;color: #8c2d2d;text-align: center;font-family:Roboto Slab;font-weight:400;font-style:normal\" class=\"vc_custom_heading\">Bruixota Morchella<\/h1><div class=\"wpb_single_image wpb_content_element vc_align_center\"><figure class=\"wpb_wrapper vc_figure\"><div class=\"vc_single_image-wrapper   vc_box_border_grey\"><img loading=\"lazy\" decoding=\"async\" width=\"190\" height=\"250\" src=\"https:\/\/laorquideadedarwin.com\/wp-content\/uploads\/2017\/12\/bruja-morchela.png\" class=\"vc_single_image-img attachment-medium\" alt=\"hemidactylus\"><\/div><\/figure><\/div><div class=\"wpb_text_column wpb_content_element \"><div class=\"wpb_wrapper\"><p style=\"text-align:left;\">Un bolet, molt divertida, al que li encanta fer experiments, pocions i beuratges. \u00c9s amiga de tots en la comarca Fungi i els ajuda a eixir d'embolics.<\/p><\/div><\/div><\/div><\/div><\/div><\/div><\/div>[\/vc_column_inner][\/vc_row_inner][vc_row_inner css=&#8221;.vc_custom_1524144314438{margin-top: 40px !important;}&#8221;][vc_column_inner]<div class='bks-heading '><h3 class='bks-title'><span style='font-size:18px;color:#8c2d2d;line-height:21px'>COL\u00b7LECCIONS<\/span><\/h3><div class='bks_descrition'>Col\u00b7leccions de contes amb personatges i les seues aventures<\/div><\/div>[\/vc_column_inner][\/vc_row_inner][vc_row_inner css=&#8221;.vc_custom_1520513364165{margin-right: 7% !important;margin-left: 7% !important;}&#8221;][vc_column_inner width=&#8221;1\/3&#8243;][vc_single_image image=&#8221;3589&#8243; img_size=&#8221;full&#8221; alignment=&#8221;center&#8221;][vc_custom_heading text=&#8221;La comarca Fungi&#8221; font_container=&#8221;tag:h1|font_size:20|text_align:center|color:%23ffffff&#8221; google_fonts=&#8221;font_family:Roboto%20Slab%3A100%2C300%2Cregular%2C700|font_style:400%20regular%3A400%3Anormal&#8221; css=&#8221;.vc_custom_1586432354052{margin-top: 5% !important;margin-bottom: 5% !important;padding-top: 2% !important;padding-right: 2% !important;padding-bottom: 2% !important;padding-left: 2% !important;background-color: #17324d !important;}&#8221; link=&#8221;|||&#8221;][vc_column_text]Les protagonistes s\u00f3n uns bolets molt humans i altres curiosos personatges del bosc. Aventures divertides per a con\u00e9ixer els bolets, els animals i les plantes del bosc i promoure el respecte per la naturalesa. Per als m\u00e9s xiquets.[\/vc_column_text][\/vc_column_inner][vc_column_inner width=&#8221;1\/3&#8243;][vc_single_image image=&#8221;2993&#8243; img_size=&#8221;full&#8221; alignment=&#8221;center&#8221;][vc_custom_heading text=&#8221;Aventures de Bel\u00e9n Petrie&#8221; font_container=&#8221;tag:h1|font_size:20|text_align:center|color:%23ffffff&#8221; google_fonts=&#8221;font_family:Roboto%20Slab%3A100%2C300%2Cregular%2C700|font_style:400%20regular%3A400%3Anormal&#8221; css=&#8221;.vc_custom_1612368191512{margin-top: 5% !important;margin-bottom: 5% !important;padding-top: 2% !important;padding-right: 2% !important;padding-bottom: 2% !important;padding-left: 2% !important;background-color: #17324d !important;}&#8221; link=&#8221;url:http%3A%2F%2Flaorquideadedarwin.com%2Fcolecciones%2Flas-aventuras-de-belen|title:aventuras%20belen|target:%20_blank|&#8221;][vc_column_text]Bel\u00e9n \u00e9s una jove del nostre temps. La seua passi\u00f3 i el seu treball, l&#8217;arqueologia, li porten a rec\u00f3rrer i a viure aventures per tot el m\u00f3n. Els contes aborden temes hist\u00f2rics i del patrimoni cultural. De 9 a 14 anys.[\/vc_column_text][\/vc_column_inner][vc_column_inner width=&#8221;1\/3&#8243;][vc_single_image image=&#8221;3070&#8243; img_size=&#8221;full&#8221; alignment=&#8221;center&#8221;][vc_custom_heading text=&#8221;La Doctora Residu&#8221; font_container=&#8221;tag:h1|font_size:20|text_align:center|color:%23ffffff&#8221; google_fonts=&#8221;font_family:Roboto%20Slab%3A100%2C300%2Cregular%2C700|font_style:400%20regular%3A400%3Anormal&#8221; css=&#8221;.vc_custom_1586433030075{margin-top: 5% !important;margin-bottom: 5% !important;padding-top: 2% !important;padding-right: 2% !important;padding-bottom: 2% !important;padding-left: 2% !important;background-color: #17324d !important;}&#8221; link=&#8221;url:https%3A%2F%2Flaorquideadedarwin.com%2Flibro%2Fla-doctora-residu-ed-valenciano%2F|title:doctora%20residu|target:%20_blank|&#8221;][vc_column_text]Contes que aborden la problem\u00e0tica ambiental dels residus: *RSU, contaminaci\u00f3, canvi clim\u00e0tic\u2026 les causes i les solucions des d&#8217;un consum responsable. De 6 a 9 anys.[\/vc_column_text][\/vc_column_inner][\/vc_row_inner][\/vc_column][\/vc_row][vc_row][vc_column][vc_row_inner css=&#8221;.vc_custom_1513872861056{margin-top: 9% !important;}&#8221;][vc_column_inner]<div class='bks-heading '><h3 class='bks-title'><span style='font-size:18px;color:#8c2d2d;line-height:21px'>AUTORS &amp; AUTORES<\/span><\/h3><div class='bks_descrition'>Coneix als qui escriuen i il\u00b7lustren les hist\u00f2ries de l'Orqu\u00eddia de Darwin<\/div><\/div>[\/vc_column_inner][\/vc_row_inner][vc_row_inner css=&#8221;.vc_custom_1530015539415{margin-right: 3% !important;margin-left: 3% !important;}&#8221;][vc_column_inner width=&#8221;1\/4&#8243;][vc_custom_heading text=&#8221;Albano L\u00f3pez&#8221; font_container=&#8221;tag:h1|font_size:23|text_align:center|color:%238c2d2d&#8221; google_fonts=&#8221;font_family:Roboto%20Slab%3A100%2C300%2Cregular%2C700|font_style:400%20regular%3A400%3Anormal&#8221; link=&#8221;url:http%3A%2F%2Flaorquideadedarwin.com%2F%3Fautor%3Dj-albano-lopez|title:J.%20Albano|target:%20_blank|&#8221;][vc_single_image image=&#8221;1029&#8243; img_size=&#8221;medium&#8221; alignment=&#8221;center&#8221;][vc_column_text]Albano L\u00f3pez. Bi\u00f2leg, treballa en educaci\u00f3 ambiental i medi ambient des de 1986. Professor en cursos d&#8217;educaci\u00f3 ambiental i medi ambient, autor de contes infantils sobre medi ambient i articulista en diferents revistes i peri\u00f2dics.[\/vc_column_text][\/vc_column_inner][vc_column_inner width=&#8221;1\/4&#8243;][vc_custom_heading text=&#8221;Albert Hern\u00e0ndez&#8221; font_container=&#8221;tag:h1|font_size:23|text_align:center|color:%238c2d2d&#8221; google_fonts=&#8221;font_family:Roboto%20Slab%3A100%2C300%2Cregular%2C700|font_style:400%20regular%3A400%3Anormal&#8221; link=&#8221;url:http%3A%2F%2Flaorquideadedarwin.com%2F%3Fautor%3Dalbert-hernandez-i-xulvi|title:David%20L%C3%B3pez|target:%20_blank|&#8221;][vc_single_image image=&#8221;3391&#8243; img_size=&#8221;medium&#8221; alignment=&#8221;center&#8221;][vc_column_text]Narrador, dramaturg i poeta, amb una trentena d&#8217;obres, ha rebut diversos premis. Les seues obres, publicades per importants editorials, estan dirigides a adults: <em>Temps de fang, <\/em><em>El tango de l\u2019anarquista o La <\/em><i>ciutat de les flors<\/i>\u2026 y al p\u00fablico infantil y juvenil. Entre sus cuentos: <em>Toli, el gosset invisible<\/em>; <em>Estiu a la Albufera<\/em>; <em>El <\/em><i>capit\u00e1n P\u00e8rtil<\/i> i <em>El Senyor del Castell<\/em>.[\/vc_column_text][\/vc_column_inner][vc_column_inner width=&#8221;1\/4&#8243;][vc_custom_heading text=&#8221;Miquel Puig&#8221; font_container=&#8221;tag:h1|font_size:23|text_align:center|color:%238c2d2d&#8221; google_fonts=&#8221;font_family:Roboto%20Slab%3A100%2C300%2Cregular%2C700|font_style:400%20regular%3A400%3Anormal&#8221; link=&#8221;url:http%3A%2F%2Flaorquideadedarwin.com%2F%3Fautor%3Dmiquel-puig|title:Miquel%20Puig|target:%20_blank|&#8221;][vc_single_image image=&#8221;3519&#8243; img_size=&#8221;medium&#8221; alignment=&#8221;center&#8221;][vc_column_text]Maestro, escriptor i narrador. Autor de <em>Els mons de Laia<\/em>, <em>Llampuga, llampega <\/em>y <em>Un pont de plata<\/em>, i de les propostes did\u00e0ctiques: <em>Done\u2019m l\u2019asguilando<\/em>, <em>El xiquet de la Ribera<\/em> y <em>La Caixa de la por<\/em>. Premio <em>Llegir<\/em> per l&#8217;article <em>Llegir per viure<\/em> (2018). Formador del professorat sobre l&#8217;imaginari valenci\u00e0. \u00c9s coautor del projecte<em>Iaieries<\/em> i col\u00b7laborador de Dani Miquel. Treballa amb xiquets, joves i adults per a recuperar a oralitat mitjan\u00e7ant la literatura popular.[\/vc_column_text][\/vc_column_inner][vc_column_inner width=&#8221;1\/4&#8243;][vc_custom_heading text=&#8221;Marina Pinilla&#8221; font_container=&#8221;tag:h1|font_size:23|text_align:center|color:%238c2d2d&#8221; google_fonts=&#8221;font_family:Roboto%20Slab%3A100%2C300%2Cregular%2C700|font_style:400%20regular%3A400%3Anormal&#8221; link=&#8221;url:http%3A%2F%2Flaorquideadedarwin.com%2F%3Fautor%3Dmarina-pinilla|title:Maria%20Pinilla|target:_blank&#8221;][vc_single_image image=&#8221;1036&#8243; img_size=&#8221;medium&#8221; alignment=&#8221;center&#8221;][vc_column_text]Marina Pinilla \u00e9s dissenyadora gr\u00e0fica i il\u00b7lustradora. Graduada en Disseny en la facultat de Belles arts de la Universitat Complutense de Madrid en 2015, ampliant la seua formaci\u00f3 en il\u00b7lustraci\u00f3 en la Universitat Polit\u00e8cnica de Val\u00e8ncia.[\/vc_column_text][\/vc_column_inner][\/vc_row_inner][vc_row_inner disable_element=&#8221;yes&#8221;][vc_column_inner width=&#8221;1\/2&#8243;][vc_custom_heading text=&#8221;Juan Pedro Fern\u00e1ndez&#8221; font_container=&#8221;tag:h1|font_size:23|text_align:center|color:%238c2d2d&#8221; google_fonts=&#8221;font_family:Roboto%20Slab%3A100%2C300%2Cregular%2C700|font_style:400%20regular%3A400%3Anormal&#8221; link=&#8221;url:http%3A%2F%2Flaorquideadedarwin.com%2F%3Fautor%3Dmaria-pinilla|title:Maria%20Pinilla|target:%20_blank|&#8221;][vc_column_text]Bi\u00f2leg. Comunicador i educador ambiental, ha treballat en educaci\u00f3 social i en educaci\u00f3 per a la salut. \u00c9s un gran apassionat per la ci\u00e8ncia i la hist\u00f2ria.[\/vc_column_text][\/vc_column_inner][vc_column_inner width=&#8221;1\/2&#8243;][\/vc_column_inner][\/vc_row_inner][vc_btn title=&#8221;VER TOTS&#8221; align=&#8221;center&#8221; link=&#8221;url:http%3A%2F%2Flaorquideadedarwin.com%2Fautores%2F|&#8221;][\/vc_column][\/vc_row][vc_row full_width=&#8221;stretch_row_content&#8221; css=&#8221;.vc_custom_1527668338217{padding-top: 112px !important;padding-bottom: 110px !important;background-image: url(https:\/\/laorquideadedarwin.com\/wp-content\/uploads\/2018\/04\/prueba-call-to-action3.png?id=1849) !important;background-position: center !important;background-repeat: no-repeat !important;background-size: cover !important;}&#8221; el_class=&#8221;r_fullwidth&#8221;][vc_column][vc_row_inner][vc_column_inner][vc_cta h2=&#8221;T&#8217;agradaria formar part de l&#8217;Orqu\u00eddia de Darwin?&#8221; shape=&#8221;square&#8221; style=&#8221;flat&#8221; add_button=&#8221;bottom&#8221; btn_title=&#8221;Contacta&#8217;ns&#8221; btn_style=&#8221;custom&#8221; btn_custom_background=&#8221;#ffffff&#8221; btn_custom_text=&#8221;#0a0a0a&#8221; btn_link=&#8221;url:https%3A%2F%2Flaorquideadedarwin.com%2Fva%2Fcontacte%2F|target:_blank&#8221;]<\/p>\n<p style=\"color: white; max-width: 70%;\">Busquem autors que compartisquen la nostra filosofia<\/p>\n<p>[\/vc_cta][\/vc_column_inner][\/vc_row_inner][\/vc_column][\/vc_row]<\/p>\n<\/div>","protected":false},"excerpt":{"rendered":"<p>[vc_row full_width=&#8221;stretch_row_content_no_spaces&#8221; content_placement=&#8221;middle&#8221; el_class=&#8221;carousel-width-full&#8221;][vc_column][vc_single_image image=&#8221;5548&#8243; img_size=&#8221;full&#8221; alignment=&#8221;center&#8221; onclick=&#8221;custom_link&#8221; css=&#8221;&#8221; link=&#8221;https:\/\/laorquideadedarwin.com\/va\/noticia\/els-llibres-no-moren-historia-i-actualitat-de-la-recuperacio-de-leditorial\/&#8221;][\/vc_column][\/vc_row][vc_row][vc_column][vc_single_image image=&#8221;1564&#8243; img_size=&#8221;large&#8221; alignment=&#8221;center&#8221; css=&#8221;.vc_custom_1523351365761{margin-top: 49px !important;margin-bottom: 68px !important;}&#8221;][vc_column_text css=&#8221;.vc_custom_1624445814077{margin-right: 3% [&hellip;]<\/p>\n","protected":false},"author":1,"featured_media":0,"parent":0,"menu_order":0,"comment_status":"closed","ping_status":"closed","template":"page-blank.php","meta":{"_acf_changed":false,"footnotes":""},"class_list":["post-1012","page","type-page","status-publish","hentry"],"acf":[],"yoast_head":"<!-- This site is optimized with the Yoast SEO plugin v26.7 - https:\/\/yoast.com\/wordpress\/plugins\/seo\/ -->\n<title>Inici - La Orqu\u00eddea de Darwin<\/title>\n<meta name=\"robots\" content=\"index, follow, max-snippet:-1, max-image-preview:large, max-video-preview:-1\" \/>\n<link rel=\"canonical\" href=\"https:\/\/laorquideadedarwin.com\/va\/\" \/>\n<meta property=\"og:locale\" content=\"en_US\" \/>\n<meta property=\"og:type\" content=\"article\" \/>\n<meta property=\"og:title\" content=\"Inici - La Orqu\u00eddea de Darwin\" \/>\n<meta property=\"og:description\" content=\"[vc_row full_width=&#8221;stretch_row_content_no_spaces&#8221; content_placement=&#8221;middle&#8221; el_class=&#8221;carousel-width-full&#8221;][vc_column][vc_single_image image=&#8221;5548&#8243; img_size=&#8221;full&#8221; alignment=&#8221;center&#8221; onclick=&#8221;custom_link&#8221; css=&#8221;&#8221; link=&#8221;https:\/\/laorquideadedarwin.com\/va\/noticia\/els-llibres-no-moren-historia-i-actualitat-de-la-recuperacio-de-leditorial\/&#8221;][\/vc_column][\/vc_row][vc_row][vc_column][vc_single_image image=&#8221;1564&#8243; img_size=&#8221;large&#8221; alignment=&#8221;center&#8221; css=&#8221;.vc_custom_1523351365761{margin-top: 49px !important;margin-bottom: 68px !important;}&#8221;][vc_column_text css=&#8221;.vc_custom_1624445814077{margin-right: 3% [&hellip;]\" \/>\n<meta property=\"og:url\" content=\"https:\/\/laorquideadedarwin.com\/va\/\" \/>\n<meta property=\"og:site_name\" content=\"La Orqu\u00eddea de Darwin\" \/>\n<meta property=\"article:modified_time\" content=\"2024-11-29T09:28:55+00:00\" \/>\n<meta name=\"twitter:card\" content=\"summary_large_image\" \/>\n<meta name=\"twitter:label1\" content=\"Est. reading time\" \/>\n\t<meta name=\"twitter:data1\" content=\"4 minutes\" \/>\n<script type=\"application\/ld+json\" class=\"yoast-schema-graph\">{\"@context\":\"https:\/\/schema.org\",\"@graph\":[{\"@type\":\"WebPage\",\"@id\":\"https:\/\/laorquideadedarwin.com\/va\/\",\"url\":\"https:\/\/laorquideadedarwin.com\/va\/\",\"name\":\"Inici - La Orqu\u00eddea de Darwin\",\"isPartOf\":{\"@id\":\"https:\/\/laorquideadedarwin.com\/#website\"},\"datePublished\":\"2018-03-01T14:10:04+00:00\",\"dateModified\":\"2024-11-29T09:28:55+00:00\",\"breadcrumb\":{\"@id\":\"https:\/\/laorquideadedarwin.com\/va\/#breadcrumb\"},\"inLanguage\":\"ca\",\"potentialAction\":[{\"@type\":\"ReadAction\",\"target\":[\"https:\/\/laorquideadedarwin.com\/va\/\"]}]},{\"@type\":\"BreadcrumbList\",\"@id\":\"https:\/\/laorquideadedarwin.com\/va\/#breadcrumb\",\"itemListElement\":[{\"@type\":\"ListItem\",\"position\":1,\"name\":\"Portada\",\"item\":\"https:\/\/laorquideadedarwin.com\/va\/\"},{\"@type\":\"ListItem\",\"position\":2,\"name\":\"Inici\"}]},{\"@type\":\"WebSite\",\"@id\":\"https:\/\/laorquideadedarwin.com\/#website\",\"url\":\"https:\/\/laorquideadedarwin.com\/\",\"name\":\"La Orqu\u00eddea de Darwin\",\"description\":\"Colecci\u00f3n de cuentos sobre temas ambientales\",\"potentialAction\":[{\"@type\":\"SearchAction\",\"target\":{\"@type\":\"EntryPoint\",\"urlTemplate\":\"https:\/\/laorquideadedarwin.com\/?s={search_term_string}\"},\"query-input\":{\"@type\":\"PropertyValueSpecification\",\"valueRequired\":true,\"valueName\":\"search_term_string\"}}],\"inLanguage\":\"ca\"}]}<\/script>\n<!-- \/ Yoast SEO plugin. -->","yoast_head_json":{"title":"Inici - La Orqu\u00eddea de Darwin","robots":{"index":"index","follow":"follow","max-snippet":"max-snippet:-1","max-image-preview":"max-image-preview:large","max-video-preview":"max-video-preview:-1"},"canonical":"https:\/\/laorquideadedarwin.com\/va\/","og_locale":"en_US","og_type":"article","og_title":"Inici - La Orqu\u00eddea de Darwin","og_description":"[vc_row full_width=&#8221;stretch_row_content_no_spaces&#8221; content_placement=&#8221;middle&#8221; el_class=&#8221;carousel-width-full&#8221;][vc_column][vc_single_image image=&#8221;5548&#8243; img_size=&#8221;full&#8221; alignment=&#8221;center&#8221; onclick=&#8221;custom_link&#8221; css=&#8221;&#8221; link=&#8221;https:\/\/laorquideadedarwin.com\/va\/noticia\/els-llibres-no-moren-historia-i-actualitat-de-la-recuperacio-de-leditorial\/&#8221;][\/vc_column][\/vc_row][vc_row][vc_column][vc_single_image image=&#8221;1564&#8243; img_size=&#8221;large&#8221; alignment=&#8221;center&#8221; css=&#8221;.vc_custom_1523351365761{margin-top: 49px !important;margin-bottom: 68px !important;}&#8221;][vc_column_text css=&#8221;.vc_custom_1624445814077{margin-right: 3% [&hellip;]","og_url":"https:\/\/laorquideadedarwin.com\/va\/","og_site_name":"La Orqu\u00eddea de Darwin","article_modified_time":"2024-11-29T09:28:55+00:00","twitter_card":"summary_large_image","twitter_misc":{"Est. reading time":"4 minutes"},"schema":{"@context":"https:\/\/schema.org","@graph":[{"@type":"WebPage","@id":"https:\/\/laorquideadedarwin.com\/va\/","url":"https:\/\/laorquideadedarwin.com\/va\/","name":"Inici - La Orqu\u00eddea de Darwin","isPartOf":{"@id":"https:\/\/laorquideadedarwin.com\/#website"},"datePublished":"2018-03-01T14:10:04+00:00","dateModified":"2024-11-29T09:28:55+00:00","breadcrumb":{"@id":"https:\/\/laorquideadedarwin.com\/va\/#breadcrumb"},"inLanguage":"ca","potentialAction":[{"@type":"ReadAction","target":["https:\/\/laorquideadedarwin.com\/va\/"]}]},{"@type":"BreadcrumbList","@id":"https:\/\/laorquideadedarwin.com\/va\/#breadcrumb","itemListElement":[{"@type":"ListItem","position":1,"name":"Portada","item":"https:\/\/laorquideadedarwin.com\/va\/"},{"@type":"ListItem","position":2,"name":"Inici"}]},{"@type":"WebSite","@id":"https:\/\/laorquideadedarwin.com\/#website","url":"https:\/\/laorquideadedarwin.com\/","name":"La Orqu\u00eddea de Darwin","description":"Colecci\u00f3n de cuentos sobre temas ambientales","potentialAction":[{"@type":"SearchAction","target":{"@type":"EntryPoint","urlTemplate":"https:\/\/laorquideadedarwin.com\/?s={search_term_string}"},"query-input":{"@type":"PropertyValueSpecification","valueRequired":true,"valueName":"search_term_string"}}],"inLanguage":"ca"}]}},"_links":{"self":[{"href":"https:\/\/laorquideadedarwin.com\/va\/wp-json\/wp\/v2\/pages\/1012","targetHints":{"allow":["GET"]}}],"collection":[{"href":"https:\/\/laorquideadedarwin.com\/va\/wp-json\/wp\/v2\/pages"}],"about":[{"href":"https:\/\/laorquideadedarwin.com\/va\/wp-json\/wp\/v2\/types\/page"}],"author":[{"embeddable":true,"href":"https:\/\/laorquideadedarwin.com\/va\/wp-json\/wp\/v2\/users\/1"}],"replies":[{"embeddable":true,"href":"https:\/\/laorquideadedarwin.com\/va\/wp-json\/wp\/v2\/comments?post=1012"}],"version-history":[{"count":3,"href":"https:\/\/laorquideadedarwin.com\/va\/wp-json\/wp\/v2\/pages\/1012\/revisions"}],"predecessor-version":[{"id":5552,"href":"https:\/\/laorquideadedarwin.com\/va\/wp-json\/wp\/v2\/pages\/1012\/revisions\/5552"}],"wp:attachment":[{"href":"https:\/\/laorquideadedarwin.com\/va\/wp-json\/wp\/v2\/media?parent=1012"}],"curies":[{"name":"wp","href":"https:\/\/api.w.org\/{rel}","templated":true}]}}